{"id":3322,"date":"2021-01-27T02:02:03","date_gmt":"2021-01-27T05:02:03","guid":{"rendered":"http:\/\/www.ppgeet.tce.uff.br\/site\/?page_id=3322"},"modified":"2026-04-13T14:40:34","modified_gmt":"2026-04-13T17:40:34","slug":"thesisrepository","status":"publish","type":"page","link":"https:\/\/ppgeet.uff.br\/index.php\/en\/thesisrepository\/","title":{"rendered":"Thesis repository"},"content":{"rendered":"<div data-colibri-id=\"3322-c1\" class=\"style-3562 style-local-3322-c1 position-relative\">\n<div data-colibri-component=\"section\" data-colibri-id=\"3322-c2\" id=\"custom\" class=\"h-section h-section-global-spacing d-flex align-items-lg-center align-items-md-center align-items-center style-3563 style-local-3322-c2 position-relative\">\n<div class=\"h-section-grid-container h-section-boxed-container\">\n<div data-colibri-id=\"3322-c3\" class=\"h-row-container gutters-row-lg-2 gutters-row-md-2 gutters-row-0 gutters-row-v-lg-2 gutters-row-v-md-2 gutters-row-v-2 style-3705 style-local-3322-c3 position-relative\">\n<div class=\"h-row justify-content-lg-center justify-content-md-center justify-content-center align-items-lg-stretch align-items-md-stretch align-items-stretch gutters-col-lg-2 gutters-col-md-2 gutters-col-0 gutters-col-v-lg-2 gutters-col-v-md-2 gutters-col-v-2\">\n<div class=\"h-column h-column-container d-flex h-col-lg-auto h-col-md-auto h-col-auto style-3706-outer style-local-3322-c4-outer\">\n<div data-colibri-id=\"3322-c4\" class=\"d-flex h-flex-basis h-column__inner h-px-lg-2 h-px-md-2 h-px-2 v-inner-lg-2 v-inner-md-2 v-inner-2 style-3706 style-local-3322-c4 position-relative\">\n<div class=\"w-100 h-y-container h-column__content h-column__v-align flex-basis-100 align-self-lg-start align-self-md-start align-self-start\">\n<div data-colibri-id=\"3322-c5\" class=\"h-global-transition-all h-heading style-3707 style-local-3322-c5 position-relative h-element\">\n<div class=\"h-heading__outer style-3707 style-local-3322-c5\">\n<h2 class=\"\">Thesis repository<\/h2>\n<\/p><\/div>\n<\/p><\/div>\n<\/p><\/div>\n<\/p><\/div>\n<\/p><\/div>\n<\/p><\/div>\n<\/p><\/div>\n<div data-colibri-id=\"3322-c6\" class=\"h-row-container gutters-row-lg-2 gutters-row-md-2 gutters-row-0 gutters-row-v-lg-2 gutters-row-v-md-2 gutters-row-v-2 style-3564 style-local-3322-c6 position-relative\">\n<div class=\"h-row justify-content-lg-center justify-content-md-center justify-content-center align-items-lg-stretch align-items-md-stretch align-items-stretch gutters-col-lg-2 gutters-col-md-2 gutters-col-0 gutters-col-v-lg-2 gutters-col-v-md-2 gutters-col-v-2\">\n<div class=\"h-column h-column-container d-flex h-col-lg-auto h-col-md-auto h-col-auto style-3565-outer style-local-3322-c7-outer\">\n<div data-colibri-id=\"3322-c7\" class=\"d-flex h-flex-basis h-column__inner h-px-lg-2 h-px-md-2 h-px-2 v-inner-lg-2 v-inner-md-2 v-inner-2 style-3565 style-local-3322-c7 position-relative\">\n<div class=\"w-100 h-y-container h-column__content h-column__v-align flex-basis-100 align-self-lg-start align-self-md-start align-self-start\">\n<div data-colibri-id=\"3322-c8\" class=\"style-3568 style-local-3322-c8 position-relative h-element\">\n<div class=\"\">\n<table id=\"tablepress-2\" class=\"tablepress tablepress-id-2\">\n<thead>\n<tr class=\"row-1\">\n\t<th class=\"column-1\">T\u00edtulo<\/th><th class=\"column-2\">Autor<\/th><th class=\"column-3\">Orientador<\/th><th class=\"column-4\">Ano Defesa<\/th><th class=\"column-5\">Tese\/Disserta\u00e7\u00e3o<\/th>\n<\/tr>\n<\/thead>\n<tbody class=\"row-striping row-hover\">\n<tr class=\"row-2\">\n\t<td class=\"column-1\"><a href=\"https:\/\/ppgeet.uff.br\/wp-content\/uploads\/sites\/207\/2025\/04\/Tese_Godim_UFF-1-1.pdf\" target=\"_blank\" rel=\"noopener\">Metodologia fasorial para simula\u00e7\u00e3o de transit\u00f3rios eletromagn\u00e9ticos de manobra<\/a><\/td><td class=\"column-2\">RODRIGO GODIM DE AZEV\u00caDO\t<\/td><td class=\"column-3\">Prof\u00ba Dr. Sergio Gomes Junior<\/td><td class=\"column-4\">2024<\/td><td class=\"column-5\">Tese<\/td>\n<\/tr>\n<tr class=\"row-3\">\n\t<td class=\"column-1\"><a href=\"https:\/\/ppgeet.uff.br\/wp-content\/uploads\/sites\/207\/2025\/04\/lpa_tese_doutorado_uff_final_compressed-1.pdf\" target=\"_blank\" rel=\"noopener\">Modelagem Fasorial Trif\u00e1sica com Harm\u00f4nicos de Elos de Corrente Cont\u00ednua<\/a><\/td><td class=\"column-2\">LEONARDO PINTO DE ALMEIDA\t<\/td><td class=\"column-3\">Prof\u00ba Dr. SERGIO GOMES JUNIOR<\/td><td class=\"column-4\">2024<\/td><td class=\"column-5\">Tese<\/td>\n<\/tr>\n<tr class=\"row-4\">\n\t<td class=\"column-1\"><a href=\"https:\/\/ppgeet.uff.br\/wp-content\/uploads\/sites\/207\/2025\/04\/Dissertac-a-o_Renato-Versa-oFinal-1.pdf\" target=\"_blank\" rel=\"noopener\">An\u00e1lise de desempenho da rede m\u00f3vel 5G no atendimento de aplica\u00e7\u00f5es para um ve\u00edculo de superf\u00edcie n\u00e3o tripulado\t<\/a><\/td><td class=\"column-2\">RENATO DE ALMEIDA ANTUNES\t<\/td><td class=\"column-3\">Prof\u00ba Dr. LUIZ CLAUDIO SCHARA MAGALH\u00c3ES<\/td><td class=\"column-4\">2024<\/td><td class=\"column-5\">Disserta\u00e7\u00e3o<\/td>\n<\/tr>\n<tr class=\"row-5\">\n\t<td class=\"column-1\"><a href=\"https:\/\/ppgeet.uff.br\/wp-content\/uploads\/sites\/207\/2025\/04\/Dissertacao_Bruno_Gavinho_Serdeira-FINAL-Rev1-1.pdf\" target=\"_blank\" rel=\"noopener\">Proposta de Sistema Embarcado para Monitoramento de Sistemas de Ilumina\u00e7\u00e3o P\u00fablica<\/a><\/td><td class=\"column-2\">BRUNO GAVINHO SERDEIRA<\/td><td class=\"column-3\">Prof\u00ba Dr. Felipe Sass<\/td><td class=\"column-4\">2024<\/td><td class=\"column-5\">Disserta\u00e7\u00e3o<\/td>\n<\/tr>\n<tr class=\"row-6\">\n\t<td class=\"column-1\"><a href=\"https:\/\/ppgeet.uff.br\/wp-content\/uploads\/sites\/207\/2024\/05\/Dissertacao_Felipe-Ribeiro_UFF_Final.pdf\" rel=\"noopener\" target=\"_blank\">An\u00e1lise da ocorr\u00eancia de descargas parciais em uma bobina de motor submetida a fontes chaveadas utilizando modelo de elementos finitos<\/a><\/td><td class=\"column-2\">FELIPE RIBEIRO DA SILVA<\/td><td class=\"column-3\">Prof\u00ba Dr. Daniel Henrique Nogueira Dias<\/td><td class=\"column-4\">2024<\/td><td class=\"column-5\">Disserta\u00e7\u00e3o<\/td>\n<\/tr>\n<tr class=\"row-7\">\n\t<td class=\"column-1\"><a href=\"https:\/\/ppgeet.uff.br\/wp-content\/uploads\/sites\/207\/2025\/04\/Dissertacao___Gerador_de_curto_circuito_Cepel.pdf\" target=\"_blank\" rel=\"noopener\">Modelagem de um gerador de curto-circuito com controle de super-excita\u00e7\u00e3o no enrolamento de campo para utiliza\u00e7\u00e3o em laborat\u00f3rios de alta pot\u00eancia<\/a><\/td><td class=\"column-2\">LUIZ FERNANDO PEREIRA MARQUES RAMOS<\/td><td class=\"column-3\">Prof\u00ba Dr.  Bruno Wanderley Fran\u00e7a<\/td><td class=\"column-4\">2024<\/td><td class=\"column-5\">Disserta\u00e7\u00e3o<\/td>\n<\/tr>\n<tr class=\"row-8\">\n\t<td class=\"column-1\"><a href=\"https:\/\/ppgeet.uff.br\/wp-content\/uploads\/sites\/207\/2025\/04\/Dissertacao-Mestrado-AVALIACAO-DA-PERDA-DE-PENETRACAO-EM-EDIFICACOES-DE-ALVENARIA-NA-FAIXA-DE-FREQUENCIA-FR1-Jakson-Matos-Correa-Final.pdf\" target=\"_blank\" rel=\"noopener\">Avalia\u00e7\u00e3o da perda de penetra\u00e7\u00e3o em edifica\u00e7\u00f5es de alvenaria na faixa de frequencia 1\t<\/a><\/td><td class=\"column-2\">JAKSON MATOS CORREA\t<\/td><td class=\"column-3\">Prof\u00aa Dr\u00aa PEDRO VLADIMIR GONZALEZ CASTELLANOS<br \/>\n<\/td><td class=\"column-4\">2024<\/td><td class=\"column-5\">Disserta\u00e7\u00e3o<\/td>\n<\/tr>\n<tr class=\"row-9\">\n\t<td class=\"column-1\"><a href=\"https:\/\/ppgeet.uff.br\/wp-content\/uploads\/sites\/207\/2025\/04\/Tese-Adriano-Pinheiros-Fragoso.pdf\" target=\"_blank\" rel=\"noopener\">Impactos econ\u00f4micos das distor\u00e7\u00f5es harm\u00f4nicas no sistema de ilumina\u00e7\u00e3o p\u00fablica<\/a><\/td><td class=\"column-2\">ADRIANO PINHEIROS FRAGOSO<br \/>\n<\/td><td class=\"column-3\">Prof\u00ba Dr. MARCIO ZAMBOTI FORTES<\/td><td class=\"column-4\">2024<\/td><td class=\"column-5\">Tese<\/td>\n<\/tr>\n<tr class=\"row-10\">\n\t<td class=\"column-1\"><a href=\"https:\/\/ppgeet.uff.br\/wp-content\/uploads\/sites\/207\/2025\/04\/Disserta__Final__Paulo_Sampaio_Caracterizacao_do_Canal_na_Faixa_de_58_GHz_para_Aplicacao_em_Comunicacoes_entre_Embarcacoes_no_Mar-1.pdf\" target=\"_blank\" rel=\"noopener\">Caracteriza\u00e7\u00e3o do canal na faixa de 5,8 ghz para aplica\u00e7\u00e3o em comunica\u00e7\u00f5es entre  embarca\u00e7\u00f5es no mar  <\/a><\/td><td class=\"column-2\">PAULO VICTOR GON\u00c7ALVES SAMPAIO<\/td><td class=\"column-3\">PROF. DR. PEDRO VLADIMIR GONZALEZ CASTELLANOS<\/td><td class=\"column-4\">2024<\/td><td class=\"column-5\">Disserta\u00e7\u00e3o<\/td>\n<\/tr>\n<tr class=\"row-11\">\n\t<td class=\"column-1\"><a href=\"https:\/\/ppgeet.uff.br\/wp-content\/uploads\/sites\/207\/2025\/04\/Tese-Nicollas-Rodrigues-de-Oliveira.pdf\" target=\"_blank\" rel=\"noopener\">An\u00e1lise e mitiga\u00e7\u00e3o de c\u00e2maras de eco em plataformas de redes sociais: abordagens baseadas em processamento de linguagem natural e meta-heur\u00edstica de otimiza\u00e7\u00e3o<\/a><\/td><td class=\"column-2\">NICOLLAS RODRIGUES DE OLIVEIRA<\/td><td class=\"column-3\">Prof\u00ba. Dr\u00ba. DIOGO MENEZES FERRAZANI MATTOS<br \/>\n<br \/>\n<\/td><td class=\"column-4\">2024<\/td><td class=\"column-5\">Tese<\/td>\n<\/tr>\n<tr class=\"row-12\">\n\t<td class=\"column-1\"><a href=\"https:\/\/ppgeet.uff.br\/wp-content\/uploads\/sites\/207\/2025\/04\/Bruno-Almeida-da-Silva-dissertacao-final.pdf\" target=\"_blank\" rel=\"noopener\">Mobiliza\u00e7\u00e3o de equipes de assertiva para aumento da confiabilidade do indicador de qualidade do fornecimento de energia aplicando modelagem e multicrit\u00e9rios<\/a><\/td><td class=\"column-2\">BRUNO ALMEIDA DA SILVA<\/td><td class=\"column-3\">Prof\u00ba. Dr. HENRIQUE DE OLIVEIRA HENRIQUES<\/td><td class=\"column-4\">2024<\/td><td class=\"column-5\">Disserta\u00e7\u00e3o<\/td>\n<\/tr>\n<tr class=\"row-13\">\n\t<td class=\"column-1\"><a href=\"https:\/\/ppgeet.uff.br\/wp-content\/uploads\/sites\/207\/2025\/04\/Dissertacao_de_Mestrado_Marilia_Novais_vf.pdf\" target=\"_blank\" rel=\"noopener\">Estudo de sistemas de monitoramento e diagn\u00f3stico de transformadores a seco<\/a><\/td><td class=\"column-2\">MAR\u00cdLIA DE MELLO AMORIM NOVAIS E SILVA<\/td><td class=\"column-3\">Prof.\u00ba Dr. BRUNO WANDERLEY FRAN\u00c7A<\/td><td class=\"column-4\">2024<\/td><td class=\"column-5\">Disserta\u00e7\u00e3o<\/td>\n<\/tr>\n<tr class=\"row-14\">\n\t<td class=\"column-1\"><a href=\"https:\/\/ppgeet.uff.br\/wp-content\/uploads\/sites\/207\/2025\/04\/Tese_Alexandre_Bitencourt_vFinal.pdf\" target=\"_blank\" rel=\"noopener\">Controle de velocidade fuzzy com otimiza\u00e7\u00e3o metaheur\u00edstica para opera\u00e7\u00e3o de motores de \u00edm\u00e3 permanente interior em ampla faixade velocidade<\/a><\/td><td class=\"column-2\">ALEXANDRE DE ARRUDA BITENCOURT<\/td><td class=\"column-3\">Prof\u00ba Dr. DANIEL HENRIQUE NOGUEIRA DIAS<\/td><td class=\"column-4\">2024<\/td><td class=\"column-5\">Tese<\/td>\n<\/tr>\n<tr class=\"row-15\">\n\t<td class=\"column-1\"><a href=\"https:\/\/ppgeet.uff.br\/wp-content\/uploads\/sites\/207\/2025\/04\/Tese-Lorenna-Baptista-de-Oliveira_final-1.pdf\" target=\"_blank\" rel=\"noopener\">Modelagem matem\u00e1tica para o gerenciamento e planejamento dos investimentos em redes de distribui\u00e7\u00e3o de energia el\u00e9trica com foco nos indicadores de continuidade\t<\/a><\/td><td class=\"column-2\">LORENNA BAPTISTA DE OLIVEIRA\t<\/td><td class=\"column-3\">Prof\u00ba Dr. VITOR HUGO FERREIRA<br \/>\n<\/td><td class=\"column-4\">2024<\/td><td class=\"column-5\">Tese<\/td>\n<\/tr>\n<tr class=\"row-16\">\n\t<td class=\"column-1\"><a href=\"https:\/\/ppgeet.uff.br\/wp-content\/uploads\/sites\/207\/2025\/04\/Dissertacao_Eduardo-L-Sousa_VF1-3-1.pdf\" target=\"_blank\" rel=\"noopener\">Desempenho e seguran\u00e7a de l\u00e2mpadas LED inteligentes: compara\u00e7\u00f5es \u00e0s normas de l\u00e2mpadas LED convencionais\t<\/a><\/td><td class=\"column-2\">EDUARDO LOURENCO DE SOUSA\t<\/td><td class=\"column-3\">Prof\u00ba Dr. MARCIO ZAMBOTI FORTES<br \/>\n<\/td><td class=\"column-4\">2024<\/td><td class=\"column-5\">Disserta\u00e7\u00e3o<\/td>\n<\/tr>\n<tr class=\"row-17\">\n\t<td class=\"column-1\"><a href=\"https:\/\/ppgeet.uff.br\/wp-content\/uploads\/sites\/207\/2025\/04\/Dissertac-a-o-Marcos-Siqueira.pdf\" target=\"_blank\" rel=\"noopener\">Aplica\u00e7\u00e3o de Modelos de Aprendizado de M\u00e1quina para Previs\u00e3o de Energia E\u00f3lica\t<\/a><\/td><td class=\"column-2\">MARCOS VINICIUS MORO SIQUEIRA\t<\/td><td class=\"column-3\">Prof\u00ba Dr. VITOR HUGO FERREIRA<br \/>\n<\/td><td class=\"column-4\">2024<\/td><td class=\"column-5\">Disserta\u00e7\u00e3o<\/td>\n<\/tr>\n<tr class=\"row-18\">\n\t<td class=\"column-1\"><a href=\"https:\/\/ppgeet.uff.br\/wp-content\/uploads\/sites\/207\/2025\/04\/Dissertacao-Fabricio-Oliveira-Toscano-da-Costa.pdf\" target=\"_blank\" rel=\"noopener\">Avalia\u00e7\u00e3o de indicadores de gest\u00e3o e opera\u00e7\u00e3o de uma usina solar fotovoltaica utilizando PowerBI: Estudo de caso\t<\/a><\/td><td class=\"column-2\">FABRICIO OLIVEIRA TOSCANO DA COSTA\t<\/td><td class=\"column-3\">Prof\u00ba Dr. MARCIO ZAMBOTI FORTES<br \/>\n<\/td><td class=\"column-4\">2024<\/td><td class=\"column-5\">Disserta\u00e7\u00e3o<\/td>\n<\/tr>\n<tr class=\"row-19\">\n\t<td class=\"column-1\"><a href=\"https:\/\/ppgeet.uff.br\/wp-content\/uploads\/sites\/207\/2025\/04\/Dissertacao-Fabricio-Oliveira-Toscano-da-Costa.pdf\" target=\"_blank\" rel=\"noopener\">Efeitos Fotom\u00e9tricos de Envelhecimento em Lumin\u00e1rias P\u00fablicas LED\t<\/a><\/td><td class=\"column-2\">ANA REGINA MENESES E SILVA BECKER\t<\/td><td class=\"column-3\">Prof\u00ba Dr. MARCIO ZAMBOTI FORTES<br \/>\n<\/td><td class=\"column-4\">2024<\/td><td class=\"column-5\">Disserta\u00e7\u00e3o<\/td>\n<\/tr>\n<tr class=\"row-20\">\n\t<td class=\"column-1\"><a href=\"https:\/\/ppgeet.uff.br\/wp-content\/uploads\/sites\/207\/2025\/04\/Tese-Wagner-Marques-versao-final-1.pdf\" target=\"_blank\" rel=\"noopener\">Otimiza\u00e7\u00e3o do processo de desinfec\u00e7\u00e3o de ambientes por radia\u00e7\u00e3o ultravioleta C<\/a><\/td><td class=\"column-2\">WAGNER DE ANCHIETA MARQUES<br \/>\n<\/td><td class=\"column-3\">Prof\u00ba Dr. RICARDO CAMPANHA CARRANO<br \/>\n<\/td><td class=\"column-4\">2024<\/td><td class=\"column-5\">Disserta\u00e7\u00e3o<\/td>\n<\/tr>\n<tr class=\"row-21\">\n\t<td class=\"column-1\"><a href=\"https:\/\/ppgeet.uff.br\/wp-content\/uploads\/sites\/207\/2025\/04\/FINAL_Dissertacao_PPGEET_comficha_catalografica_assinado_29_assinado-Hamilton-Jose-1.pdf\" target=\"_blank\" rel=\"noopener\">Etiquetas RFID sem chip baseadas em superf\u00edcies multi-ressonantes de alta imped\u00e2ncia<\/a><\/td><td class=\"column-2\">HAMILTON JOSE SILVA COELHO<br \/>\n<\/td><td class=\"column-3\">Prof\u00ba Dr. MAURICIO WEBER BENJO DA SILVA<br \/>\n<br \/>\n<\/td><td class=\"column-4\">2024<\/td><td class=\"column-5\">Disserta\u00e7\u00e3o<\/td>\n<\/tr>\n<tr class=\"row-22\">\n\t<td class=\"column-1\"><a href=\"https:\/\/ppgeet.uff.br\/wp-content\/uploads\/sites\/207\/2025\/04\/Dissertac-a-o___Carolina_Menezes-1.pdf\" target=\"_blank\" rel=\"noopener\">Metaverse framework for power systems: proposal and case study of a solar power plant<\/a><\/td><td class=\"column-2\">CAROLINA CUNHA DE MENEZES<br \/>\n<\/td><td class=\"column-3\">Prof\u00aa Dr\u00aa YONA LOPES<br \/>\n<\/td><td class=\"column-4\">2024<\/td><td class=\"column-5\">Disserta\u00e7\u00e3o<\/td>\n<\/tr>\n<tr class=\"row-23\">\n\t<td class=\"column-1\"><a href=\"https:\/\/ppgeet.uff.br\/wp-content\/uploads\/sites\/207\/2025\/04\/Dissertacao_Felipe-Ribeiro_UFF_Final.pdf\" target=\"_blank\" rel=\"noopener\">An\u00e1lise da ocorr\u00eancia de descargas parciais em uma bobina de motor submetida a fontes chaveadas utilizando modelo de elementos finitos<\/a><\/td><td class=\"column-2\">FELIPE RIBEIRO DA SILVA<\/td><td class=\"column-3\">Prof\u00ba DR. DANIEL HENRIQUE NOGUEIRA DIAS<\/td><td class=\"column-4\">2024<\/td><td class=\"column-5\">Disserta\u00e7\u00e3o<\/td>\n<\/tr>\n<tr class=\"row-24\">\n\t<td class=\"column-1\"><a href=\"https:\/\/ppgeet.uff.br\/wp-content\/uploads\/sites\/207\/2025\/04\/Dissertacao_Igor_Antonio_Final.pdf\" target=\"_blank\" rel=\"noopener\">Conjunto de antenas em fase para sistemas de comunica\u00e7\u00e3o<\/a><\/td><td class=\"column-2\">IGOR ANTONIO DA COSTA SILVA<\/td><td class=\"column-3\">Prof\u00ba DR. HYPOLITO JOS\u00c9 KALINOWSKI<\/td><td class=\"column-4\">2024<\/td><td class=\"column-5\">Disserta\u00e7\u00e3o<\/td>\n<\/tr>\n<tr class=\"row-25\">\n\t<td class=\"column-1\"><a href=\"https:\/\/ppgeet.uff.br\/wp-content\/uploads\/sites\/207\/2025\/04\/Dissertacao_Frederico-Haasis_completa.pdf\" target=\"_blank\" rel=\"noopener\">Recarga inteligente de ve\u00edculos el\u00e9tricos para estacionamentos comerciais com valida\u00e7\u00e3o Power Hardware-in-the-loop<\/a><\/td><td class=\"column-2\">FREDERICO AUGUSTO PINHO HAASIS<\/td><td class=\"column-3\">Prof\u00ba Dr. DANIEL HENRIQUE NOGUEIRA DIAS<\/td><td class=\"column-4\">2024<\/td><td class=\"column-5\">Disserta\u00e7\u00e3o<\/td>\n<\/tr>\n<tr class=\"row-26\">\n\t<td class=\"column-1\"><a href=\"https:\/\/ppgeet.uff.br\/wp-content\/uploads\/sites\/207\/2025\/04\/Modelo-Baseado-em-Dados-para-Previsao-do-Numero-Mensal-de-Interrupcoes-em-Conjuntos-Eletricos.pdf\" target=\"_blank\" rel=\"noopener\">Modelo baseado em dados para previs\u00e3o do n\u00famero mensal de interrup\u00e7\u00f5es em conjuntos el\u00e9tricos utilizando informa\u00e7\u00f5es p\u00fablicas<\/a><\/td><td class=\"column-2\">FELIPE MUNARO LIMA<\/td><td class=\"column-3\">Prof\u00ba Dr. ANDR\u00c9 ABEL AUGUSTO<\/td><td class=\"column-4\">2024<\/td><td class=\"column-5\">Disserta\u00e7\u00e3o<\/td>\n<\/tr>\n<tr class=\"row-27\">\n\t<td class=\"column-1\"><a href=\"https:\/\/ppgeet.uff.br\/wp-content\/uploads\/sites\/207\/2025\/04\/Pedro-Silveira-Pisa-Versao-Final.pdf\" target=\"_blank\" rel=\"noopener\">Identifica\u00e7\u00e3o e previs\u00e3o de padr\u00f5es recorrentes de distribui\u00e7\u00e3o de permiss\u00f5es no controle de acesso a servi\u00e7os de computa\u00e7\u00e3o em nuvem<\/a><\/td><td class=\"column-2\">PEDRO SILVEIRA PISA<\/td><td class=\"column-3\">Prof\u00ba Dr. DIOGO MENEZES FERRAZANI MATTOS<\/td><td class=\"column-4\">2024<\/td><td class=\"column-5\">Tese<\/td>\n<\/tr>\n<tr class=\"row-28\">\n\t<td class=\"column-1\"><a href=\"https:\/\/ppgeet.uff.br\/wp-content\/uploads\/sites\/207\/2025\/04\/Thesis__Helio_merged.pdf\" target=\"_blank\" rel=\"noopener\">Providing a collaborative and private solution for intrusion detection system with federated learning<\/a><\/td><td class=\"column-2\">HELIO DO NASCIMENTO CUNHA NETO<\/td><td class=\"column-3\">Prof\u00aa Dr\u00aa. NATALIA CASTRO FERNANDES<\/td><td class=\"column-4\">2024<\/td><td class=\"column-5\">Tese<\/td>\n<\/tr>\n<tr class=\"row-29\">\n\t<td class=\"column-1\"><a href=\"https:\/\/ppgeet.uff.br\/wp-content\/uploads\/sites\/207\/2025\/04\/Tese_Andre_Tiago_Queiroz_final.pdf\" target=\"_blank\" rel=\"noopener\">Desenvolvimento de um limitador de corrente de curto-circuito h\u00edbrido integrando eletr\u00f4nica de pot\u00eancia e supercondutores<\/a><\/td><td class=\"column-2\">ANDR\u00c9 TIAGO QUEIROZ<\/td><td class=\"column-3\">Prof\u00ba Dr.GUILHERME GON\u00c7ALVES SOTELO<\/td><td class=\"column-4\">2024<\/td><td class=\"column-5\">Tese<\/td>\n<\/tr>\n<tr class=\"row-30\">\n\t<td class=\"column-1\"><a href=\"https:\/\/ppgeet.uff.br\/wp-content\/uploads\/sites\/207\/2025\/04\/Dissertacao_Allyson__FINAL-1.pdf\" target=\"_blank\" rel=\"noopener\">Classifica\u00e7\u00e3o sonar passiva de navios utilizando machine learning<\/a><\/td><td class=\"column-2\">ALLYSON ANDRADE DA SILVA<\/td><td class=\"column-3\">Prof\u00ba  Dr. TADEU NAGASHIMA FERREIRA<\/td><td class=\"column-4\">2024<\/td><td class=\"column-5\">Disserta\u00e7\u00e3o<\/td>\n<\/tr>\n<tr class=\"row-31\">\n\t<td class=\"column-1\"><a href=\"https:\/\/ppgeet.uff.br\/wp-content\/uploads\/sites\/207\/2025\/04\/Dissertacao_Mestrado___Tiago_Ogioni_Costalonga___versaofinal.pdf\" target=\"_blank\" rel=\"noopener\">Unmanned aircraft system\u2019s radar detection: statistical analysis and modeling of the radar-cross section<\/a><\/td><td class=\"column-2\">TIAGO OGIONI COSTALONGA<\/td><td class=\"column-3\">Prof\u00ba Dr. VICTOR FERNANDES<\/td><td class=\"column-4\">2024<\/td><td class=\"column-5\">Disserta\u00e7\u00e3o<\/td>\n<\/tr>\n<tr class=\"row-32\">\n\t<td class=\"column-1\"><a href=\"https:\/\/ppgeet.uff.br\/wp-content\/uploads\/sites\/207\/2024\/10\/Dissertacao-mestrado-V-FINAL-2024-Eduardo-Ribeiro-de-Moraes.pdf\" rel=\"noopener\" target=\"_blank\">Avalia\u00e7\u00e3o da aplica\u00e7\u00e3o da filosofia \" self-healing\" em redes de distribui\u00e7\u00e3o de energia el\u00e9trica : estudo de caso em uma empresa de distribui\u00e7\u00e3o no Rio de Janeiro<\/a><\/td><td class=\"column-2\">EDUARDO RIBEIRO DE MORAES<\/td><td class=\"column-3\">Prof\u00ba. Dr. HENRIQUE DE OLIVEIRA HENRIQUES<\/td><td class=\"column-4\">2023<\/td><td class=\"column-5\">Disserta\u00e7\u00e3o<\/td>\n<\/tr>\n<tr class=\"row-33\">\n\t<td class=\"column-1\"><a href=\"https:\/\/ppgeet.uff.br\/wp-content\/uploads\/sites\/207\/2024\/06\/Dissertacao-de-Mestrado-Weber-1.pdf\" rel=\"noopener\" target=\"_blank\">Emula\u00e7\u00e3o \u00f3tica para interroga\u00e7\u00e3o de sensores baseados em LPGS pela t\u00e9cnica da an\u00e1lise harm\u00f4nica no dom\u00ednio do tempo<\/a><\/td><td class=\"column-2\">WEBER DE SOUZA GAIA FILHO<\/td><td class=\"column-3\">Prof\u00ba Dr.ANDR\u00c9S PABLO LOPEZ BARBERO<\/td><td class=\"column-4\">2023<\/td><td class=\"column-5\">Disserta\u00e7\u00e3o<\/td>\n<\/tr>\n<tr class=\"row-34\">\n\t<td class=\"column-1\"><a href=\"https:\/\/ppgeet.uff.br\/wp-content\/uploads\/sites\/207\/2024\/06\/Dissertacao-Josue-J.-B.-Oliveira.pdf\" rel=\"noopener\" target=\"_blank\">An\u00e1lise Comparativa de Modelos de Machine Learning para Sugest\u00e3o de Inspe\u00e7\u00f5es em Clientes de Distribuidoras de Energia El\u00e9trica<\/a><\/td><td class=\"column-2\">JOSU\u00c9 JONATHAN BORGES DE OLIVEIRA<\/td><td class=\"column-3\">Prof\u00ba Dr. VITOR HUGO FERREIRA<\/td><td class=\"column-4\">2023<\/td><td class=\"column-5\">Disserta\u00e7\u00e3o<\/td>\n<\/tr>\n<tr class=\"row-35\">\n\t<td class=\"column-1\"><a href=\"https:\/\/ppgeet.uff.br\/wp-content\/uploads\/sites\/207\/2024\/06\/Dissertacao_Carlos_Pinto.pdf\" rel=\"noopener\" target=\"_blank\"> An\u00e1lise de desempenho de algoritmos com base em topologia para ambientes v2v por meio de simula\u00e7\u00f5es<\/a><\/td><td class=\"column-2\">CARLOS PINTO ALVES<\/td><td class=\"column-3\">Prof\u00ba Dr. TADEU NAGASHIMA FERREIRA<\/td><td class=\"column-4\">2023<\/td><td class=\"column-5\">Disserta\u00e7\u00e3o<\/td>\n<\/tr>\n<tr class=\"row-36\">\n\t<td class=\"column-1\"><a href=\"https:\/\/ppgeet.uff.br\/wp-content\/uploads\/sites\/207\/2024\/06\/Dissertacao-Laila.pdf\" rel=\"noopener\" target=\"_blank\">Estudo e desenvolvimento de lasers em anel de fibra \u00f3ptica no regime mode-locking harm\u00f4nico passivo<\/a><\/td><td class=\"column-2\">LAILA JORGE DE SOUSA SOUTO<\/td><td class=\"column-3\">Prof\u00ba Dr. RICARDO MARQUES RIBEIRO<\/td><td class=\"column-4\">2023<\/td><td class=\"column-5\">Disserta\u00e7\u00e3o<\/td>\n<\/tr>\n<tr class=\"row-37\">\n\t<td class=\"column-1\"><a href=\"https:\/\/ppgeet.uff.br\/wp-content\/uploads\/sites\/207\/2024\/06\/Dissertacao_Beatriz_v17.pdf\" rel=\"noopener\" target=\"_blank\">An\u00e1lise do efeito do escorregamento de rel\u00f3gio no tempo de descoberta de vizinho para mecanismos de ciclo de trabalho ass\u00edncrono baseados em escalonamento<\/a><\/td><td class=\"column-2\">BEATRIZ TRABBOLD PINTO ARRUDA<\/td><td class=\"column-3\">Prof\u00ba Dr. RICARDO CAMPANHA CARRANO<\/td><td class=\"column-4\">2023<\/td><td class=\"column-5\">Disserta\u00e7\u00e3o<\/td>\n<\/tr>\n<tr class=\"row-38\">\n\t<td class=\"column-1\"><a href=\"https:\/\/ppgeet.uff.br\/wp-content\/uploads\/sites\/207\/2024\/06\/Final_Dissertacao_mestrado_Marcos.pdf\" rel=\"noopener\" target=\"_blank\">Planejamento da cobertura r\u00e1dio de um sistema de comunica\u00e7\u00f5es cr\u00edticas para a cidade de Niter\u00f3i<\/a><\/td><td class=\"column-2\">MARCOS MYNSSEM COUTO<\/td><td class=\"column-3\">Prof\u00ba Dr. PEDRO VLADIMIR GONZALEZ CASTELLANOS<\/td><td class=\"column-4\">2023<\/td><td class=\"column-5\">Disserta\u00e7\u00e3o<\/td>\n<\/tr>\n<tr class=\"row-39\">\n\t<td class=\"column-1\"><a href=\"https:\/\/ppgeet.uff.br\/wp-content\/uploads\/sites\/207\/2024\/06\/Tese_Doutorado___Gabriel_dos_Santos.pdf\" rel=\"noopener\" target=\"_blank\">Desenvolvimento de um modelo termo-eletromagn\u00e9tico h\u00edbrido de fitas colapsadas aplicado \u00e0 simula\u00e7\u00e3o de equipamentos supercondutores<\/a><\/td><td class=\"column-2\">GABRIEL DOS SANTOS<\/td><td class=\"column-3\">Prof\u00ba Dr. GUILHERME GON\u00c7ALVES SOTELO<\/td><td class=\"column-4\">2023<\/td><td class=\"column-5\">Tese<\/td>\n<\/tr>\n<tr class=\"row-40\">\n\t<td class=\"column-1\"><a href=\"https:\/\/ppgeet.uff.br\/wp-content\/uploads\/sites\/207\/2024\/06\/Dissertacao-Yan-18.09.2023-VF-Definitiva.pdf\" rel=\"noopener\" target=\"_blank\">Modelagem e simula\u00e7\u00e3o de limitadores de corrente de curto-circuito supercondutor resistivo e de estado s\u00f3lido na rede de distribui\u00e7\u00e3o el\u00e9trica: uma an\u00e1lise comparativa<\/a><\/td><td class=\"column-2\">YAN RICARDO DAMASCENO RANGEL<\/td><td class=\"column-3\">Prof\u00ba Dr. FL\u00c1VIO GOULART DOS REIS MARTINS<\/td><td class=\"column-4\">2023<\/td><td class=\"column-5\">Disserta\u00e7\u00e3o<\/td>\n<\/tr>\n<tr class=\"row-41\">\n\t<td class=\"column-1\"><a href=\"https:\/\/ppgeet.uff.br\/wp-content\/uploads\/sites\/207\/2023\/10\/Tese_Luis_Eduardo_Barrientos_sandoval.pdf\" rel=\"noopener\" target=\"_blank\">Modelagem e s\u00edntese de vogais cantadas por sopranos hispanoparlantes com estima\u00e7\u00e3o dos par\u00e2metros atrav\u00e9s de predi\u00e7\u00e3o linear ponderada adaptada<\/a><\/td><td class=\"column-2\">LUIS EDUARDO BARRIENTOS SANDOVAL<\/td><td class=\"column-3\">Prof\u00ba Dr. EDSON LUIZ CATALDO FERREIRA<\/td><td class=\"column-4\">2023<\/td><td class=\"column-5\">Tese<\/td>\n<\/tr>\n<tr class=\"row-42\">\n\t<td class=\"column-1\"><a href=\"https:\/\/ppgeet.uff.br\/wp-content\/uploads\/sites\/207\/2024\/06\/Dissertacao_Govinda_versao-final.pdf\" rel=\"noopener\" target=\"_blank\">Avalia\u00e7\u00e3o de seguran\u00e7a e desempenho de r\u00e1dio definido por software em ambientes virtualizados para redes de acesso na internet das coisas<\/a><\/td><td class=\"column-2\">GOVINDA MOHINI GONZALEZ BEZERRA<\/td><td class=\"column-3\">Prof\u00ba Dr. DIOGO MENEZES FERRAZANI MATTOS <br \/>\nProf\u00ba Dr. TADEU NAGASHIMA FERREIRA<\/td><td class=\"column-4\">2023<\/td><td class=\"column-5\">Disserta\u00e7\u00e3o<\/td>\n<\/tr>\n<tr class=\"row-43\">\n\t<td class=\"column-1\"><a href=\"https:\/\/ppgeet.uff.br\/wp-content\/uploads\/sites\/207\/2024\/06\/Dissertacao_Wanderson_Versao_Final_Assinada.pdf\" rel=\"noopener\" target=\"_blank\">Proposta de arquitetura para uma embarca\u00e7\u00e3o el\u00e9trica do tipo catamar\u00e3 n\u00e3o tripulado para monitoramento ambiental<\/a><\/td><td class=\"column-2\">WANDERSON DA SILVA CORR\u00caA<\/td><td class=\"column-3\">Prof\u00ba Dr. DANIEL HENRIQUE NOGUEIRA DIAS<\/td><td class=\"column-4\">2023<\/td><td class=\"column-5\">Disserta\u00e7\u00e3o<\/td>\n<\/tr>\n<tr class=\"row-44\">\n\t<td class=\"column-1\"><a href=\"https:\/\/ppgeet.uff.br\/wp-content\/uploads\/sites\/207\/2024\/06\/Dissertacao-Mateus-Caruso.pdf\" rel=\"noopener\" target=\"_blank\">Contribui\u00e7\u00f5es para o Sistema de Monitoramento e Diagn\u00f3stico de Transformadores a Seco com inv\u00f3lucro de Prote\u00e7\u00e3o IP 23<\/a><\/td><td class=\"column-2\">MATEUS CARUSO COSTA<\/td><td class=\"column-3\">Prof\u00ba Dr. BRUNO WANDERLEY FRAN\u00c7A<\/td><td class=\"column-4\">2023<\/td><td class=\"column-5\">Disserta\u00e7\u00e3o<\/td>\n<\/tr>\n<tr class=\"row-45\">\n\t<td class=\"column-1\"><a href=\"https:\/\/ppgeet.uff.br\/wp-content\/uploads\/sites\/207\/2024\/09\/Dissertacao-PPGEET-Raquel-de-Luca-Mattos.pdf\" rel=\"noopener\" target=\"_blank\">Estudo sobre os efeitos adversos decorrentes da instala\u00e7\u00e3o de capacitores na compensa\u00e7\u00e3o s\u00e9rie de sistemas de distribui\u00e7\u00e3o<\/a><\/td><td class=\"column-2\">RAQUEL DE LUCA MATTOS<\/td><td class=\"column-3\">Prof\u00ba Dr. BRUNO WANDERLEY FRAN\u00c7A<\/td><td class=\"column-4\">2023<\/td><td class=\"column-5\">Disserta\u00e7\u00e3o<\/td>\n<\/tr>\n<tr class=\"row-46\">\n\t<td class=\"column-1\"><a href=\"https:\/\/ppgeet.uff.br\/wp-content\/uploads\/sites\/207\/2023\/10\/Tese_Tiago_Pires_Abud.pdf\" rel=\"noopener\" target=\"_blank\">Um modelo de Bass modificado para calcular a capacidade de alojamento da gera\u00e7\u00e3o distribu\u00edda FV em redes de BT<\/a><\/td><td class=\"column-2\">TIAGO PIRES ABUD<\/td><td class=\"column-3\">Prof\u00ba Dr. BRUNO SOARES MOREIRA CESAR BORBA<\/td><td class=\"column-4\">2023<\/td><td class=\"column-5\">Tese<\/td>\n<\/tr>\n<tr class=\"row-47\">\n\t<td class=\"column-1\"><a href=\"https:\/\/ppgeet.uff.br\/wp-content\/uploads\/sites\/207\/2024\/06\/Dissertacao___Diogo-Gomes.pdf\" rel=\"noopener\" target=\"_blank\">Aplica\u00e7\u00e3o dos benef\u00edcios financeiros associados \u00e0 Gera\u00e7\u00e3o Distribu\u00edda para direcionar investimentos de gera\u00e7\u00e3o em redes de distribui\u00e7\u00e3o<\/a><\/td><td class=\"column-2\">DIOGO GOMES DE ALMEIDA<\/td><td class=\"column-3\">Prof\u00ba Dr. BRUNO SOARES MOREIRA CESAR BORBA<\/td><td class=\"column-4\">2023<\/td><td class=\"column-5\">Disserta\u00e7\u00e3o<\/td>\n<\/tr>\n<tr class=\"row-48\">\n\t<td class=\"column-1\"><a href=\"https:\/\/ppgeet.uff.br\/wp-content\/uploads\/sites\/207\/2024\/06\/VF-Dissertacao-Rachel-Santos-Insercao-de-Veiculos-Eletricos-no-Planejamento-da-Expansao-de-Sistemas-de-Energia.pdf\" rel=\"noopener\" target=\"_blank\">Inser\u00e7\u00e3o de ve\u00edculos el\u00e9tricos no planejamento da expans\u00e3o de sistemas de energia: uma revis\u00e3o sistem\u00e1tica da literatura visando um melhor dimensionamento da demanda<\/a><\/td><td class=\"column-2\">RACHEL DA COSTA OLIVEIRA SANTOS<\/td><td class=\"column-3\">Prof\u00ba Dr. BRUNO SOARES MOREIRA CESAR BORBA<\/td><td class=\"column-4\">2023<\/td><td class=\"column-5\">Disserta\u00e7\u00e3o<\/td>\n<\/tr>\n<tr class=\"row-49\">\n\t<td class=\"column-1\"><a href=\"https:\/\/ppgeet.uff.br\/wp-content\/uploads\/sites\/207\/2024\/06\/DISSERTACAO-ARIANE-CORREA-VERSAO-FINAL.pdf\" rel=\"noopener\" target=\"_blank\">Desenvolvimento de modelo de regress\u00e3o log\u00edstica para estima\u00e7\u00e3o da propens\u00e3o ao uso de bicicleta compartilhada<\/a><\/td><td class=\"column-2\">ARIANE CORR\u00caA DE SOUZA<\/td><td class=\"column-3\">Prof\u00ba Dr. BRUNO SOARES M. C. BORBA<\/td><td class=\"column-4\">2023<\/td><td class=\"column-5\">Disserta\u00e7\u00e3o<\/td>\n<\/tr>\n<tr class=\"row-50\">\n\t<td class=\"column-1\"><a href=\"https:\/\/ppgeet.uff.br\/wp-content\/uploads\/sites\/207\/2024\/06\/Dissertacao_Ruan___Otimizacao_Dinamica_de_Portfolio_de_Energia_Eletrica_Utilizando_Processos_de_Decisao_de_Markov_vFinal.pdf\" rel=\"noopener\" target=\"_blank\">Otimiza\u00e7\u00e3o din\u00e2mica de portf\u00f3lio de energia el\u00e9trica utilizando processos de decis\u00e3o de Markov<\/a><\/td><td class=\"column-2\">RUAN DUARTE JALES ANSELMO<\/td><td class=\"column-3\">Prof\u00ba Dr. ANDRE ABEL AUGUSTO<\/td><td class=\"column-4\">2023<\/td><td class=\"column-5\">Disserta\u00e7\u00e3o<\/td>\n<\/tr>\n<tr class=\"row-51\">\n\t<td class=\"column-1\"><a href=\"https:\/\/ppgeet.uff.br\/wp-content\/uploads\/sites\/207\/2024\/06\/DM_Rafael-Souza-Azevedo_UFF_PPGEET_Junho2023.pdf\" rel=\"noopener\" target=\"_blank\">Aplica\u00e7\u00e3o de modelos ocultos de Markov na caracteriza\u00e7\u00e3o banda larga do canal r\u00e1dio m\u00f3vel em diferentes ambientes<\/a><\/td><td class=\"column-2\">RAFAEL SOUZA AZEVEDO<\/td><td class=\"column-3\">Prof\u00aa. Dr\u00aa. LENI JOAQUIM DE MATOS<\/td><td class=\"column-4\">2023<\/td><td class=\"column-5\">Disserta\u00e7\u00e3o<\/td>\n<\/tr>\n<tr class=\"row-52\">\n\t<td class=\"column-1\"><a href=\"https:\/\/ppgeet.uff.br\/wp-content\/uploads\/sites\/207\/2024\/06\/Dissertacao___Matheus_Ayello___SV_87L.pdf\" rel=\"noopener\" target=\"_blank\">A new proposal for line differential protection schemes using sampled values to enhance protection performance<\/a><\/td><td class=\"column-2\">MATHEUS FELIPE AYELLO LEITE<\/td><td class=\"column-3\">Prof\u00aa Dr\u00aa YONA LOPES<\/td><td class=\"column-4\">2023<\/td><td class=\"column-5\">Disserta\u00e7\u00e3o<\/td>\n<\/tr>\n<tr class=\"row-53\">\n\t<td class=\"column-1\"><a href=\"https:\/\/ppgeet.uff.br\/wp-content\/uploads\/sites\/207\/2024\/06\/DissertacaoWillianFinal.pdf\" rel=\"noopener\" target=\"_blank\"> Detec\u00e7\u00e3o por radar e classifica\u00e7\u00e3o de aeronaves remotamente pilotadas<\/a><\/td><td class=\"column-2\">WILLIAN SATHLER LINO SOARES<\/td><td class=\"column-3\">Prof\u00aa Dr\u00aa VANESSA PRZYBYLSKI RIBEIRO MAGRI<\/td><td class=\"column-4\">2023<\/td><td class=\"column-5\">Disserta\u00e7\u00e3o <\/td>\n<\/tr>\n<tr class=\"row-54\">\n\t<td class=\"column-1\"><a href=\"https:\/\/ppgeet.uff.br\/wp-content\/uploads\/sites\/207\/2024\/06\/Tese_mestrado__Rian-Dias.pdf\" rel=\"noopener\" target=\"_blank\">GWPRP: um protocolo de roteamento de camada cruzada guloso e baseado em localiza\u00e7\u00e3o para redes Ad-Hoc voadoras<\/a><\/td><td class=\"column-2\">RIAN TEIXEIRA DIAS MOREIRA<\/td><td class=\"column-3\">Prof\u00aa Dr\u00aa DIANNE SCHERLY VARELA DE MEDEIROS<\/td><td class=\"column-4\">2023<\/td><td class=\"column-5\">Disserta\u00e7\u00e3o<\/td>\n<\/tr>\n<tr class=\"row-55\">\n\t<td class=\"column-1\"><a href=\"https:\/\/ppgeet.uff.br\/wp-content\/uploads\/sites\/207\/2024\/06\/Dissertacao-Allan-Costa-N-S.pdf\" rel=\"noopener\" target=\"_blank\">An\u00e1lise de modelos de vis\u00e3o computacional para detec\u00e7\u00e3o de quedas baseado em v\u00eddeo RGB e infravermelho<\/a><\/td><td class=\"column-2\">ALLAN COSTA NASCIMENTO DOS SANTOS<\/td><td class=\"column-3\">Prof\u00aa Dr\u00aa  NATALIA CASTRO FERNANDES<\/td><td class=\"column-4\">2023<\/td><td class=\"column-5\">Disserta\u00e7\u00e3o<\/td>\n<\/tr>\n<tr class=\"row-56\">\n\t<td class=\"column-1\"><a href=\"https:\/\/ppgeet.uff.br\/wp-content\/uploads\/sites\/207\/2024\/06\/Dissertacao-Comparacao-das-tecnicas-MFCC-PNCC-e-ZCPA-Vinicius-Flores-Versao-Final.pdf\" rel=\"noopener\" target=\"_blank\">Compara\u00e7\u00e3o das t\u00e9cnicas MFCC, PNCC e ZCPA na identifica\u00e7\u00e3o de patologias relacionadas \u00e0 voz, usando Redes Neurais Artificiais<\/a><\/td><td class=\"column-2\">VIN\u00cdCIUS FLORES CARDOSO<\/td><td class=\"column-3\">Prof. Dr. EDSON LUIZ CATALDO FERREIRA<\/td><td class=\"column-4\">2023<\/td><td class=\"column-5\">Disserta\u00e7\u00e3o<\/td>\n<\/tr>\n<tr class=\"row-57\">\n\t<td class=\"column-1\"><a href=\"https:\/\/ppgeet.uff.br\/wp-content\/uploads\/sites\/207\/2024\/06\/DissertacaoAmanda_versaoFinal.pdf\" rel=\"noopener\" target=\"_blank\">Sistema prot\u00f3tipo de comunica\u00e7\u00e3o via luz vis\u00edvel (VLC\/LiFi) para fins educacionais<\/a><\/td><td class=\"column-2\">AMANDA R\u00dcHLEMANN BARREIRA<\/td><td class=\"column-3\"> Prof\u00ba Dr. HYPOLITO JOS\u00c9 KALINOWSKI<\/td><td class=\"column-4\">2023<\/td><td class=\"column-5\">Disserta\u00e7\u00e3o<\/td>\n<\/tr>\n<tr class=\"row-58\">\n\t<td class=\"column-1\"><a href=\"https:\/\/ppgeet.uff.br\/wp-content\/uploads\/sites\/207\/2024\/10\/Marcio-Garrido.pdf\" rel=\"noopener\" target=\"_blank\">Fluxo de calor sens\u00edvel estimado por triangula\u00e7\u00e3o de pot\u00eancias \u00f3ticas em espa\u00e7o livre <\/a><\/td><td class=\"column-2\">MARCIO ALEXANDRE DIAS GARRIDO <\/td><td class=\"column-3\">Prof\u00ba Dr.VINICIUS NUNES HENRIQUE SILVA<\/td><td class=\"column-4\">2022<\/td><td class=\"column-5\">Disserta\u00e7\u00e3o <\/td>\n<\/tr>\n<tr class=\"row-59\">\n\t<td class=\"column-1\"><a href=\"https:\/\/ppgeet.uff.br\/wp-content\/uploads\/sites\/207\/2024\/10\/Dissertacao_Marcelo-Carvalho_revisao_Publicacao2023.03.02C-entrega.pdf\" rel=\"noopener\" target=\"_blank\">Modelo de previs\u00e3o computacional para a manuten\u00e7\u00e3o de redes el\u00e9tricas de energia<\/a><\/td><td class=\"column-2\">MARCELO CARLOS AFONSO CARVALHO<\/td><td class=\"column-3\">Prof\u00ba Dr.MARCIO ZAMBOTI FORTES<\/td><td class=\"column-4\">2022<\/td><td class=\"column-5\">Disseta\u00e7\u00e3o<\/td>\n<\/tr>\n<tr class=\"row-60\">\n\t<td class=\"column-1\"><a href=\"https:\/\/ppgeet.uff.br\/wp-content\/uploads\/sites\/207\/2022\/05\/Daniela-Coelho.pdf\" rel=\"noopener noreferrer\" target=\"_blank\">Aplica\u00e7\u00e3o de Redes Neurais Artificiais para Estima\u00e7\u00e3o de Indicadores de Seguran\u00e7a Est\u00e1tica e Din\u00e2mica de Sistemas El\u00e9tricos de Pot\u00eancia<\/a><\/td><td class=\"column-2\">DANIELA COELHO RODRIGUES DE SOUZA<\/td><td class=\"column-3\">Prof\u00ba Dr.\u00a0VITOR HUGO FERREIRA<\/td><td class=\"column-4\">2022<\/td><td class=\"column-5\">Disserta\u00e7\u00e3o<\/td>\n<\/tr>\n<tr class=\"row-61\">\n\t<td class=\"column-1\"><a href=\"https:\/\/ppgeet.uff.br\/wp-content\/uploads\/sites\/207\/2023\/10\/Dissertacao-Beatriz-Abdalla.pdf\" rel=\"noopener\" target=\"_blank\">METODOLOGIA PROBABIL\u00cdSTICA DE APOIO \u00c0 CONTRATA\u00c7\u00c3O DO MONTANTE DE USO DO SISTEMA DE TRANSMISS\u00c3O<\/a><\/td><td class=\"column-2\">BEATRIZ SILVA ABDALLA<\/td><td class=\"column-3\">Prof\u00ba Dr. Vitor Hugo Ferreira<\/td><td class=\"column-4\">2022<\/td><td class=\"column-5\">Disserta\u00e7\u00e3o<\/td>\n<\/tr>\n<tr class=\"row-62\">\n\t<td class=\"column-1\"><a href=\"https:\/\/ppgeet.uff.br\/wp-content\/uploads\/sites\/207\/2023\/10\/Dissertacao-Elson-Antonio-Nunes-Junior.pdf\" rel=\"noopener\" target=\"_blank\">Information Theoretic Learning para Previs\u00e3o de Vaz\u00f5es Di\u00e1rias e seu Impacto na Forma\u00e7\u00e3o do PLD Hor\u00e1rio<\/a><\/td><td class=\"column-2\">ELSON ANTONIO NUNES JUNIOR<\/td><td class=\"column-3\">Prof\u00ba Dr. Vitor Hugo Ferreira<\/td><td class=\"column-4\">2022<\/td><td class=\"column-5\">Disserta\u00e7\u00e3o<\/td>\n<\/tr>\n<tr class=\"row-63\">\n\t<td class=\"column-1\"><a href=\"https:\/\/ppgeet.uff.br\/wp-content\/uploads\/sites\/207\/2023\/10\/Dissertacao_DanielaCoelho.pdf\" rel=\"noopener\" target=\"_blank\">Aplica\u00e7\u00e3o de Redes Neurais Artificiais para Estima\u00e7\u00e3o de Indicadores de Seguran\u00e7a <br \/>\nEst\u00e1tica e Din\u00e2mica de Sistemas El\u00e9tricos de Pot\u00eancia<\/a><\/td><td class=\"column-2\">DANIELA COELHO RODRIGUES DE SOUZA<\/td><td class=\"column-3\">Prof\u00ba Dr. Vitor Hugo Ferreira<\/td><td class=\"column-4\">2022<\/td><td class=\"column-5\">Disserta\u00e7\u00e3o<\/td>\n<\/tr>\n<tr class=\"row-64\">\n\t<td class=\"column-1\"><a href=\"https:\/\/ppgeet.uff.br\/wp-content\/uploads\/sites\/207\/2022\/03\/Flavio-Sampaio.pdf\" rel=\"noopener noreferrer\" target=\"_blank\">Equaliza\u00e7\u00e3o Linear de M\u00ednimo Erro Quadr\u00e1tico M\u00e9dio para Sistema VLC de Alta Taxa<\/a><\/td><td class=\"column-2\">FL\u00c1VIO ANDR\u00c9 NOGUEIRA SAMPAIO<\/td><td class=\"column-3\">Prof\u00ba Dr. VINICIUS NUNES HENRIQUE SILVA<\/td><td class=\"column-4\">2022<\/td><td class=\"column-5\">Disserta\u00e7\u00e3o<\/td>\n<\/tr>\n<tr class=\"row-65\">\n\t<td class=\"column-1\"><a href=\"https:\/\/ppgeet.uff.br\/wp-content\/uploads\/sites\/207\/2022\/05\/Felipe-Hugo-Bittar.pdf\" rel=\"noopener noreferrer\" target=\"_blank\">Identifica\u00e7\u00e3o e Classifica\u00e7\u00e3o de Manobras de Chaves e Disjuntores usando Algoritmos de Aprendizado de M\u00e1quinas em Subesta\u00e7\u00e3o de 500kV<\/a><\/td><td class=\"column-2\">FELIPE HUGO BRAGA BITTAR<\/td><td class=\"column-3\">Prof\u00ba Dr. VIN\u00cdCIUS NUNES HENRIQUE SILVA<\/td><td class=\"column-4\">2022<\/td><td class=\"column-5\">Disserta\u00e7\u00e3o<\/td>\n<\/tr>\n<tr class=\"row-66\">\n\t<td class=\"column-1\"><a href=\"https:\/\/ppgeet.uff.br\/wp-content\/uploads\/sites\/207\/2023\/10\/Dissertacao-Flavio-Sampaio.pdf\" rel=\"noopener\" target=\"_blank\">Equaliza\u00e7\u00e3o Linear de M\u00ednimo Erro Quadr\u00e1tico M\u00e9dio para Sistema VLC de Alta Taxa<\/a><\/td><td class=\"column-2\">FL\u00c1VIO ANDR\u00c9 NOGUEIRA SAMPAIO<\/td><td class=\"column-3\">Prof\u00ba Dr. Vinicius Nunes Henrique Silva<\/td><td class=\"column-4\">2022<\/td><td class=\"column-5\">Disserta\u00e7\u00e3o<\/td>\n<\/tr>\n<tr class=\"row-67\">\n\t<td class=\"column-1\"><a href=\"https:\/\/ppgeet.uff.br\/wp-content\/uploads\/sites\/207\/2024\/10\/Fernando-Sararaiva.pdf\" rel=\"noopener\" target=\"_blank\">An\u00e1lise de uma rede lora mesh em ambientes urbanos interno e externo<\/a><\/td><td class=\"column-2\">FERNANDO ANT\u00d4NIO SARAIVA MENDES<\/td><td class=\"column-3\">Prof\u00ba Dr. RICARDO CAMPANHA CARRANO<\/td><td class=\"column-4\">2022<\/td><td class=\"column-5\">Disserta\u00e7\u00e3o<\/td>\n<\/tr>\n<tr class=\"row-68\">\n\t<td class=\"column-1\"><a href=\"https:\/\/ppgeet.uff.br\/wp-content\/uploads\/sites\/207\/2022\/03\/Olivia-Peixoto-Diogo.pdf\" rel=\"noopener noreferrer\" target=\"_blank\">An\u00e1lise e perspectiva da utiliza\u00e7\u00e3o do TVWS no Brasil<\/a><\/td><td class=\"column-2\">OL\u00cdVIA PEIXOTO DIOGO<\/td><td class=\"column-3\">Prof\u00ba Dr. PEDRO VLADIMIR GONZALEZ CASTELLANOS<\/td><td class=\"column-4\">2022<\/td><td class=\"column-5\">Disserta\u00e7\u00e3o<\/td>\n<\/tr>\n<tr class=\"row-69\">\n\t<td class=\"column-1\"><a href=\"https:\/\/ppgeet.uff.br\/wp-content\/uploads\/sites\/207\/2024\/10\/Valmerindo-Xavier-Ramos.pdf\" rel=\"noopener\" target=\"_blank\">Caracteriza\u00e7\u00e3o e avalia\u00e7\u00e3o de modelos de propaga\u00e7\u00e3o em ambiente indoor na faixa de ondas milim\u00e9tricas<\/a><\/td><td class=\"column-2\">VALMERINDO XAVIER RAMOS<\/td><td class=\"column-3\">Prof\u00ba Dr. PEDRO VLADIMIR GONZALEZ CASTELLANOS<\/td><td class=\"column-4\">2022<\/td><td class=\"column-5\">Disserta\u00e7\u00e3o<\/td>\n<\/tr>\n<tr class=\"row-70\">\n\t<td class=\"column-1\"><a href=\"https:\/\/ppgeet.uff.br\/wp-content\/uploads\/sites\/207\/2024\/10\/Dissertacao_Alessandra-Souza_VF.pdf\" rel=\"noopener\" target=\"_blank\">Avalia\u00e7\u00e3o da compatibilidade eletromagn\u00e9tica em l\u00e2mpadas inteligentes<\/a><\/td><td class=\"column-2\">ALESSANDRA DA COSTA BARBOSA PIRES DE SOUZA<\/td><td class=\"column-3\">Prof\u00ba Dr. M\u00c1RCIO ZAMBOTI FORTES <\/td><td class=\"column-4\">2022<\/td><td class=\"column-5\">Disserta\u00e7\u00e3o <\/td>\n<\/tr>\n<tr class=\"row-71\">\n\t<td class=\"column-1\"><a href=\"https:\/\/ppgeet.uff.br\/wp-content\/uploads\/sites\/207\/2024\/10\/Vanessa-pereira-da-cruz.pdf\" rel=\"noopener\" target=\"_blank\">An\u00e1lise de desempenho de gerenciamento pelo lado da demanda da rede inteligente de b\u00fazios pelo opendss<\/a><\/td><td class=\"column-2\">VANESSA PEREIRA DA CRUZ<\/td><td class=\"column-3\">Prof\u00ba Dr. M\u00c1RCIO ZAMBOTI FORTES <\/td><td class=\"column-4\">2022<\/td><td class=\"column-5\">Disserta\u00e7\u00e3o<\/td>\n<\/tr>\n<tr class=\"row-72\">\n\t<td class=\"column-1\"><a href=\"https:\/\/ppgeet.uff.br\/wp-content\/uploads\/sites\/207\/2023\/10\/Dissertacao_Keren-Tenorio-Soares.pdf\" rel=\"noopener\" target=\"_blank\">Proposta de Metodologia para Gest\u00e3o Energ\u00e9tica em Instala\u00e7\u00f5es Hospitalares<\/a><\/td><td class=\"column-2\">KEREN TEN\u00d3RIO SOARES<\/td><td class=\"column-3\">Prof\u00ba Dr. M\u00e1rcio Zamboti Fortes<\/td><td class=\"column-4\">2022<\/td><td class=\"column-5\">Disserta\u00e7\u00e3o<\/td>\n<\/tr>\n<tr class=\"row-73\">\n\t<td class=\"column-1\"><a href=\"https:\/\/ppgeet.uff.br\/wp-content\/uploads\/sites\/207\/2023\/10\/Dissertacao-Leonardo-Gonzaga.pdf\" rel=\"noopener\" target=\"_blank\">Agendamento de interven\u00e7\u00f5es em redes el\u00e9tricas considerando a otimiza\u00e7\u00e3o da seguran\u00e7a sist\u00eamica<\/a><\/td><td class=\"column-2\">LEONARDO GONZAGA DA SILVA<\/td><td class=\"column-3\">Prof\u00ba Dr. Julio Cesar Stacchini de Souza<\/td><td class=\"column-4\">2022<\/td><td class=\"column-5\">Disserta\u00e7\u00e3o<\/td>\n<\/tr>\n<tr class=\"row-74\">\n\t<td class=\"column-1\"><a href=\"https:\/\/ppgeet.uff.br\/wp-content\/uploads\/sites\/207\/2024\/10\/Dissertacao_Vinicius-Peixoto-Medina_Final.pdf\" rel=\"noopener\" target=\"_blank\">An\u00e1lise harm\u00f4nica em um sistema fotovoltaico conectado \u00e0 rede de baixa tens\u00e3o<\/a><\/td><td class=\"column-2\">VINICIUS PEIXOTO MEDINA<\/td><td class=\"column-3\">Prof\u00ba Dr. HENRIQUE DE OLIVEIRA HENRIQUES<\/td><td class=\"column-4\">2022<\/td><td class=\"column-5\">Disserta\u00e7\u00e3o<\/td>\n<\/tr>\n<tr class=\"row-75\">\n\t<td class=\"column-1\"><a href=\"https:\/\/ppgeet.uff.br\/wp-content\/uploads\/sites\/207\/2023\/10\/Dissertacao-MARESSA-TUPONI-SANTOS.pdf\" rel=\"noopener\" target=\"_blank\">Estudo sobre a gera\u00e7\u00e3o distribu\u00edda no Brasil: benef\u00edcios e impactos para distribuidoras e consumidores<\/a><\/td><td class=\"column-2\">MARESSA TUPONI SANTOS<\/td><td class=\"column-3\">Prof\u00ba Dr. Fl\u00e1vio Goulart dos Reis Martins<\/td><td class=\"column-4\">2022<\/td><td class=\"column-5\">Disserta\u00e7\u00e3o<\/td>\n<\/tr>\n<tr class=\"row-76\">\n\t<td class=\"column-1\"><a href=\"https:\/\/ppgeet.uff.br\/wp-content\/uploads\/sites\/207\/2023\/06\/Dissertacao_Mariana_Moraes_-FINAL.pdf\" rel=\"noopener\" target=\"_blank\">Modelo para Simula\u00e7\u00e3o de Limitador de Curto-Circuito de N\u00facleo Saturado<\/a><\/td><td class=\"column-2\">MARIANA MORAES OLIVEIRA ROCHA<\/td><td class=\"column-3\">Prof\u00ba Dr. FELIPE SASS<\/td><td class=\"column-4\">2022<\/td><td class=\"column-5\">Disserta\u00e7\u00e3o<\/td>\n<\/tr>\n<tr class=\"row-77\">\n\t<td class=\"column-1\"><a href=\"https:\/\/ppgeet.uff.br\/wp-content\/uploads\/sites\/207\/2023\/10\/Dissertacao_Mariana_Rocha.pdf\" rel=\"noopener\" target=\"_blank\">Modelo para Simula\u00e7\u00e3o de Limitador de Curto-Circuito de N\u00facleo Saturado<\/a><\/td><td class=\"column-2\">MARIANA MORAES OLIVEIRA ROCHA<\/td><td class=\"column-3\">Prof\u00ba Dr. Felipe Sass<\/td><td class=\"column-4\">2022<\/td><td class=\"column-5\">Disserta\u00e7\u00e3o<\/td>\n<\/tr>\n<tr class=\"row-78\">\n\t<td class=\"column-1\"><a href=\"https:\/\/ppgeet.uff.br\/wp-content\/uploads\/sites\/207\/2022\/05\/Raiane-Lima.pdf\" rel=\"noopener noreferrer\" target=\"_blank\">Identifica\u00e7\u00e3o de par\u00e2metros em modelos estoc\u00e1sticos do sinal glotal usando Redes Neurais Artificiais<\/a><\/td><td class=\"column-2\">RAIANE LIMA DOS SANTOS<\/td><td class=\"column-3\">Prof\u00ba Dr. EDSON LUIZ CATALDO FERREIRA<\/td><td class=\"column-4\">2022<\/td><td class=\"column-5\">Disserta\u00e7\u00e3o<\/td>\n<\/tr>\n<tr class=\"row-79\">\n\t<td class=\"column-1\"><a href=\"https:\/\/ppgeet.uff.br\/wp-content\/uploads\/sites\/207\/2023\/10\/Dissertacao_Raiane-Lima-Dos-Santos.pdf\" rel=\"noopener\" target=\"_blank\">Identifica\u00e7\u00e3o de par\u00e2metros em modelos estoc\u00e1sticos do sinal glotal usando Redes Neurais Artificiais<\/a><\/td><td class=\"column-2\">Raiane Lima dos Santos<\/td><td class=\"column-3\">Prof\u00ba Dr. Edson Luiz Cataldo Ferreira<\/td><td class=\"column-4\">2022<\/td><td class=\"column-5\">Disserta\u00e7\u00e3o<\/td>\n<\/tr>\n<tr class=\"row-80\">\n\t<td class=\"column-1\"><a href=\"https:\/\/ppgeet.uff.br\/wp-content\/uploads\/sites\/207\/2023\/10\/dissertacao_guilherme_nunes_nasseh_barbosa.pdf\" rel=\"noopener\" target=\"_blank\">Desafios de seguran\u00e7a e predi\u00e7\u00e3o de tr\u00e1fego em centro de dados e redes de pr\u00f3xima gera\u00e7\u00e3o<\/a><\/td><td class=\"column-2\">GUILHERME NUNES NASSEH BARBOSA<\/td><td class=\"column-3\">Prof\u00ba Dr. Diogo Menezes Ferrazani Mattos<\/td><td class=\"column-4\">2022<\/td><td class=\"column-5\">Disserta\u00e7\u00e3o<\/td>\n<\/tr>\n<tr class=\"row-81\">\n\t<td class=\"column-1\"><a href=\"https:\/\/ppgeet.uff.br\/wp-content\/uploads\/sites\/207\/2022\/03\/Thiago-Vieira-Tavares.pdf\" rel=\"noopener noreferrer\" target=\"_blank\">OTIMIZA\u00c7\u00c3O DE UM REATOR COM N\u00daCLEO DE AR PARA LIMITADORES DE CORRENTE DE CURTO-CIRCUITO DO TIPO S\u00c9RIE CHAVEADO<\/a><\/td><td class=\"column-2\">THIAGO VIEIRA TAVARES<\/td><td class=\"column-3\">Prof\u00ba Dr. DANIEL HENRIQUE NOGUEIRA DIAS<\/td><td class=\"column-4\">2022<\/td><td class=\"column-5\">Disserta\u00e7\u00e3o<\/td>\n<\/tr>\n<tr class=\"row-82\">\n\t<td class=\"column-1\"><a href=\"https:\/\/ppgeet.uff.br\/wp-content\/uploads\/sites\/207\/2023\/10\/Dissertacao-Victor_Monteiro.pdf\" rel=\"noopener\" target=\"_blank\">Funcionalidade adicional de compensa\u00e7\u00e3o harm\u00f4nica shunt na barra de conex\u00e3o por um condicionador unificado de qualidade de energia<\/a><\/td><td class=\"column-2\">VICTOR DA SILVA MONTEIRO<\/td><td class=\"column-3\">Prof\u00ba Dr. Bruno Wanderley Fran\u00e7a<\/td><td class=\"column-4\">2022<\/td><td class=\"column-5\">Disserta\u00e7\u00e3o<\/td>\n<\/tr>\n<tr class=\"row-83\">\n\t<td class=\"column-1\"><a href=\"https:\/\/ppgeet.uff.br\/wp-content\/uploads\/sites\/207\/2024\/10\/Bruno-Laurindo-1.pdf\" rel=\"noopener\" target=\"_blank\">Estudo de metodologia para configura\u00e7\u00e3o \u00f3tima de conversores eletr\u00f4nicos de pot\u00eancia a partir da an\u00e1lise da confiabilidade e custo do sistema<\/a><\/td><td class=\"column-2\">BRUNO DE MELLO LAURINDO<\/td><td class=\"column-3\">Prof\u00ba Dr. BRUNO WANDERLEY FRAN\u00c7A<\/td><td class=\"column-4\">2022<\/td><td class=\"column-5\">Disserta\u00e7\u00e3o<\/td>\n<\/tr>\n<tr class=\"row-84\">\n\t<td class=\"column-1\"><a href=\"https:\/\/ppgeet.uff.br\/wp-content\/uploads\/sites\/207\/2023\/10\/Dissertacao_Rafael-P-Jou-Alves.pdf\" rel=\"noopener\" target=\"_blank\">DESPACHO OTIMIZADO DE USINAS GERADORAS VIRTUAIS CONECTADAS AO SISTEMA EL\u00c9TRICO BRASILEIRO<\/a><\/td><td class=\"column-2\">RAFAEL PROVENZANO JOU ALVES<\/td><td class=\"column-3\">Prof\u00ba Dr. Andre Abel Augusto<\/td><td class=\"column-4\">2022<\/td><td class=\"column-5\">Disserta\u00e7\u00e3o<\/td>\n<\/tr>\n<tr class=\"row-85\">\n\t<td class=\"column-1\"><a href=\"https:\/\/ppgeet.uff.br\/wp-content\/uploads\/sites\/207\/2024\/10\/PPGEET_disserta_Ronald_Jogaib_com_assinatura_final.pdf\" rel=\"noopener\" target=\"_blank\">Prote\u00e7\u00e3o de perda de sincronismo integrada: uma nova abordagem para aumento da confiabilidade operativa no sistema el\u00e9trico de pot\u00eancia interligado<\/a><\/td><td class=\"column-2\">RONALD SERRA JOGAIB CABO<\/td><td class=\"column-3\">Prof\u00aa Dr\u00aa YONA LOPES<\/td><td class=\"column-4\">2022<\/td><td class=\"column-5\">Disserta\u00e7\u00e3o<\/td>\n<\/tr>\n<tr class=\"row-86\">\n\t<td class=\"column-1\"><a href=\"https:\/\/ppgeet.uff.br\/wp-content\/uploads\/sites\/207\/2024\/10\/Dissertacao-de-mestardo-Leonardo-Pestana-vfinal-com-ficha-catalografica.pdf\" rel=\"noopener\" target=\"_blank\">Propaga\u00e7\u00e3o uhf sobre a superf\u00edcie do mar aplicada \u00e0 vigil\u00e2ncia ac\u00fastica da costa brasileira <\/a><\/td><td class=\"column-2\">LEONARDO PESTANA DE SOUZA<\/td><td class=\"column-3\">Prof\u00aa Dr\u00aa VANESSA PRZYBYLSKI RIBEIRO MAGRI<\/td><td class=\"column-4\">2022<\/td><td class=\"column-5\">Disserta\u00e7\u00e3o <\/td>\n<\/tr>\n<tr class=\"row-87\">\n\t<td class=\"column-1\"><a href=\"https:\/\/ppgeet.uff.br\/wp-content\/uploads\/sites\/207\/2023\/10\/Dissertacao_Nathalia_Valadao.pdf\" rel=\"noopener\" target=\"_blank\">Estudos baseados na IEC 61850 90-17 para Monitoramento e Prote\u00e7\u00e3o em Eventos de Qualidade de Energia em Gera\u00e7\u00e3o Distribu\u00edda<\/a><\/td><td class=\"column-2\">NATH\u00c1LIA CRISTINA VALAD\u00c3O DUARTE<\/td><td class=\"column-3\">Prof.\u00aa Dra. Yona Lopes<\/td><td class=\"column-4\">2022<\/td><td class=\"column-5\">Disserta\u00e7\u00e3o<\/td>\n<\/tr>\n<tr class=\"row-88\">\n\t<td class=\"column-1\"><a href=\"https:\/\/ppgeet.uff.br\/wp-content\/uploads\/sites\/207\/2023\/10\/Dissertacao_Filipe_Andrade.pdf\" rel=\"noopener\" target=\"_blank\">Caracteriza\u00e7\u00e3o de comp\u00f3sitos diel\u00e9tricos utilizados em radomes de banda larga<\/a><\/td><td class=\"column-2\">FILIPE DE OLIVEIRA ANDRADE<\/td><td class=\"column-3\">Prof.\u00aa Dra. Vanessa Przybylski Ribeiro Magri<\/td><td class=\"column-4\">2022<\/td><td class=\"column-5\">Disserta\u00e7\u00e3o<\/td>\n<\/tr>\n<tr class=\"row-89\">\n\t<td class=\"column-1\"><a href=\"https:\/\/ppgeet.uff.br\/wp-content\/uploads\/sites\/207\/2021\/12\/Antonio-Adade.pdf\" rel=\"noopener noreferrer\" target=\"_blank\">Aumento do \u00c2ngulo de Vis\u00e3o de Fotodetectores para Sistemas de Comunica\u00e7\u00f5es \u00d3tica por Luz Vis\u00edvel atrav\u00e9s do Uso de Fibras \u00d3ticas de Pl\u00e1stico Fluorescentes<\/a><\/td><td class=\"column-2\">ANTONIO ADADE DE CASTRO BATISTA<\/td><td class=\"column-3\">Prof\u00ba Dr. VINICIUS NUNES HENRIQUE SILVA<\/td><td class=\"column-4\">2021<\/td><td class=\"column-5\">Disserta\u00e7\u00e3o<\/td>\n<\/tr>\n<tr class=\"row-90\">\n\t<td class=\"column-1\"><a href=\"https:\/\/ppgeet.uff.br\/wp-content\/uploads\/sites\/207\/2021\/09\/Nicholas-Leite.pdf\">MODELAGEM EM FASORES DIN\u00c2MICOS DE CONVERSORES COM CAPACITORES DE COMUTA\u00c7\u00c3O<\/a><\/td><td class=\"column-2\">NICHOLAS SOARES LEITE<\/td><td class=\"column-3\">Prof\u00ba Dr.\u00a0SERGIO GOMES JUNIOR<\/td><td class=\"column-4\">2021<\/td><td class=\"column-5\">Disserta\u00e7\u00e3o<\/td>\n<\/tr>\n<tr class=\"row-91\">\n\t<td class=\"column-1\"><a href=\"https:\/\/ppgeet.uff.br\/wp-content\/uploads\/sites\/207\/2022\/03\/Wagner-Queiroga.pdf\" rel=\"noopener noreferrer\" target=\"_blank\">DIRETRIZES PARA IMPLANTA\u00c7\u00c3O DE SISTEMA DE GERENCIAMENTO DE ENERGIA SAGE EMS UTILIZANDO INFORMA\u00c7\u00d5ES SCADA E SINCROFASORES<\/a><\/td><td class=\"column-2\">WAGNER QUEIROGA DOS REIS SANTOS<\/td><td class=\"column-3\">Prof\u00ba Dr.\u00a0SERGIO GOMES JUNIOR<\/td><td class=\"column-4\">2021<\/td><td class=\"column-5\">Disserta\u00e7\u00e3o<\/td>\n<\/tr>\n<tr class=\"row-92\">\n\t<td class=\"column-1\"><a href=\"https:\/\/ppgeet.uff.br\/wp-content\/uploads\/sites\/207\/2023\/10\/Dissertacao_Wagner-Santos.pdf\" rel=\"noopener\" target=\"_blank\">DIRETRIZES PARA IMPLANTA\u00c7\u00c3O DE SISTEMA DE GERENCIAMENTO DE ENERGIA SAGE EMS UTILIZANDO INFORMA\u00c7\u00d5ES SCADA E SINCROFASORES<\/a><\/td><td class=\"column-2\">Wagner Queiroga dos Reis Santos <\/td><td class=\"column-3\">Prof\u00ba Dr. Sergio Gomes Junior<\/td><td class=\"column-4\">2021<\/td><td class=\"column-5\">Disserta\u00e7\u00e3o<\/td>\n<\/tr>\n<tr class=\"row-93\">\n\t<td class=\"column-1\"><a href=\"https:\/\/ppgeet.uff.br\/wp-content\/uploads\/sites\/207\/2022\/01\/Juliana-Oliveira.pdf\" rel=\"noopener noreferrer\" target=\"_blank\">ANTENA DE FIBRA \u00d3PTICA PL\u00c1STICA PARA COMUNICA\u00c7\u00d5ES POR LUZ VIS\u00cdVEL (VLC)<\/a><\/td><td class=\"column-2\">JULIANA OLIVEIRA DE PAULA<\/td><td class=\"column-3\">Prof\u00ba Dr. RICARDO MARQUES RIBEIRO<\/td><td class=\"column-4\">2021<\/td><td class=\"column-5\">Disserta\u00e7\u00e3o<\/td>\n<\/tr>\n<tr class=\"row-94\">\n\t<td class=\"column-1\"><a href=\"https:\/\/ppgeet.uff.br\/wp-content\/uploads\/sites\/207\/2023\/10\/Dissertacao-Juliana-Oliveira-de-Paula.pdf\" rel=\"noopener\" target=\"_blank\">ANTENA DE FIBRA \u00d3PTICA PL\u00c1STICA PARA COMUNICA\u00c7\u00d5ES POR LUZ VIS\u00cdVEL (VLC)<\/a><\/td><td class=\"column-2\">JULIANA OLIVEIRA DE PAULA<\/td><td class=\"column-3\">Prof\u00ba Dr. Ricardo Marques Ribeiro<\/td><td class=\"column-4\">2021<\/td><td class=\"column-5\">Disserta\u00e7\u00e3o<\/td>\n<\/tr>\n<tr class=\"row-95\">\n\t<td class=\"column-1\"><a href=\"https:\/\/ppgeet.uff.br\/wp-content\/uploads\/sites\/207\/2021\/08\/Michel-Pessoa.pdf\">An\u00e1lise e Caracteriza\u00e7\u00e3o da Cobertura LoRa para Ambiente Indoor na Frequ\u00eancia de 915 MHz<\/a><\/td><td class=\"column-2\">MICHEL PESSOA DA CUNHA<\/td><td class=\"column-3\">Prof\u00ba Dr. PEDRO VLADIMIR GONZALES CASTELLANOS<\/td><td class=\"column-4\">2021<\/td><td class=\"column-5\">Disserta\u00e7\u00e3o<\/td>\n<\/tr>\n<tr class=\"row-96\">\n\t<td class=\"column-1\"><a href=\"https:\/\/ppgeet.uff.br\/wp-content\/uploads\/sites\/207\/2021\/08\/Carolina-Maria-Sodre.pdf\">Aplica\u00e7\u00e3o de C\u00e9lulas Baseadas em Superf\u00edcies Seletivas em Frequ\u00eancia e Metamateriais em Antenas de Microfita<\/a><\/td><td class=\"column-2\">CAROLINA MARIA SODR\u00c9 CAMPOS AMARAL<\/td><td class=\"column-3\">Prof\u00ba Dr. MAUR\u00cdCIO WEBER BENJ\u00d3 DA SILVA<\/td><td class=\"column-4\">2021<\/td><td class=\"column-5\">Disserta\u00e7\u00e3o<\/td>\n<\/tr>\n<tr class=\"row-97\">\n\t<td class=\"column-1\"><a href=\"https:\/\/ppgeet.uff.br\/wp-content\/uploads\/sites\/207\/2021\/09\/Ana-Caroline.pdf\">Caracteriza\u00e7\u00e3o Metrol\u00f3gica do Fator de Escala de Divisor de Tens\u00e3o Capacitivo para Medi\u00e7\u00e3o de Harm\u00f4nicos em Alta Tens\u00e3o<\/a><\/td><td class=\"column-2\">ANA CAROLINE SOARES DE PAULA CAMPOS<\/td><td class=\"column-3\">Prof\u00ba Dr. M\u00c1RCIO ZAMBOTI FORTES<\/td><td class=\"column-4\">2021<\/td><td class=\"column-5\">Disserta\u00e7\u00e3o<\/td>\n<\/tr>\n<tr class=\"row-98\">\n\t<td class=\"column-1\"><a href=\"http:\/\/Prof\u00ba Dr.\u00a0MARCIO ZAMBOTI FORTE\" rel=\"noopener noreferrer\" target=\"_blank\">Avalia\u00e7\u00e3o cr\u00edtica da qualidade da energia el\u00e9trica utilizando PowerBI: estudo de caso<\/a><\/td><td class=\"column-2\">GUILHERME MOREIRA QUINTANILHA<\/td><td class=\"column-3\">Prof\u00ba Dr.\u00a0MARCIO ZAMBOTI FORTE<\/td><td class=\"column-4\">2021<\/td><td class=\"column-5\">Disserta\u00e7\u00e3o<\/td>\n<\/tr>\n<tr class=\"row-99\">\n\t<td class=\"column-1\"><a href=\"https:\/\/ppgeet.uff.br\/wp-content\/uploads\/sites\/207\/2021\/12\/Guilherme-Baumann.pdf\" rel=\"noopener noreferrer\" target=\"_blank\">Compara\u00e7\u00e3o de desempenho de um Inversor Convencional e de um Inversor Multin\u00edvel na Filtragem Ativa Monof\u00e1sica<\/a><\/td><td class=\"column-2\">GUILHERME BAUMANN CORR\u00caA<\/td><td class=\"column-3\">Prof\u00ba Dr. JOS\u00c9 ANDR\u00c9S SANTISTEBAN LARREA<\/td><td class=\"column-4\">2021<\/td><td class=\"column-5\">Disserta\u00e7\u00e3o<\/td>\n<\/tr>\n<tr class=\"row-100\">\n\t<td class=\"column-1\"><a href=\"https:\/\/ppgeet.uff.br\/wp-content\/uploads\/sites\/207\/2022\/01\/Rafhael-Lima.pdf\" rel=\"noopener noreferrer\" target=\"_blank\">Projeto de um Motor de Relut\u00e2ncia Vari\u00e1vel deFluxo Axial para a Tra\u00e7\u00e3o de uma Cadeira deRodas<\/a><\/td><td class=\"column-2\">RAFHAEL DE SOUZA LIMA<\/td><td class=\"column-3\">Prof\u00ba Dr.\u00a0JOS\u00c9 ANDR\u00c9S SANTISTEBAN<\/td><td class=\"column-4\">2021<\/td><td class=\"column-5\">Disserta\u00e7\u00e3o<\/td>\n<\/tr>\n<tr class=\"row-101\">\n\t<td class=\"column-1\"><a href=\"https:\/\/ppgeet.uff.br\/wp-content\/uploads\/sites\/207\/2021\/06\/Thobias-Pereira.pdf\">T\u00e9cnica de detec\u00e7\u00e3o optoac\u00fastica de descargas parciais em transformadores de pot\u00eancia isolados a \u00f3leo<\/a><\/td><td class=\"column-2\">THOBIAS ANT\u00d4NIO C\u00c2NDIDO PEREIRA<\/td><td class=\"column-3\">Prof\u00ba Dr. HENRIQUE DE OLIVEIRA HENRIQUES<\/td><td class=\"column-4\">2021<\/td><td class=\"column-5\">Disserta\u00e7\u00e3o<\/td>\n<\/tr>\n<tr class=\"row-102\">\n\t<td class=\"column-1\"><a href=\"https:\/\/ppgeet.uff.br\/wp-content\/uploads\/sites\/207\/2021\/08\/Gabriel-Marcal-Barroso.pdf\">O PLANEJAMENTO DA EXPANS\u00c3O DA TRANSMISS\u00c3O NO BRASIL: UMA AVALIA\u00c7\u00c3O DOS LEIL\u00d5ES DE TRANSMISS\u00c3O<\/a><\/td><td class=\"column-2\">GABRIEL MAR\u00c7AL BARROSO<\/td><td class=\"column-3\">Prof\u00ba Dr. HENRIQUE DE OLIVEIRA HENRIQUES<\/td><td class=\"column-4\">2021<\/td><td class=\"column-5\">Disserta\u00e7\u00e3o<\/td>\n<\/tr>\n<tr class=\"row-103\">\n\t<td class=\"column-1\"><a href=\"https:\/\/ppgeet.uff.br\/wp-content\/uploads\/sites\/207\/2021\/12\/Riller-Marinho-Ramos.pdf\" rel=\"noopener noreferrer\" target=\"_blank\">Determina\u00e7\u00e3o da Meta dos Indicadores de Continuidade DEC e FEC Considerando Custos Operacionais e Investimentos na Rede de Distribui\u00e7\u00e3o<\/a><\/td><td class=\"column-2\">RILLER MARINHO RAMOS<\/td><td class=\"column-3\">Prof\u00ba Dr. HENRIQUE DE OLIVEIRA HENRIQUES<\/td><td class=\"column-4\">2021<\/td><td class=\"column-5\">Disserta\u00e7\u00e3o<\/td>\n<\/tr>\n<tr class=\"row-104\">\n\t<td class=\"column-1\"><a href=\"https:\/\/ppgeet.uff.br\/wp-content\/uploads\/sites\/207\/2021\/05\/Bruno-Sodre.pdf\">REDES NEURAIS ARTIFICIAIS PARA A PREVIS\u00c3O DO TEMPO PARA FALHA DE TRANSFORMADORES DE POT\u00caNCIA UTILIZANDO VARI\u00c1VEIS OPERACIONAIS<\/a><\/td><td class=\"column-2\">BRUNO RAMOS SODR\u00c9<\/td><td class=\"column-3\">Prof\u00ba Dr. GUILHERME SOTELO<\/td><td class=\"column-4\">2021<\/td><td class=\"column-5\">Disserta\u00e7\u00e3o<\/td>\n<\/tr>\n<tr class=\"row-105\">\n\t<td class=\"column-1\"><a href=\"https:\/\/ppgeet.uff.br\/wp-content\/uploads\/sites\/207\/2021\/05\/Monique-Lima.pdf\">Ensaios de magnetiza\u00e7\u00e3o e curto-circuito em um prot\u00f3tipo de Limitador de Corrente de N\u00facleo Saturado<\/a><\/td><td class=\"column-2\">MONIQUE COSTA DE LIMA<\/td><td class=\"column-3\">Prof\u00ba Dr. GUILHERME SOTELO<\/td><td class=\"column-4\">2021<\/td><td class=\"column-5\">Disserta\u00e7\u00e3o<\/td>\n<\/tr>\n<tr class=\"row-106\">\n\t<td class=\"column-1\"><a href=\"https:\/\/ppgeet.uff.br\/wp-content\/uploads\/sites\/207\/2021\/05\/Daniel-Ferrer-Berquo.pdf\">INFLU\u00caNCIA DE CAMPOS MAGN\u00c9TICOS DE ALTA INTENSIDADE EM MEDIDORES DE ENERGIA EL\u00c9TRICA<\/a><\/td><td class=\"column-2\">DANIEL FERRER BERQU\u00d3<\/td><td class=\"column-3\">Prof\u00ba Dr. FELIPE SASS<\/td><td class=\"column-4\">2021<\/td><td class=\"column-5\">Disserta\u00e7\u00e3o<\/td>\n<\/tr>\n<tr class=\"row-107\">\n\t<td class=\"column-1\"><a href=\"https:\/\/ppgeet.uff.br\/wp-content\/uploads\/sites\/207\/2021\/05\/Gabriel-dos-Santos.pdf\">SIMULA\u00c7\u00c3O DE UM LIMITADOR DE CORRENTE DE CURTO-CIRCUITO DE N\u00daCLEO SATURADO USANDO A FORMULA\u00c7\u00c3O T-A<\/a><\/td><td class=\"column-2\">GABRIEL DOS SANTOS<\/td><td class=\"column-3\">Prof\u00ba Dr. FELIPE SASS<\/td><td class=\"column-4\">2021<\/td><td class=\"column-5\">Disserta\u00e7\u00e3o<\/td>\n<\/tr>\n<tr class=\"row-108\">\n\t<td class=\"column-1\"><a href=\"https:\/\/ppgeet.uff.br\/wp-content\/uploads\/sites\/207\/2021\/05\/Vitor-Correa.pdf\">Propostas para implementa\u00e7\u00e3o de Watt\u00edmetros baseados em Eletr\u00f4nica Anal\u00f3gica<\/a><\/td><td class=\"column-2\">VITOR CORREA FERNANDES ALVES<\/td><td class=\"column-3\">Prof\u00ba Dr. FELIPE SASS<\/td><td class=\"column-4\">2021<\/td><td class=\"column-5\">Disserta\u00e7\u00e3o<\/td>\n<\/tr>\n<tr class=\"row-109\">\n\t<td class=\"column-1\"><a href=\"https:\/\/ppgeet.uff.br\/wp-content\/uploads\/sites\/207\/2021\/10\/David-Penna.pdf\" rel=\"noopener noreferrer\" target=\"_blank\">SIMULA\u00c7\u00c3O DE UMA ESTA\u00c7\u00c3O SOLAR PARA RECARGA DE VE\u00cdCULOS EL\u00c9TRICOS CONECTADA \u00c0 REDE EL\u00c9TRICA<\/a><\/td><td class=\"column-2\">DAVID PENNA FERNANDES<\/td><td class=\"column-3\">Prof\u00ba Dr.\u00a0DANIEL HENRIQUE NOGUEIRA DIAS<\/td><td class=\"column-4\">2021<\/td><td class=\"column-5\">Disserta\u00e7\u00e3o<\/td>\n<\/tr>\n<tr class=\"row-110\">\n\t<td class=\"column-1\"><a href=\"https:\/\/ppgeet.uff.br\/wp-content\/uploads\/sites\/207\/2021\/06\/Paulo-Henrique.pdf\">Desenvolvimento de Amplificador de Pot\u00eanciapara Testes de Prote\u00e7\u00e3o Fasorial de Sistema dePot\u00eancia Trif\u00e1sico<\/a><\/td><td class=\"column-2\">PAULO HENRIQUE BARBOSA DE SOUZA PINHEIRO<\/td><td class=\"column-3\">Prof\u00ba Dr. BRUNO WANDERLEY FRAN\u00c7A<\/td><td class=\"column-4\">2021<\/td><td class=\"column-5\">Disserta\u00e7\u00e3o<\/td>\n<\/tr>\n<tr class=\"row-111\">\n\t<td class=\"column-1\"><a href=\"https:\/\/ppgeet.uff.br\/wp-content\/uploads\/sites\/207\/2021\/10\/Guilherme-Sapede-Scofano.pdf\" rel=\"noopener noreferrer\" target=\"_blank\">SOFTWARE EMBARCADO PARA CONTROLE EM TEMPO REAL DE LIMITADORES DE CORRENTE DE CURTO-CIRCUITO DE ESTADO S\u00d3LIDO<\/a><\/td><td class=\"column-2\">GUILHERME SAPEDE SCOFANO<\/td><td class=\"column-3\">Prof\u00ba Dr. BRUNO WANDERLEY FRAN\u00c7A<\/td><td class=\"column-4\">2021<\/td><td class=\"column-5\">Disserta\u00e7\u00e3o<\/td>\n<\/tr>\n<tr class=\"row-112\">\n\t<td class=\"column-1\"><a href=\"http:\/\/AVALIA\u00c7\u00c3O DE T\u00c9CNICAS DE APRENDIZADO DE M\u00c1QUINA APLICADAS NO DESENVOLVIMENTO DE SENSORES VIRTUAIS\" rel=\"noopener noreferrer\" target=\"_blank\">AVALIA\u00c7\u00c3O DE T\u00c9CNICAS DE APRENDIZADO DE M\u00c1QUINA APLICADAS NO DESENVOLVIMENTO DE SENSORES VIRTUAIS<\/a><\/td><td class=\"column-2\">LEANDRO DA SILVA PASSOS<\/td><td class=\"column-3\">Prof\u00ba Dr. BRUNO WANDERLEY FRAN\u00c7A<\/td><td class=\"column-4\">2021<\/td><td class=\"column-5\">Disserta\u00e7\u00e3o<\/td>\n<\/tr>\n<tr class=\"row-113\">\n\t<td class=\"column-1\"><a href=\"https:\/\/ppgeet.uff.br\/wp-content\/uploads\/sites\/207\/2021\/05\/Rosane-Bessa.pdf\">Estudo da Representa\u00e7\u00e3o da Resposta da Demanda na Programa\u00e7\u00e3o Di\u00e1ria da Opera\u00e7\u00e3o e seus Impactos na Otimiza\u00e7\u00e3o do Despacho e Custos de Opera\u00e7\u00e3o<\/a><\/td><td class=\"column-2\">ROSANE BESSA DA SILVEIRA SANTOS<\/td><td class=\"column-3\">Prof\u00ba Dr. BRUNO SOARES MOREIRA CESAR BORBA\u00a0<\/td><td class=\"column-4\">2021<\/td><td class=\"column-5\">Disserta\u00e7\u00e3o<\/td>\n<\/tr>\n<tr class=\"row-114\">\n\t<td class=\"column-1\"><a href=\"https:\/\/ppgeet.uff.br\/wp-content\/uploads\/sites\/207\/2021\/08\/Nina-Bordini.pdf\">An\u00e1lise do Potencial de Hibridiza\u00e7\u00e3o e Capacidade de Escoamento no SIN de Usina E\u00f3lica-Solar no Estado Brasileiro da Bahia<\/a><\/td><td class=\"column-2\">NINA BORDINI BRAGA<\/td><td class=\"column-3\">Prof\u00ba Dr. BRUNO SOARES MOREIRA CESAR BORBA\u00a0<\/td><td class=\"column-4\">2021<\/td><td class=\"column-5\">Disserta\u00e7\u00e3o<\/td>\n<\/tr>\n<tr class=\"row-115\">\n\t<td class=\"column-1\"><a href=\"https:\/\/ppgeet.uff.br\/wp-content\/uploads\/sites\/207\/2021\/06\/Carlos-Magno-Torres.pdf\">Apresenta\u00e7\u00e3o e Aplica\u00e7\u00f5es do Software de Planejamento de Expans\u00e3o do Sistema Interligado Nacional - CARTHER<\/a><\/td><td class=\"column-2\">CARLOS MAGNO DOS SANTOS TORRES<\/td><td class=\"column-3\">Prof\u00ba Dr. BRUNO SOARES MOREIRA CESAR BORBA<\/td><td class=\"column-4\">2021<\/td><td class=\"column-5\">Disserta\u00e7\u00e3o<\/td>\n<\/tr>\n<tr class=\"row-116\">\n\t<td class=\"column-1\"><a href=\"https:\/\/ppgeet.uff.br\/wp-content\/uploads\/sites\/207\/2021\/08\/Yasmina-El-Heri.pdf\">AVALIA\u00c7\u00c3O DO REQUISITO DE POT\u00caNCIA COMO PAR\u00c2METRO DE DECIS\u00c3O NO PLANEJAMENTO DA EXPANS\u00c3O DO SISTEMA EL\u00c9TRICO BRASILEIRO<\/a><\/td><td class=\"column-2\">YASMINA SULEIMAN EL-HERI<\/td><td class=\"column-3\">Prof\u00ba Dr.\u00a0BRUNO SOARES MOREIRA CESAR BORBA<\/td><td class=\"column-4\">2021<\/td><td class=\"column-5\">Disserta\u00e7\u00e3o<\/td>\n<\/tr>\n<tr class=\"row-117\">\n\t<td class=\"column-1\"><a href=\"https:\/\/ppgeet.uff.br\/wp-content\/uploads\/sites\/207\/2024\/10\/Yasmina-El-Heri.pdf\" rel=\"noopener\" target=\"_blank\">Avalia\u00e7\u00e3o do requisito de pot\u00eancia como par\u00e2metro de decis\u00e3o no planejamento da expans\u00e3o do sistema el\u00e9trico brasileiro<\/a><\/td><td class=\"column-2\">YASMINA SULEIMAN EL HERI<\/td><td class=\"column-3\">Prof\u00ba Dr. BRUNO SOARES BORBA<\/td><td class=\"column-4\">2021<\/td><td class=\"column-5\">Disserta\u00e7\u00e3o<\/td>\n<\/tr>\n<tr class=\"row-118\">\n\t<td class=\"column-1\"><a href=\"https:\/\/ppgeet.uff.br\/wp-content\/uploads\/sites\/207\/2021\/09\/Nicolas-Manfredi.pdf\">Modelo para suporte \u00e0 otimiza\u00e7\u00e3o da viabilidade t\u00e9cnica-financeira na hibridiza\u00e7\u00e3o de plantas de gera\u00e7\u00e3o solar e e\u00f3lica com armazenamento de energia<\/a><\/td><td class=\"column-2\">NICOLAS JUAN OCT\u00c1VIO PI\u00d1ON DE MANFREDI<\/td><td class=\"column-3\">Prof\u00ba Dr VITOR HUGO FERREIRA<\/td><td class=\"column-4\">2021<\/td><td class=\"column-5\">Disserta\u00e7\u00e3o<\/td>\n<\/tr>\n<tr class=\"row-119\">\n\t<td class=\"column-1\"><a href=\"https:\/\/ppgeet.uff.br\/wp-content\/uploads\/sites\/207\/2021\/05\/Carlos-Augusto.pdf\">Aplica\u00e7\u00e3o de Absorvedor Eletromagn\u00e9tico Planar baseado em Superf\u00edcie de Alta Imped\u00e2ncia em Projeto de Antena de Banda Dupla para as Faixas ISM<\/a><\/td><td class=\"column-2\">CARLOS AUGUSTO TEIXEIRA COELHO<\/td><td class=\"column-3\">Prof\u00aa Dr\u00aa LENI JOAQUIM DE MATOS\u00a0<\/td><td class=\"column-4\">2021<\/td><td class=\"column-5\">Disserta\u00e7\u00e3o<\/td>\n<\/tr>\n<tr class=\"row-120\">\n\t<td class=\"column-1\"><a href=\"https:\/\/ppgeet.uff.br\/wp-content\/uploads\/sites\/207\/2021\/09\/Andrea-Lima.pdf\">Caracteriza\u00e7\u00e3o do canal V2I na faixa de 5,8GHz no interior de t\u00fanel<\/a><br \/>\n<\/td><td class=\"column-2\">ANDREA LIMA DOS SANTOS<\/td><td class=\"column-3\">Prof\u00aa Dr\u00aa LENI JOAQUIM DE MATOS<\/td><td class=\"column-4\">2021<\/td><td class=\"column-5\">Disserta\u00e7\u00e3o<\/td>\n<\/tr>\n<tr class=\"row-121\">\n\t<td class=\"column-1\"><a href=\"https:\/\/ppgeet.uff.br\/wp-content\/uploads\/sites\/207\/2021\/08\/Reiner.pdf\">Desenvolvimento de um Mecanismo de Provisionamento de Banda Din\u00e2mico para um Centro de Dados Multi-Inquilino Utilizando Aprendizado por Refor\u00e7o Difuso<\/a><\/td><td class=\"column-2\">REINER HENRIQUE DOS SANTOS FILHO<\/td><td class=\"column-3\">Prof\u00aa Dr\u00aa DIANNE SCHERLY VARELA DE MEDEREIROS<\/td><td class=\"column-4\">2021<\/td><td class=\"column-5\">Disserta\u00e7\u00e3o<\/td>\n<\/tr>\n<tr class=\"row-122\">\n\t<td class=\"column-1\"><a href=\"https:\/\/ppgeet.uff.br\/wp-content\/uploads\/sites\/207\/2021\/11\/Ricardo-Firmino.pdf\" rel=\"noopener noreferrer\" target=\"_blank\">Um Protocolo de Roteamento Multitabelas para Monitoramento de Sinais Vitais em Cen\u00e1rios de Opera\u00e7\u00f5es Militares<\/a><\/td><td class=\"column-2\">RICARDO MOURA FIRMINO<\/td><td class=\"column-3\">Prof\u00aa Dr\u00aa DIANNE SCHERLY VARELA DE MEDEREIROS<\/td><td class=\"column-4\">2021<\/td><td class=\"column-5\">Disserta\u00e7\u00e3o<\/td>\n<\/tr>\n<tr class=\"row-123\">\n\t<td class=\"column-1\"><a href=\"https:\/\/ppgeet.uff.br\/wp-content\/uploads\/sites\/207\/2021\/05\/Paulo-Vinicius.pdf\">Avalia\u00e7\u00e3o e Modelagem da Cobertura de Sinal na faixa de 3,5 GHz para um Ambiente com Clutter<\/a><\/td><td class=\"column-2\">PAULO VINICIUS ALVES DE FREITAS<\/td><td class=\"column-3\">Prof. Dr. PEDRO VLADIMIR GGONZALES CASTELLANOS<\/td><td class=\"column-4\">2021<\/td><td class=\"column-5\">Disserta\u00e7\u00e3o<\/td>\n<\/tr>\n<tr class=\"row-124\">\n\t<td class=\"column-1\"><a href=\"https:\/\/ppgeet.uff.br\/wp-content\/uploads\/sites\/207\/2021\/01\/Douglas-Aranil.pdf\">ANALYTICS E MACHINE LEARNING PARA PREVIS\u00c3O AUTOM\u00c1TICA DE CARGA HOR\u00c1RIA E SEMANAL<\/a><\/td><td class=\"column-2\">DOUGLAS ARANIL MAGALH\u00c3ES BARBOSA<\/td><td class=\"column-3\">Prof\u00ba Dr.\u00a0VITOR HUGO FERREIRA<\/td><td class=\"column-4\">2020<\/td><td class=\"column-5\">Disserta\u00e7\u00e3o<\/td>\n<\/tr>\n<tr class=\"row-125\">\n\t<td class=\"column-1\"><a href=\"https:\/\/ppgeet.uff.br\/wp-content\/uploads\/sites\/207\/2021\/01\/Tayna-Santos.pdf\">OTIMIZA\u00c7\u00c3O MULTIOBJETIVO PARA CONTROLE DE TENS\u00c3O EM TEMPO REAL<\/a><\/td><td class=\"column-2\">TAYN\u00c1 FERREIRA SANTOS<\/td><td class=\"column-3\">Prof\u00ba Dr.\u00a0VITOR HUGO FERREIRA<\/td><td class=\"column-4\">2020<\/td><td class=\"column-5\">Disserta\u00e7\u00e3o<\/td>\n<\/tr>\n<tr class=\"row-126\">\n\t<td class=\"column-1\"><a href=\"https:\/\/ppgeet.uff.br\/wp-content\/uploads\/sites\/207\/2021\/05\/Caio-Leocadio.pdf\">PLANEJAMENTO DA EXPANS\u00c3O CONSIDERANDO OS IMPACTOS DASFONTES RENOV\u00c1VEIS E DOS RECURSOS ENERG\u00c9TICOS DISTRIBU\u00cdDOSNA CARGA L\u00cdQUIDA<\/a><\/td><td class=\"column-2\">CAIO MONTEIRO LEOC\u00c1DIO<\/td><td class=\"column-3\">Prof\u00ba Dr. VITOR HUGO FERREIRA<\/td><td class=\"column-4\">2020<\/td><td class=\"column-5\">Disserta\u00e7\u00e3o<\/td>\n<\/tr>\n<tr class=\"row-127\">\n\t<td class=\"column-1\"><a href=\"https:\/\/ppgeet.uff.br\/wp-content\/uploads\/sites\/207\/2021\/01\/Talita-de-Almeida.pdf\">COMPORTAMENTO DO CANAL EM SONDAGEM URBANA NA FAIXA 3,5 GHz<\/a><\/td><td class=\"column-2\">TALITA DE ALMEIDA SILVA CASTRO<\/td><td class=\"column-3\">Prof\u00ba Dr. TADEU NAGASHIMA FERREIRA<\/td><td class=\"column-4\">2020<\/td><td class=\"column-5\">Disserta\u00e7\u00e3o<\/td>\n<\/tr>\n<tr class=\"row-128\">\n\t<td class=\"column-1\"><a href=\"https:\/\/ppgeet.uff.br\/wp-content\/uploads\/sites\/207\/2021\/01\/Thiago-Jose-Barbosa.pdf\">SIMULA\u00c7\u00c3O EFICIENTE DE CONTROLADORES DE SISTEMAS DE POT\u00caNCIA DE GRANDE PORTE UTILIZANDO COMPILA\u00c7\u00c3O EM LINGUAGEM C<\/a><\/td><td class=\"column-2\">THIAGO JOS\u00c9 BARBOSA DA ROCHA<\/td><td class=\"column-3\">Prof\u00ba Dr.\u00a0SERGIO GOMES JUNIOR<\/td><td class=\"column-4\">2020<\/td><td class=\"column-5\">Disserta\u00e7\u00e3o<\/td>\n<\/tr>\n<tr class=\"row-129\">\n\t<td class=\"column-1\"><a href=\"https:\/\/ppgeet.uff.br\/wp-content\/uploads\/sites\/207\/2021\/02\/Felipe-Martins.pdf\">Transmiss\u00e3o de Frequ\u00eancias Intermedi\u00e1rias sobre Fibras \u00d3pticas Polim\u00e9ricas de PMMA<\/a><\/td><td class=\"column-2\">FELIPE ARAUJO MARTINS<\/td><td class=\"column-3\">Prof\u00ba Dr. RICARDO MARQUES RIBEIRO<\/td><td class=\"column-4\">2020<\/td><td class=\"column-5\">Disserta\u00e7\u00e3o<\/td>\n<\/tr>\n<tr class=\"row-130\">\n\t<td class=\"column-1\"><a href=\"https:\/\/ppgeet.uff.br\/wp-content\/uploads\/sites\/207\/2021\/01\/Hingrid-Domingues.pdf\">TECNOLOGIA IOT LORA NA AUTOMA\u00c7\u00c3O DO ABASTECIMENTO DE \u00c1GUA<\/a><\/td><td class=\"column-2\">HINGRID TAVARES DOMINGUES<\/td><td class=\"column-3\">Prof\u00ba Dr. RICARDO CAMPANHA CARRANO<\/td><td class=\"column-4\">2020<\/td><td class=\"column-5\">Disserta\u00e7\u00e3o<\/td>\n<\/tr>\n<tr class=\"row-131\">\n\t<td class=\"column-1\"><a href=\"https:\/\/ppgeet.uff.br\/wp-content\/uploads\/sites\/207\/2021\/01\/Keyla-Cardoso.pdf\">An\u00e1lise de interfer\u00eancia eletromagn\u00e9tica conduzida provocada por inversor de sistema fotovoltaico operando com baixa gera\u00e7\u00e3o<\/a><\/td><td class=\"column-2\">KEYLA REZENDE CARDOSO<\/td><td class=\"column-3\">Prof\u00ba Dr. M\u00c1RCIO ZAMBOTI FORTES<\/td><td class=\"column-4\">2020<\/td><td class=\"column-5\">Disserta\u00e7\u00e3o<\/td>\n<\/tr>\n<tr class=\"row-132\">\n\t<td class=\"column-1\"><a href=\"https:\/\/ppgeet.uff.br\/wp-content\/uploads\/sites\/207\/2021\/01\/Talita-Afonso.pdf\">ESTUDO COMPARATIVO DOS AJUSTES DAS PROTE\u00c7\u00d5ES ENTRE CONCESSION\u00c1RIAS E AVALIA\u00c7\u00c3O DOS IMPACTOS PARA UMA REDE REAL COM GERA\u00c7\u00c3O DISTRIBU\u00cdDA FOTOVOLTAICA<\/a><\/td><td class=\"column-2\">TALITA DE ARAUJO SANTOS FERNANDES AFONSO<\/td><td class=\"column-3\">Prof\u00ba Dr. M\u00c1RCIO ZAMBOTI FORTES<\/td><td class=\"column-4\">2020<\/td><td class=\"column-5\">Disserta\u00e7\u00e3o<\/td>\n<\/tr>\n<tr class=\"row-133\">\n\t<td class=\"column-1\"><a href=\"https:\/\/ppgeet.uff.br\/wp-content\/uploads\/sites\/207\/2021\/01\/Julio-Cezar-Simoes-dos-Santos.pdf\">APLICA\u00c7\u00c3O DE INOVA\u00c7\u00d5ES TECNOL\u00d3GICAS NA REDE DE M\u00c9DIA TENS\u00c3O COM FOCO NA REDU\u00c7\u00c3O DOS INDICADORES DE QUALIDADE<\/a><\/td><td class=\"column-2\">J\u00daLIO C\u00c9ZAR SIM\u00d5ES DOS SANTOS<\/td><td class=\"column-3\">Prof\u00ba Dr. HENRIQUE DE OLIVEIRA HENRIQUES<\/td><td class=\"column-4\">2020<\/td><td class=\"column-5\">Disserta\u00e7\u00e3o<\/td>\n<\/tr>\n<tr class=\"row-134\">\n\t<td class=\"column-1\"><a href=\"https:\/\/ppgeet.uff.br\/wp-content\/uploads\/sites\/207\/2021\/05\/Carlos_Santana.pdf\">METODOLOGIA PARA ESTIMA\u00c7\u00c3O DA RELA\u00c7\u00c3O ENTRE INVESTIMENTOS NAREDE E INDICADORES DE DISTRIBUI\u00c7\u00c3O DE ENERGIA<\/a><\/td><td class=\"column-2\">CARLOS EDILSON SANTANA DOS SANTOS<\/td><td class=\"column-3\">Prof\u00ba Dr. HENRIQUE DE OLIVEIRA HENRIQUES<\/td><td class=\"column-4\">2020<\/td><td class=\"column-5\">Disserta\u00e7\u00e3o<\/td>\n<\/tr>\n<tr class=\"row-135\">\n\t<td class=\"column-1\"><a href=\"https:\/\/ppgeet.uff.br\/wp-content\/uploads\/sites\/207\/2021\/01\/Renato-Ferreira.pdf\">ESTUDO DA IMPLANTA\u00c7\u00c3O DE LIMITADORES DE CORRENTE DE CURTO-CIRCUITO RESISTIVOS PARA ELIMINA\u00c7\u00c3O DE ZEROS ATRASADOS EM SISTEMAS EL\u00c9TRICOS DE UNIDADES OFFSHORE<\/a><\/td><td class=\"column-2\">RENATO FERREIRA SILVA<\/td><td class=\"column-3\">Prof\u00ba Dr. GUILHERME GON\u00c7ALVES SOTELO<\/td><td class=\"column-4\">2020<\/td><td class=\"column-5\">Disserta\u00e7\u00e3o<\/td>\n<\/tr>\n<tr class=\"row-136\">\n\t<td class=\"column-1\"><a href=\"https:\/\/ppgeet.uff.br\/wp-content\/uploads\/sites\/207\/2021\/01\/Leandro-Braz.pdf\">COMPARA\u00c7\u00c3O DOS M\u00c9TODOS DE ENSAIOS DE MOTORES DE INDU\u00c7\u00c3O TRIF\u00c1SICOS UTILIZANDO AS NORMAS ABNT 17094-3:2018, IEC 60034-2-1:2014 E IEC\/TS 60034-2-3:2013<\/a><\/td><td class=\"column-2\">LEANDRO BRAZ DE SOUZA<\/td><td class=\"column-3\">Prof\u00ba Dr. FELIPE SASS<\/td><td class=\"column-4\">2020<\/td><td class=\"column-5\">Disserta\u00e7\u00e3o<\/td>\n<\/tr>\n<tr class=\"row-137\">\n\t<td class=\"column-1\"><a href=\"https:\/\/ppgeet.uff.br\/wp-content\/uploads\/sites\/207\/2021\/01\/Diego-Bahiano.pdf\">Cria\u00e7\u00e3o de modelos estoc\u00e1sticos para a s\u00edntese de vogais  considerando os pulsos glotais de Rosenberg e de Liljencrants-Fant com par\u00e2metros unificados<\/a><\/td><td class=\"column-2\">DIEGO SANTANA MARQUES BAHIANO<\/td><td class=\"column-3\">Prof\u00ba Dr. EDSON LUIZ CATALDO FERREIRA<\/td><td class=\"column-4\">2020<\/td><td class=\"column-5\">Disserta\u00e7\u00e3o<\/td>\n<\/tr>\n<tr class=\"row-138\">\n\t<td class=\"column-1\"><a href=\"https:\/\/ppgeet.uff.br\/wp-content\/uploads\/sites\/207\/2021\/01\/Nivea-Portugal.pdf\">REDE NEURAL ARTIFICIAL APLICADA \u00c0 PREDI\u00c7\u00c3O DE COBERTURA DE SINAL R\u00c1DIO M\u00d3VEL EM VEGETA\u00c7\u00c3O<\/a><\/td><td class=\"column-2\">NIVEA PORTUGAL DE CARVALHO<\/td><td class=\"column-3\">Prof\u00ba Dr. Edson Luiz Cataldo Ferreira<\/td><td class=\"column-4\">2020<\/td><td class=\"column-5\">Disserta\u00e7\u00e3o<\/td>\n<\/tr>\n<tr class=\"row-139\">\n\t<td class=\"column-1\"><a href=\"https:\/\/ppgeet.uff.br\/wp-content\/uploads\/sites\/207\/2021\/01\/Nicollas-Rodrigues.pdf\">Aplica\u00e7\u00f5es Eficientes do Processamento de Linguagem Natural: Identifica\u00e7\u00e3o de Not\u00edcias Falsas, Sumariza\u00e7\u00e3o Autom\u00e1tica de Textos e Constru\u00e7\u00e3o de Ontologias<\/a><\/td><td class=\"column-2\">NICOLLAS RODRIGUES DE OLIVEIRA<\/td><td class=\"column-3\">Prof\u00ba Dr. DIOGO MENEZES FERRAZANI MATTOS<\/td><td class=\"column-4\">2020<\/td><td class=\"column-5\">Disserta\u00e7\u00e3o<\/td>\n<\/tr>\n<tr class=\"row-140\">\n\t<td class=\"column-1\"><a href=\"https:\/\/ppgeet.uff.br\/wp-content\/uploads\/sites\/207\/2021\/01\/Deividson.pdf\">AN\u00c1LISE ECON\u00d4MICA DE PROPOSTA DE APRIMORAMENTO REGULAT\u00d3RIO PARA A COMPRA DE ENERGIA PROVENIENTE DE GERA\u00c7\u00c3O DISTRIBU\u00cdDA PELAS DISTRIBUIDORAS - ESTUDO DE CASO DO ESTADO DO RIO DE JANEIRO<\/a><\/td><td class=\"column-2\">DEIVIDSON GUIMAR\u00c3ES F\u00c9LIX<\/td><td class=\"column-3\">Prof\u00ba Dr.\u00a0DANIEL HENRIQUE NOGUEIRA DIAS<\/td><td class=\"column-4\">2020<\/td><td class=\"column-5\">Disserta\u00e7\u00e3o<\/td>\n<\/tr>\n<tr class=\"row-141\">\n\t<td class=\"column-1\"><a href=\"https:\/\/ppgeet.uff.br\/wp-content\/uploads\/sites\/207\/2021\/01\/Patrick-Favero.pdf\">Projetos H\u00edbridos Solar-E\u00f3licos: uma proposta metodol\u00f3gica de sele\u00e7\u00e3o, utilizando M\u00e9todo AHP e Logica Fuzzy<\/a><\/td><td class=\"column-2\">PATRICK ROGER F\u00c1VERO<\/td><td class=\"column-3\">Prof\u00ba Dr.\u00a0DANIEL HENRIQUE NOGUEIRA DIAS<\/td><td class=\"column-4\">2020<\/td><td class=\"column-5\">Disserta\u00e7\u00e3o<\/td>\n<\/tr>\n<tr class=\"row-142\">\n\t<td class=\"column-1\"><a href=\"https:\/\/ppgeet.uff.br\/wp-content\/uploads\/sites\/207\/2021\/06\/Alexandre-Bitencourt.pdf\">AN\u00c1LISE T\u00c9CNICA DE LIMITADORES DE CORRENTE DE CURTO-CIRCUITODE ESTADO S\u00d3LIDO<\/a><\/td><td class=\"column-2\">ALEXANDRE DE ARRUDA BITENCOURT<\/td><td class=\"column-3\">Prof\u00ba Dr.\u00a0DANIEL HENRIQUE NOGUEIRA DIAS<\/td><td class=\"column-4\">2020<\/td><td class=\"column-5\">Disserta\u00e7\u00e3o<\/td>\n<\/tr>\n<tr class=\"row-143\">\n\t<td class=\"column-1\"><a href=\"https:\/\/ppgeet.uff.br\/wp-content\/uploads\/sites\/207\/2021\/01\/Henrique-Koji.pdf\">LIMITADOR DE CORRENTE DE CURTO-CIRCUITO H\u00cdBRIDO COM SUPERCONDUTOR E CHAVE DE ESTADO S\u00d3LIDO<\/a><\/td><td class=\"column-2\">HENRIQUE KOJI MIYAMOTO<\/td><td class=\"column-3\">Prof\u00ba Dr. BRUNO WANDERLEY FRAN\u00c7A<\/td><td class=\"column-4\">2020<\/td><td class=\"column-5\">Disserta\u00e7\u00e3o<\/td>\n<\/tr>\n<tr class=\"row-144\">\n\t<td class=\"column-1\"><a href=\"https:\/\/ppgeet.uff.br\/wp-content\/uploads\/sites\/207\/2021\/01\/Leticia-Fritz.pdf\">OTIMIZA\u00c7\u00c3O DO SISTEMA CCHP COM CPV\/T EM COMPARA\u00c7\u00c3O COM O SISTEMA PV CONVENCIONAL EM UM HOTEL COM CEN\u00c1RIOS DE INCERTEZAS<\/a><\/td><td class=\"column-2\">LET\u00cdCIA FRITZ HENRIQUE<\/td><td class=\"column-3\">Prof\u00ba Dr.\u00a0BRUNO SOARES MOREIRA CESAR BORBA<\/td><td class=\"column-4\">2020<\/td><td class=\"column-5\">Disserta\u00e7\u00e3o<\/td>\n<\/tr>\n<tr class=\"row-145\">\n\t<td class=\"column-1\"><a href=\"https:\/\/ppgeet.uff.br\/wp-content\/uploads\/sites\/207\/2021\/01\/Victor-Antunes.pdf\">Proposta de Metodologia para Otimiza\u00e7\u00e3o da Variabilidade em um Parque H\u00edbrido E\u00f3lico-Fotovoltaico Utilizando o M\u00e9todo de Monte Carlo e Programa\u00e7\u00e3o N\u00e3o-Linear<\/a><\/td><td class=\"column-2\">VICTOR DE SOUZA FONSECA ANTUNES<\/td><td class=\"column-3\">Prof\u00ba Dr.\u00a0BRUNO SOARES MOREIRA CESAR BORBA<\/td><td class=\"column-4\">2020<\/td><td class=\"column-5\">Disserta\u00e7\u00e3o<\/td>\n<\/tr>\n<tr class=\"row-146\">\n\t<td class=\"column-1\"><a href=\"https:\/\/ppgeet.uff.br\/wp-content\/uploads\/sites\/207\/2021\/06\/Ranther-Melo.pdf\">ESTUDO DE PLANEJAMENTO DE EXPANS\u00c3O DO SISTEMA INTERLIGADONACIONAL NO SOFTWARE CARTHER<\/a><\/td><td class=\"column-2\">RANTHER FERREIRA DE MELO<\/td><td class=\"column-3\">Prof\u00ba Dr. BRUNO SOARES MOREIRA CESAR BORBA<\/td><td class=\"column-4\">2020<\/td><td class=\"column-5\">Disserta\u00e7\u00e3o<\/td>\n<\/tr>\n<tr class=\"row-147\">\n\t<td class=\"column-1\"><a href=\"https:\/\/ppgeet.uff.br\/wp-content\/uploads\/sites\/207\/2021\/05\/Diogo-Augusto.pdf\">AN\u00c1LISE DE COBERTURA E MODELAGEM DO SINAL R\u00c1DIO M\u00d3VEL EM AMBIENTE COM VEGETA\u00c7\u00c3O NA FAIXA 700 - 4000 MHz<\/a><\/td><td class=\"column-2\">DIOGO AUGUSTO B\u00caTTA MAGALH\u00c3ES<\/td><td class=\"column-3\">Prof\u00ba Dr.\u00a0\u00a0PEDRO VLADIMIR GONZALEZ CASTELLANOS<\/td><td class=\"column-4\">2020<\/td><td class=\"column-5\">Disserta\u00e7\u00e3o<\/td>\n<\/tr>\n<tr class=\"row-148\">\n\t<td class=\"column-1\"><a href=\"https:\/\/ppgeet.uff.br\/wp-content\/uploads\/sites\/207\/2021\/05\/Roberta-Neves.pdf\">FILTROS PASSIVOS DE MICRO-ONDAS APLICADOS A OSCILADORES<\/a><\/td><td class=\"column-2\">ROBERTA NEVES GUIMAR\u00c3ES DE CARVALHO<\/td><td class=\"column-3\">Prof\u00aa Dr\u00aa VANESSA PRZYBYLSKI RIBEIRO MAGRI SOUZA<\/td><td class=\"column-4\">2020<\/td><td class=\"column-5\">Disserta\u00e7\u00e3o<\/td>\n<\/tr>\n<tr class=\"row-149\">\n\t<td class=\"column-1\">ESTUDO E PROJETO DE CABO COAXIAL FENDIDO PARA APLICA\u00c7\u00d5ES EM SISTEMAS ENDFIRE<\/td><td class=\"column-2\">THAYANA MAYRINK LESSA DE SOUSA<\/td><td class=\"column-3\">Prof\u00aa Dr\u00aa LENI JOAQUIM DE MATOS\u00a0<\/td><td class=\"column-4\">2020<\/td><td class=\"column-5\">Disserta\u00e7\u00e3o<\/td>\n<\/tr>\n<tr class=\"row-150\">\n\t<td class=\"column-1\"><a href=\"https:\/\/ppgeet.uff.br\/wp-content\/uploads\/sites\/207\/2021\/01\/Gabriel-Bach.pdf\">Uma An\u00e1lise da Influ\u00eancia do Ambiente de Propaga\u00e7\u00e3o Urbano no Desempenho de Protocolos de Roteamento em Redes Veiculares<\/a><\/td><td class=\"column-2\">GABRIEL BACH AMARAL OROFINO<\/td><td class=\"column-3\">Prof\u00aa Dr\u00aa DIANNE SCHERLY VARELA DE MEDEREIROS<\/td><td class=\"column-4\">2020<\/td><td class=\"column-5\">Disserta\u00e7\u00e3o<\/td>\n<\/tr>\n<tr class=\"row-151\">\n\t<td class=\"column-1\"><a href=\"https:\/\/ppgeet.uff.br\/wp-content\/uploads\/sites\/207\/2021\/01\/Paulo-de-Morais.pdf\">Algoritmo Mem\u00e9tico Multiobjetivo para Aloca\u00e7\u00e3o de Bases e Dimensionamento de Equipes<\/a><\/td><td class=\"column-2\">PAULO DE MORAIS OLIVEIRA FILHO<\/td><td class=\"column-3\">Prof\u00ba Dr.\u00a0VITOR HUGO FERREIRA<\/td><td class=\"column-4\">2019<\/td><td class=\"column-5\">Disserta\u00e7\u00e3o<\/td>\n<\/tr>\n<tr class=\"row-152\">\n\t<td class=\"column-1\"><a href=\"https:\/\/ppgeet.uff.br\/wp-content\/uploads\/sites\/207\/2021\/02\/Carolina-Pinchemel.pdf\">MODELO DE PRIORIZA\u00c7\u00c3O DE INVESTIMENTOS EM CHAVES TELECOMANDADAS EM REDES DE DISTRIBUI\u00c7\u00c3O DE ENERGIA CONSIDERANDO A MELHORIA DA QUALIDADE<\/a><\/td><td class=\"column-2\">CAROLINA PINCHEMEL TEIXEIRA<\/td><td class=\"column-3\">Prof\u00ba Dr.\u00a0VITOR HUGO FERREIRA<\/td><td class=\"column-4\">2019<\/td><td class=\"column-5\">Disserta\u00e7\u00e3o<\/td>\n<\/tr>\n<tr class=\"row-153\">\n\t<td class=\"column-1\"><a href=\"https:\/\/ppgeet.uff.br\/wp-content\/uploads\/sites\/207\/2021\/01\/Milon-Pereira-da-Silva.pdf\">MODELOS DE CONVERSOR MODULAR MULTIN\u00cdVEL PARA SIMULA\u00c7\u00d5ES DE DESEMPENHO DIN\u00c2MICO<\/a><\/td><td class=\"column-2\">MILON PEREIRA DA SILVA<\/td><td class=\"column-3\">Prof\u00ba Dr.\u00a0SERGIO GOMES JUNIOR<\/td><td class=\"column-4\">2019<\/td><td class=\"column-5\">Disserta\u00e7\u00e3o<\/td>\n<\/tr>\n<tr class=\"row-154\">\n\t<td class=\"column-1\"><a href=\"https:\/\/ppgeet.uff.br\/wp-content\/uploads\/sites\/207\/2021\/03\/Dissertacao_Godim.pdf\">AVALIA\u00c7\u00c3O DIN\u00c2MICA DE ELOS DE CORRENTE CONT\u00cdNUA EM ALTA FREQU\u00caNCIA UTILIZANDO FASORES DIN\u00c2MICOS<\/a><\/td><td class=\"column-2\">RODRIGO GODIM DE AZEVEDO<\/td><td class=\"column-3\">Prof\u00ba Dr.\u00a0SERGIO GOMES JUNIOR<\/td><td class=\"column-4\">2019<\/td><td class=\"column-5\">Disserta\u00e7\u00e3o<\/td>\n<\/tr>\n<tr class=\"row-155\">\n\t<td class=\"column-1\"><a href=\"https:\/\/ppgeet.uff.br\/wp-content\/uploads\/sites\/207\/2021\/01\/Marlon-Correia.pdf\">ESTUDO E DESENVOLVIMENTO DE LASERS EM ANEL DE FIBRA \u00d3PTICA EM REGIMES CONTINUO E MODE-LLOCKING COM UM AMPLIFICADOR \u00d3PTICO SEMICONDUTOR (SOA) COMO MEIO DE GANHO<\/a><\/td><td class=\"column-2\">MARLON MEDEREIROS CORREIA<\/td><td class=\"column-3\">Prof\u00ba Dr.\u00a0RICARDO MARQUES RIBEIRO<\/td><td class=\"column-4\">2019<\/td><td class=\"column-5\">Disserta\u00e7\u00e3o<\/td>\n<\/tr>\n<tr class=\"row-156\">\n\t<td class=\"column-1\"><a href=\"https:\/\/ppgeet.uff.br\/wp-content\/uploads\/sites\/207\/2021\/02\/Vladimir-Jabulka.pdf\">Gera\u00e7\u00e3o Fot\u00f4nica de Sinais Pulsados de Micro-Ondas com Banda-\u00danica e Banda-Dupla Empregando a T\u00e9cnica de Auto-Heterodinagem<\/a><\/td><td class=\"column-2\">VLADIMIR BRAVO JABULKA<\/td><td class=\"column-3\">Prof\u00ba Dr. RICARDO MARQUES RIBEIRO<\/td><td class=\"column-4\">2019<\/td><td class=\"column-5\">Disserta\u00e7\u00e3o<\/td>\n<\/tr>\n<tr class=\"row-157\">\n\t<td class=\"column-1\"><a href=\"https:\/\/ppgeet.uff.br\/wp-content\/uploads\/sites\/207\/2021\/02\/Rodrigo-Machado.pdf\">SISTEMA INTELIGENTE PARA ESTIMA\u00c7\u00c3O DE POTENCIAL DE PROTE\u00c7\u00c3O CAT\u00d3DICA BASEADO EM REDES NEURAIS ARTIFICIAIS<\/a><\/td><td class=\"column-2\">RODRIGO MACHADO DA SILVA SOARES<\/td><td class=\"column-3\">Prof\u00ba Dr. M\u00c1RCIO ZAMBOTI FORTES<\/td><td class=\"column-4\">2019<\/td><td class=\"column-5\">Disserta\u00e7\u00e3o<\/td>\n<\/tr>\n<tr class=\"row-158\">\n\t<td class=\"column-1\"><a href=\"https:\/\/ppgeet.uff.br\/wp-content\/uploads\/sites\/207\/2021\/02\/Luana-Merenciano.pdf\">AVALIA\u00c7\u00c3O DO IMPACTO DE INTERFER\u00caNCIAS ELETROMAGN\u00c9TICAS DE SISTEMAS DE ILUMINA\u00c7\u00c3O EM REDES DE COMUNICA\u00c7\u00c3O<\/a><\/td><td class=\"column-2\">LUANA MERENCIANO DA SILVA<\/td><td class=\"column-3\">Prof\u00ba Dr. M\u00c1RCIO ZAMBOTI FORTES<\/td><td class=\"column-4\">2019<\/td><td class=\"column-5\">Disserta\u00e7\u00e3o<\/td>\n<\/tr>\n<tr class=\"row-159\">\n\t<td class=\"column-1\"><a href=\"https:\/\/ppgeet.uff.br\/wp-content\/uploads\/sites\/207\/2021\/02\/Julia-Fernandes.pdf\">AVALIA\u00c7\u00c3O DA INFLU\u00caNCIA DAS INTERFER\u00caNCIAS ELETROMAGN\u00c9TICAS (EMI)PRODUZIDAS POR L\u00c2MPADAS LED: UMA AN\u00c1LISE MULTICRIT\u00c9RIO<\/a><\/td><td class=\"column-2\">J\u00daLIA FERNANDES ARAUJO<\/td><td class=\"column-3\">Prof\u00ba Dr. M\u00c1RCIO ZAMBOTI FORTES<\/td><td class=\"column-4\">2019<\/td><td class=\"column-5\">Disserta\u00e7\u00e3o<\/td>\n<\/tr>\n<tr class=\"row-160\">\n\t<td class=\"column-1\"><a href=\"https:\/\/ppgeet.uff.br\/wp-content\/uploads\/sites\/207\/2021\/01\/Ana-Caroline-Torres.pdf\">CLASSIFICA\u00c7\u00c3O DE TOPOLOGIAS EMPREGADAS EM L\u00c2MPADAS LED A PARTIR DE APRENDIZADO SUPERVISIONADO<\/a><\/td><td class=\"column-2\">ANA CAROLINE TORRES DE CARVALHO<\/td><td class=\"column-3\">Prof\u00ba Dr.\u00a0MARCIO ZAMBOTI FORTE<\/td><td class=\"column-4\">2019<\/td><td class=\"column-5\">Disserta\u00e7\u00e3o<\/td>\n<\/tr>\n<tr class=\"row-161\">\n\t<td class=\"column-1\"><a href=\"https:\/\/ppgeet.uff.br\/wp-content\/uploads\/sites\/207\/2021\/02\/Rubens-Lucian-da-Silva-Correa.pdf\">USO DE SMART GRIDS PARA MONITORAR PERDAS T\u00c9CNICAS E MELHORAR ESTIMA\u00c7\u00c3O DE PERDAS N\u00c3O-T\u00c9CNICAS E LOCALIZA\u00c7\u00c3O DE PONTOS DE FURTO<\/a><\/td><td class=\"column-2\">RUBENS LUCIAN DA SILVA CORR\u00caA<\/td><td class=\"column-3\">Prof\u00ba Dr. HENRIQUE DE OLIVEIRA HENRIQUES<\/td><td class=\"column-4\">2019<\/td><td class=\"column-5\">Disserta\u00e7\u00e3o<\/td>\n<\/tr>\n<tr class=\"row-162\">\n\t<td class=\"column-1\"><a href=\"https:\/\/ppgeet.uff.br\/wp-content\/uploads\/sites\/207\/2021\/02\/Lucas-S-D-Oliveira.pdf\">AVALIA\u00c7\u00c3O DOS ASPECTOS EL\u00c9TRICOS E ECON\u00d4MICOS DA GERA\u00c7\u00c3O FOTOVOLTAICA E RECARGA DE VE\u00cdCULOS EL\u00c9TRICOS EM DIFERENTES PERFIS CONSUMIDORES<\/a><\/td><td class=\"column-2\">LUCAS DE SOUZA D OLIVEIRA<\/td><td class=\"column-3\">Prof\u00ba Dr. HENRIQUE DE OLIVEIRA HENRIQUES<\/td><td class=\"column-4\">2019<\/td><td class=\"column-5\">Disserta\u00e7\u00e3o<\/td>\n<\/tr>\n<tr class=\"row-163\">\n\t<td class=\"column-1\"><a href=\"https:\/\/ppgeet.uff.br\/wp-content\/uploads\/sites\/207\/2021\/02\/Jonaylton-Moura.pdf\">AN\u00c1LISE DO COMPORTAMENTO T\u00c9RMICO DE TRANSFORMADORES SUBMETIDOS A ENSAIOS DE CARREGAMENTO EM CONDI\u00c7\u00c3O NORMAL DE OPERA\u00c7\u00c3O E EM CONDI\u00c7\u00d5ES DE EMERG\u00caNCIA DE LONGA E CURTA DURA\u00c7\u00d5ES UTILIZANDO HARDWARE E SOFTWARE DE BAIXO CUSTO<\/a><\/td><td class=\"column-2\">JONAYLTON MOURA DE SOUSA<\/td><td class=\"column-3\">Prof\u00ba Dr. HENRIQUE DE OLIVEIRA HENRIQUES<\/td><td class=\"column-4\">2019<\/td><td class=\"column-5\">Disserta\u00e7\u00e3o<\/td>\n<\/tr>\n<tr class=\"row-164\">\n\t<td class=\"column-1\"><a href=\"https:\/\/ppgeet.uff.br\/wp-content\/uploads\/sites\/207\/2021\/02\/Luciano-Gabriel.pdf\">C\u00c1LCULO DAS INFLU\u00caNCIAS DE LINHAS DE TRANSMISS\u00c3O A\u00c9REAS EM DUTOS TERRESTRES<\/a><\/td><td class=\"column-2\">LUCIANO GABRIEL DE OLIVEIRA COELHO<\/td><td class=\"column-3\">Prof\u00ba Dr. GUILHERME GON\u00c7ALVES SOTELO<\/td><td class=\"column-4\">2019<\/td><td class=\"column-5\">Disserta\u00e7\u00e3o<\/td>\n<\/tr>\n<tr class=\"row-165\">\n\t<td class=\"column-1\"><a href=\"https:\/\/ppgeet.uff.br\/wp-content\/uploads\/sites\/207\/2021\/01\/Franco-Alisson.pdf\">AN\u00c1LISE DO DESEMPENHO DE UM MOTOR BLDC COM CONFIGURA\u00c7\u00c3O HALBACH PELO M\u00c9TODO DOS ELEMENTOS FINITOS<\/a><\/td><td class=\"column-2\">FRANCO ALISSON MARTINS VIEIRA<\/td><td class=\"column-3\">Prof\u00ba Dr.\u00a0DANIEL HENRIQUE NOGUEIRA DIAS<\/td><td class=\"column-4\">2019<\/td><td class=\"column-5\">Disserta\u00e7\u00e3o<\/td>\n<\/tr>\n<tr class=\"row-166\">\n\t<td class=\"column-1\"><a href=\"https:\/\/ppgeet.uff.br\/wp-content\/uploads\/sites\/207\/2021\/02\/Andre-Luiz-de-O-e-Silva.pdf\">AVALIA\u00c7\u00c3O DE TECNOLOGIAS DE ACIONAMENTOS APLICADAS A TRANSPORTADORES DE CORREIA<\/a><\/td><td class=\"column-2\">ANDR\u00c9 LUIZ DE OLIVEIRA E SILVA<\/td><td class=\"column-3\">Prof\u00ba Dr. BRUNO WANDERLEY FRAN\u00c7A<\/td><td class=\"column-4\">2019<\/td><td class=\"column-5\">Disserta\u00e7\u00e3o<\/td>\n<\/tr>\n<tr class=\"row-167\">\n\t<td class=\"column-1\"><a href=\"https:\/\/ppgeet.uff.br\/wp-content\/uploads\/sites\/207\/2021\/05\/Andre-Luiz-de-Oliveira-e-Silva.pdf\">AVALIA\u00c7\u00c3O DE TECNOLOGIAS DE ACIONAMENTOS APLICADAS A TRANSPORTADORES DE CORREIA<\/a><\/td><td class=\"column-2\">ANDR\u00c9 LUIZ DE OLIVEIRA E SILVA<\/td><td class=\"column-3\">Prof\u00ba Dr. BRUNO WANDERLEY FRAN\u00c7A<\/td><td class=\"column-4\">2019<\/td><td class=\"column-5\">Disserta\u00e7\u00e3o<\/td>\n<\/tr>\n<tr class=\"row-168\">\n\t<td class=\"column-1\"><a href=\"https:\/\/ppgeet.uff.br\/wp-content\/uploads\/sites\/207\/2021\/01\/Allan-Vale.pdf\">OTIMIZA\u00c7\u00c3O DE SISTEMAS DE ARMAZENAMENTO DE ENERGIA EM UMA REDE REAL DE DISTRIBUI\u00c7\u00c3O: PERSPECTIVAS DO CONSUMIDOR, DA DISTRIBUIDORA E DO OPERADOR DO SISTEMA DE DISTRIBUI\u00c7\u00c3O<\/a><\/td><td class=\"column-2\">ALLAN MARCUS VALE<\/td><td class=\"column-3\">Prof\u00ba Dr.\u00a0BRUNO SOARES MOREIRA CESAR BORBA<\/td><td class=\"column-4\">2019<\/td><td class=\"column-5\">Disserta\u00e7\u00e3o<\/td>\n<\/tr>\n<tr class=\"row-169\">\n\t<td class=\"column-1\"><a href=\"https:\/\/ppgeet.uff.br\/wp-content\/uploads\/sites\/207\/2021\/01\/Tiago-Abud.pdf\">INFLU\u00caNCIA NO MERCADO LOCAL NA AN\u00c1LISE ESTOC\u00c1STICA DA GERA\u00c7\u00c3O DISTRIBU\u00cdDA FOTOVOLTAICA EM REDES SECUND\u00c1RIAS DE DISTRIBUI\u00c7\u00c3O<\/a><\/td><td class=\"column-2\">TIAGO PIRES ABUD<\/td><td class=\"column-3\">Prof\u00ba Dr.\u00a0BRUNO SOARES MOREIRA CESAR BORBA<\/td><td class=\"column-4\">2019<\/td><td class=\"column-5\">Disserta\u00e7\u00e3o<\/td>\n<\/tr>\n<tr class=\"row-170\">\n\t<td class=\"column-1\"><a href=\"https:\/\/ppgeet.uff.br\/wp-content\/uploads\/sites\/207\/2021\/02\/Natalia-Soares.pdf\">T\u00c9CNICA DE CARACTERIZA\u00c7\u00c3O DE MODULADORES DE COMPRIMENTO DE ONDA ATRAV\u00c9S DE AN\u00c1LISE ESPECTRAL<\/a><\/td><td class=\"column-2\">NAT\u00c1LIA DE ALMEIDA SOARES<\/td><td class=\"column-3\">Prof\u00ba Dr. ANDR\u00c9S PABLO L\u00d3PEZ BARBERO<\/td><td class=\"column-4\">2019<\/td><td class=\"column-5\">Disserta\u00e7\u00e3o<\/td>\n<\/tr>\n<tr class=\"row-171\">\n\t<td class=\"column-1\"><a href=\"https:\/\/ppgeet.uff.br\/wp-content\/uploads\/sites\/207\/2021\/01\/Fernando-Jos.pdf\">CARACTERIZA\u00c7\u00c3O DO CANAL DE R\u00c1DIO VE\u00cdCULO-INFRAESTRUTURA NA FAIXA DE 5.8 GHz<\/a><\/td><td class=\"column-2\">FERNANDO JOS\u00c9 DE OLIVEIRA<\/td><td class=\"column-3\">Prof\u00ba Dr.\u00a0\u00a0PEDRO VLADIMIR GONZALES CASTELLANOS<\/td><td class=\"column-4\">2019<\/td><td class=\"column-5\">Disserta\u00e7\u00e3o<\/td>\n<\/tr>\n<tr class=\"row-172\">\n\t<td class=\"column-1\"><a href=\"https:\/\/ppgeet.uff.br\/wp-content\/uploads\/sites\/207\/2021\/01\/Luciana-Briggs.pdf\">ESTUDO, CARACTERIZA\u00c7\u00c3O E APLICA\u00c7\u00c3O DE ANTENAS VIVALDI EM C\u00c9LULA PHASED ARRAY DE BANDA LARGA<\/a><\/td><td class=\"column-2\">LUCIANA DA SILVA BRIGGS<\/td><td class=\"column-3\">Prof\u00aa Dr\u00aa.\u00a0VANESSA PRZYBYLSKI RIBEIRO MAGRI SOUZA<\/td><td class=\"column-4\">2019<\/td><td class=\"column-5\">Disserta\u00e7\u00e3o<\/td>\n<\/tr>\n<tr class=\"row-173\">\n\t<td class=\"column-1\"><a href=\"https:\/\/ppgeet.uff.br\/wp-content\/uploads\/sites\/207\/2021\/01\/Disserta__o_Helio_Review2-2.pdf\">MINECAP: DETEC\u00c7\u00c3O DE MINERA\u00c7\u00c3O DE CRIPTOMOEDAS EM REDES CORPORATIVAS COM APRENDIZADO DE M\u00c1QUINA E PREVEN\u00c7\u00c3O DE ABUSOS COM REDES DEFINIDAS POR SOFTWARE<\/a><\/td><td class=\"column-2\">HELIO DO NASCIMENTO CUNHA NETO<\/td><td class=\"column-3\">Prof\u00aa Dr\u00aa.\u00a0NATALIA CASTRO FERNANDES<\/td><td class=\"column-4\">2019<\/td><td class=\"column-5\">Disserta\u00e7\u00e3o<\/td>\n<\/tr>\n<tr class=\"row-174\">\n\t<td class=\"column-1\"><a href=\"https:\/\/ppgeet.uff.br\/wp-content\/uploads\/sites\/207\/2021\/12\/Vitor-Mota.pdf\" rel=\"noopener noreferrer\" target=\"_blank\">DESENVOLVIMENTO DE PROT\u00d3TIPO DE BAIXO CUSTO PARA MEDI\u00c7\u00c3O DE ANTENAS MINIATURIZADAS APLICADAS AO RFID E 5G<\/a><\/td><td class=\"column-2\">VITOR LUIZ GOMES MOTA<\/td><td class=\"column-3\">Prof\u00aa Dr\u00aa VANESSA PRZYBYLSKI RIBEIRO MAGRI SOUZA<\/td><td class=\"column-4\">2019<\/td><td class=\"column-5\">Disserta\u00e7\u00e3o<\/td>\n<\/tr>\n<tr class=\"row-175\">\n\t<td class=\"column-1\"><a href=\"https:\/\/ppgeet.uff.br\/wp-content\/uploads\/sites\/207\/2021\/01\/Fabio-Oliveira-dos-Santos.pdf\">USO DE ALGORITMOS DE APRENDIZADO DE M\u00c1QUINA NA RESOLU\u00c7\u00c3O DE FALHAS EM REDES M\u00d3VEIS<\/a><\/td><td class=\"column-2\">F\u00c1BIO OLIVEIRA DOS SANTOS<\/td><td class=\"column-3\">Prof\u00aa Dr\u00aa\u00a0NATALIA CASTRO FERNANDES<\/td><td class=\"column-4\">2019<\/td><td class=\"column-5\">Disserta\u00e7\u00e3o<\/td>\n<\/tr>\n<tr class=\"row-176\">\n\t<td class=\"column-1\"><a href=\"https:\/\/ppgeet.uff.br\/wp-content\/uploads\/sites\/207\/2021\/02\/Leonardo-Guimaraes.pdf\">APLICA\u00c7\u00c3O DE MODELOS OCULTOS DE MARKOV NA MODELAGEM DO CANAL R\u00c1DIO M\u00d3VEL<\/a><\/td><td class=\"column-2\">LEONARDO GUIMAR\u00c3ES RIBEIRO<\/td><td class=\"column-3\">Prof\u00aa Dr\u00aa LENI JOAQUIM DE MATOS<\/td><td class=\"column-4\">2019<\/td><td class=\"column-5\">Disserta\u00e7\u00e3o<\/td>\n<\/tr>\n<tr class=\"row-177\">\n\t<td class=\"column-1\"><a href=\"https:\/\/ppgeet.uff.br\/wp-content\/uploads\/sites\/207\/2021\/01\/Guilherme-Flores.pdf\">OTIMIZA\u00c7\u00c3O NATURAL E REDES NEURAIS ARTIFICIAIS PARA PROGRAMA\u00c7\u00c3O DI\u00c1RIA DE PEQUENAS CENTRAIS HIDREL\u00c9TRICAS<\/a><\/td><td class=\"column-2\">GUILHERME FABRIS FLORES<\/td><td class=\"column-3\">Prof\u00ba Dr.\u00a0VITOR HUGO FERREIRA<\/td><td class=\"column-4\">2018<\/td><td class=\"column-5\">Disserta\u00e7\u00e3o<\/td>\n<\/tr>\n<tr class=\"row-178\">\n\t<td class=\"column-1\"><a href=\"https:\/\/ppgeet.uff.br\/wp-content\/uploads\/sites\/207\/2021\/01\/Rodrigo-Pizetti.pdf\">PREVIS\u00c3O PROBABIL\u00cdSTICA DE ENERGIA SOLAR UTILIZANDO REDES NEURAIS COM INFER\u00caNCIA BAYESIANA E MISTURA DE GAUSSIANAS<\/a><\/td><td class=\"column-2\">RODRIGO PIZETTI MARTINS<\/td><td class=\"column-3\">Prof\u00ba Dr. VITOR HUGO FERREIRA<\/td><td class=\"column-4\">2018<\/td><td class=\"column-5\">Disserta\u00e7\u00e3o<\/td>\n<\/tr>\n<tr class=\"row-179\">\n\t<td class=\"column-1\"><a href=\"https:\/\/ppgeet.uff.br\/wp-content\/uploads\/sites\/207\/2021\/01\/Wagner-Marques.pdf\">SISTEMA DE MEDI\u00c7\u00c3O INTEGRADA E MONITORAMENTO RESIDENCIAL DE BAIXO CUSTO<\/a><\/td><td class=\"column-2\">WAGNER DE ANCHIETA MARQUES<\/td><td class=\"column-3\">Prof\u00ba Dr.\u00a0VITOR HUGO FERREIRA<\/td><td class=\"column-4\">2018<\/td><td class=\"column-5\">Disserta\u00e7\u00e3o<\/td>\n<\/tr>\n<tr class=\"row-180\">\n\t<td class=\"column-1\"><a href=\"https:\/\/ppgeet.uff.br\/wp-content\/uploads\/sites\/207\/2021\/01\/Rodrigo-Beserra.pdf\">DISPOSITIVO \u00d3TICO PARA CONTAGEM DE LEVEDURAS VI\u00c1VEIS BASEADO NA REDU\u00c7\u00c3O DO AZUL DE METILENO<\/a><\/td><td class=\"column-2\">RODRIGO BESSERA DE FREITAS<\/td><td class=\"column-3\">Prof\u00ba Dr. VIN\u00cdCIUS NUNES HENRIQUE SILVA<\/td><td class=\"column-4\">2018<\/td><td class=\"column-5\">Disserta\u00e7\u00e3o<\/td>\n<\/tr>\n<tr class=\"row-181\">\n\t<td class=\"column-1\"><a href=\"https:\/\/ppgeet.uff.br\/wp-content\/uploads\/sites\/207\/2021\/01\/Paulo-Machado.pdf\">SIMULA\u00c7\u00c3O DE ESTABILIDADE TRANSIT\u00d3RIA COM PASSO DE INTEGRA\u00c7\u00c3O VARI\u00c1VEL UTILIZANDO M\u00c9TODO ALTERNADO IMPL\u00cdCITO<\/a><\/td><td class=\"column-2\">PAULO PEREIRA MACHADO JUNIOR<\/td><td class=\"column-3\">Prof\u00ba Dr.\u00a0SERGIO GOMES JUNIOR<\/td><td class=\"column-4\">2018<\/td><td class=\"column-5\">Disserta\u00e7\u00e3o<\/td>\n<\/tr>\n<tr class=\"row-182\">\n\t<td class=\"column-1\"><a href=\"https:\/\/ppgeet.uff.br\/wp-content\/uploads\/sites\/207\/2021\/01\/Thiago-Rodrigues.pdf\">EFEITO DA INSER\u00c7\u00c3O DE PROPULS\u00c3O EL\u00c9TRICA NA QUALIDADE DE ENERGIA EL\u00c9TRICA EM NAVIOS MILITARES<\/a><\/td><td class=\"column-2\">THIAGO ALMEIDA RODRIGUES<\/td><td class=\"column-3\">Prof\u00ba Dr.\u00a0SERGIO GOMES JUNIOR<\/td><td class=\"column-4\">2018<\/td><td class=\"column-5\">Disserta\u00e7\u00e3o<\/td>\n<\/tr>\n<tr class=\"row-183\">\n\t<td class=\"column-1\"><a href=\"https:\/\/ppgeet.uff.br\/wp-content\/uploads\/sites\/207\/2021\/01\/Vinicius-Santos-Muniz.pdf\">\u00a0MONITORA\u00c7\u00c3O ONLINE DA SEGURAN\u00c7A DE SISTEMAS DE POT\u00caNCIA UTILIZANDO FLUXO DE POT\u00caNCIA CONTINUADO<\/a><\/td><td class=\"column-2\">VINICIUS SANTOS MUNIZ<\/td><td class=\"column-3\">Prof\u00ba Dr.\u00a0SERGIO GOMES JUNIOR<\/td><td class=\"column-4\">2018<\/td><td class=\"column-5\">Disserta\u00e7\u00e3o<\/td>\n<\/tr>\n<tr class=\"row-184\">\n\t<td class=\"column-1\"><a href=\"https:\/\/ppgeet.uff.br\/wp-content\/uploads\/sites\/207\/2021\/01\/Fabio-Castro.pdf\">APERFEI\u00c7OAMENTO DA SENSIBILIDADE E DA FAIXA DIN\u00c2MICA DE UM MONITOR DE POT\u00caNCIA \u00d3PTICA (OPMo) BASEADO NO ESPALHAMENTO DE LUZ<\/a><\/td><td class=\"column-2\">F\u00c1BIO LUIS AZEVEDO DE CASTRO<\/td><td class=\"column-3\">Prof\u00ba Dr.\u00a0RICARDO MARQUES RIBEIRO<\/td><td class=\"column-4\">2018<\/td><td class=\"column-5\">Disserta\u00e7\u00e3o<\/td>\n<\/tr>\n<tr class=\"row-185\">\n\t<td class=\"column-1\"><a href=\"https:\/\/ppgeet.uff.br\/wp-content\/uploads\/sites\/207\/2021\/01\/Ana-Carolina-Beaklini.pdf\">AN\u00c1LISE OBJETIVA E SUBJETIVA DA IMPLEMENTA\u00c7\u00c3O DE MECANISMOS DE CORRE\u00c7\u00c3O DE ERROS A N\u00cdVEL DE PACOTE SOBRE A QUALIDADE\u00a0DO V\u00cdDEO<\/a><\/td><td class=\"column-2\">ANA CAROLINA FERREIRA BEAKLINI<\/td><td class=\"column-3\">Prof\u00ba Dr.\u00a0RICARDO CAMPANHA CARRANO<\/td><td class=\"column-4\">2018<\/td><td class=\"column-5\">Disserta\u00e7\u00e3o<\/td>\n<\/tr>\n<tr class=\"row-186\">\n\t<td class=\"column-1\"><a href=\"https:\/\/ppgeet.uff.br\/wp-content\/uploads\/sites\/207\/2021\/01\/Marcela-Tuler.pdf\">DESENVOLVIMENTO DE UM MECANISMO DE CONSENSO BASEADO EM CONFIAN\u00c7A PARA CADEIAS DE BLOCOS PRIVADAS PERMISSIONADAS<\/a><\/td><td class=\"column-2\">MARCELA TULER DE OLIVEIRA<\/td><td class=\"column-3\">Prof\u00ba Dr.\u00a0RICARDO CAMPANHA CARRANO<\/td><td class=\"column-4\">2018<\/td><td class=\"column-5\">Disserta\u00e7\u00e3o<\/td>\n<\/tr>\n<tr class=\"row-187\">\n\t<td class=\"column-1\"><a href=\"https:\/\/ppgeet.uff.br\/wp-content\/uploads\/sites\/207\/2021\/01\/Milton-Flores.pdf\">PROPOSTA DE UM MODELO NACIONAL PARA UMA RASTREABILIDADE BOVINA INTEGRADA<\/a><\/td><td class=\"column-2\">MILTON MARTINS FLORES<\/td><td class=\"column-3\">Prof\u00ba Dr. RICARDO CAMPANHA CARRANO<\/td><td class=\"column-4\">2018<\/td><td class=\"column-5\">Disserta\u00e7\u00e3o<\/td>\n<\/tr>\n<tr class=\"row-188\">\n\t<td class=\"column-1\"><a href=\"https:\/\/ppgeet.uff.br\/wp-content\/uploads\/sites\/207\/2021\/01\/Larissa-de-Cssia-Gouveia.pdf\">AVALIA\u00c7\u00c3O DA TROCA DE TECNOLOGIA DE ILUMINA\u00c7\u00c3O EM EMBARCA\u00c7\u00d5ES MILITARES<\/a><\/td><td class=\"column-2\">LARISSA DE C\u00c1SSIA DOS SANTOS GOUVEIA<\/td><td class=\"column-3\">Prof\u00ba Dr.\u00a0M\u00c1RCIO ZAMBOTI FORTES<\/td><td class=\"column-4\">2018<\/td><td class=\"column-5\">Disserta\u00e7\u00e3o<\/td>\n<\/tr>\n<tr class=\"row-189\">\n\t<td class=\"column-1\"><a href=\"https:\/\/ppgeet.uff.br\/wp-content\/uploads\/sites\/207\/2021\/01\/Gleydson-Neves.pdf\">COMPARA\u00c7\u00c3O ENTRE DUAS METODOLOGIAS DE COMPENSADORES EST\u00c1TICOS MONOF\u00c1SICOS - TEORIA PQ E REALIMENTA\u00c7\u00c3O DE ESTADOS<\/a><\/td><td class=\"column-2\">GLEYDSON DOS SANTOS NEVES<\/td><td class=\"column-3\">Prof\u00ba Dr.\u00a0JOS\u00c9 ANDR\u00c9S SANTISTEBAN<\/td><td class=\"column-4\">2018<\/td><td class=\"column-5\">Disserta\u00e7\u00e3o<\/td>\n<\/tr>\n<tr class=\"row-190\">\n\t<td class=\"column-1\"><a href=\"https:\/\/ppgeet.uff.br\/wp-content\/uploads\/sites\/207\/2021\/01\/Tarcsio-Lessa.pdf\">SIMULA\u00c7\u00c3O DE LIMITADORES DE CORRENTE DE CURTO-CIRCUITO SUPERCONDUTORES RESISTIVOS EM UM SISTEMA EL\u00c9TRICO DE DISTRIBUI\u00c7\u00c3O REAL<\/a><\/td><td class=\"column-2\">TARC\u00cdSIO DA SILVA LESSA<\/td><td class=\"column-3\">Prof\u00ba Dr. GUILHERME SOTELO<\/td><td class=\"column-4\">2018<\/td><td class=\"column-5\">Disserta\u00e7\u00e3o<\/td>\n<\/tr>\n<tr class=\"row-191\">\n\t<td class=\"column-1\"><a href=\"https:\/\/ppgeet.uff.br\/wp-content\/uploads\/sites\/207\/2021\/01\/Gustavo-Luiz-Ferreira.pdf\">ENSAIOS EM UMA M\u00c1QUNA DE RELUT\u00c2NCIA VARI\u00c1VEL APLICADA AO ARMAZENAMENTO DE ENERGIA<\/a><\/td><td class=\"column-2\">GUSTAVO LUIZ FERREIRA<\/td><td class=\"column-3\">Prof\u00ba Dr.\u00a0GUILHERME GON\u00c7ALVES SOTELO<\/td><td class=\"column-4\">2018<\/td><td class=\"column-5\">Disserta\u00e7\u00e3o<\/td>\n<\/tr>\n<tr class=\"row-192\">\n\t<td class=\"column-1\"><a href=\"https:\/\/ppgeet.uff.br\/wp-content\/uploads\/sites\/207\/2021\/01\/Luis-Eduardo-Barrientos.pdf\">COMPARA\u00c7\u00c3O DE MODELOS DE SINAL GLOTAL NA S\u00cdNTESE DE VOGAIS, NOS CASOS DE VOGAL SUSTENTADA E DE VOZ CANTADA, CONSIDERANDO SONS NA L\u00cdNGUA ESPANHOLA<\/a><\/td><td class=\"column-2\">LUIS EDUARDO BARRIENTOS SANDOVAL<\/td><td class=\"column-3\">Prof\u00ba Dr. EDSON LUIZ CATALDO FERREIRA<\/td><td class=\"column-4\">2018<\/td><td class=\"column-5\">Disserta\u00e7\u00e3o<\/td>\n<\/tr>\n<tr class=\"row-193\">\n\t<td class=\"column-1\"><a href=\"https:\/\/ppgeet.uff.br\/wp-content\/uploads\/sites\/207\/2021\/01\/Daniel-Flores.pdf\">AN\u00c1LISE DE UM MOTOR BLDC PELO M\u00c9TODO DOS ELEMENTOS FINITOS<\/a><\/td><td class=\"column-2\">DANIEL FLORES SILVA<\/td><td class=\"column-3\">Prof\u00ba Dr.\u00a0DANIEL HENRIQUE NOGUEIRA DIAS<\/td><td class=\"column-4\">2018<\/td><td class=\"column-5\">Disserta\u00e7\u00e3o<\/td>\n<\/tr>\n<tr class=\"row-194\">\n\t<td class=\"column-1\"><a href=\"https:\/\/ppgeet.uff.br\/wp-content\/uploads\/sites\/207\/2021\/01\/Leonardo-Arruda.pdf\">OTIMIZADO DA CARGA E DESCARGA DE VE\u00cdCULOS EL\u00c9TRICOS CONSIDERANDO DIFERENTES MODELOS TARIF\u00c1RIOS<\/a><\/td><td class=\"column-2\">LEONARDO DE ARRUDA BITTENCOURT<\/td><td class=\"column-3\">Prof\u00ba Dr. BRUNO SOARES MOREIRA CESAR BORBA<\/td><td class=\"column-4\">2018<\/td><td class=\"column-5\">Disserta\u00e7\u00e3o<\/td>\n<\/tr>\n<tr class=\"row-195\">\n\t<td class=\"column-1\"><a href=\"https:\/\/ppgeet.uff.br\/wp-content\/uploads\/sites\/207\/2021\/01\/Dayana-Silva-Carvalho.pdf\">SONDAGEM EM FAIXA LARGA DE CANAL EM AMBIENTE SUBURBANO PARA SISTEMA DE QUINTA GERA\u00c7\u00c3O<\/a><\/td><td class=\"column-2\">DAYANA SILVA CARVALHO<\/td><td class=\"column-3\">Prof\u00ba Dr.\u00a0\u00a0PEDRO VLADIMIR GONZALEZ CASTELLANOS<\/td><td class=\"column-4\">2018<\/td><td class=\"column-5\">Disserta\u00e7\u00e3o<\/td>\n<\/tr>\n<tr class=\"row-196\">\n\t<td class=\"column-1\"><a href=\"https:\/\/ppgeet.uff.br\/wp-content\/uploads\/sites\/207\/2021\/01\/Bruno-Biaz.pdf\">DETECC\u0327A\u0303O DE ILHAMENTOS N\u00c3O INTENCIONAIS EM REDES DE DISTRIBUI\u00c7\u00c3O COM GERA\u00c7\u00c3O DISTRIBU\u00cdDA UTILIZANDO REDES NEURAIS ARTIFICIAIS<\/a><\/td><td class=\"column-2\">BRUNO MARTINS DE BIAZ<\/td><td class=\"column-3\">Prof\u00ba Dr.\u00a0\u00a0MARCIO ZAMBOTI FORTE<\/td><td class=\"column-4\">2018<\/td><td class=\"column-5\">Disserta\u00e7\u00e3o<\/td>\n<\/tr>\n<tr class=\"row-197\">\n\t<td class=\"column-1\"><a href=\"https:\/\/ppgeet.uff.br\/wp-content\/uploads\/sites\/207\/2021\/01\/Lorenna-Baptista.pdf\">FERRAMENTA DE AN\u00c1LISE DE DADOS NA CERTIFICA\u00c7\u00c3O DE PRODUTOS LUMINOT\u00c9CNICOS - UM ESTUDO DE CASO PARA L\u00c2MPADAS LED<\/a><\/td><td class=\"column-2\">LORENNA BAPTISTA DE OLIVEIRA<\/td><td class=\"column-3\">Prof\u00ba Dr.\u00a0\u00a0MARCIO ZAMBOTI FORTE<\/td><td class=\"column-4\">2018<\/td><td class=\"column-5\">Disserta\u00e7\u00e3o<\/td>\n<\/tr>\n<tr class=\"row-198\">\n\t<td class=\"column-1\">DESENVOLVIMENTO DE SISTEMAS OFDM PARA APLICA\u00c7\u00d5ES EM SISTEMAS CELULARES DE QUINTA GERA\u00c7\u00c3O<\/td><td class=\"column-2\">CARINA RIBEIRO BARBIO CORR\u00caA<\/td><td class=\"column-3\">Prof\u00aa Dr\u00aa VANESSA PRZYBYLSKI RIBEIRO MAGRI SOUZA<\/td><td class=\"column-4\">2018<\/td><td class=\"column-5\">Disserta\u00e7\u00e3o<\/td>\n<\/tr>\n<tr class=\"row-199\">\n\t<td class=\"column-1\"><a href=\"https:\/\/ppgeet.uff.br\/wp-content\/uploads\/sites\/207\/2021\/01\/Rodrigo-Alves-de-Oliveira.pdf\">AVALIA\u00c7\u00c3O DE AMBIENTES DE EXPERIMENTA\u00c7\u00c3O BASEADOS EM OPENFLOW<\/a><\/td><td class=\"column-2\">RODRIGO ALVES DE OLIVEIRA<\/td><td class=\"column-3\">Prof\u00aa Dr\u00aa NAT\u00c1LIA CASTRO FERNANDES<\/td><td class=\"column-4\">2018<\/td><td class=\"column-5\">Disserta\u00e7\u00e3o<\/td>\n<\/tr>\n<tr class=\"row-200\">\n\t<td class=\"column-1\"><a href=\"https:\/\/ppgeet.uff.br\/wp-content\/uploads\/sites\/207\/2021\/01\/Daniel_do_Souto_Lopes.pdf\">MODELOS NEURAIS AUT\u00d4NOMOS PARA CLASSIFICA\u00c7\u00c3O E LOCALIZA\u00c7\u00c3O DE DEFEITOS EM LINHAS DE TRANSMISS\u00c3O<\/a><\/td><td class=\"column-2\">DANIEL DO SOUTO LOPES<\/td><td class=\"column-3\">Prof\u00ba Dr.\u00a0VITOR HUGO FERREIRA<\/td><td class=\"column-4\">2017<\/td><td class=\"column-5\">Disserta\u00e7\u00e3o<\/td>\n<\/tr>\n<tr class=\"row-201\">\n\t<td class=\"column-1\"><a href=\"https:\/\/ppgeet.uff.br\/wp-content\/uploads\/sites\/207\/2021\/01\/Mariana_Albuquerque_Reynaud_Schaefer.pdf\">\u00a0IMPLEMENTA\u00c7\u00c3O DE FILTROS EM MICROSTRIP NA FAIXA DO LTE<\/a><\/td><td class=\"column-2\">MARIANA ALBUQUERQUE REYNAULD SCHAEFER<\/td><td class=\"column-3\">Prof\u00ba Dr. TADEU NAGASHIMA FERREIRA<\/td><td class=\"column-4\">2017<\/td><td class=\"column-5\">Disserta\u00e7\u00e3o<\/td>\n<\/tr>\n<tr class=\"row-202\">\n\t<td class=\"column-1\"><a href=\"https:\/\/ppgeet.uff.br\/wp-content\/uploads\/sites\/207\/2021\/01\/Michele_da_Costa_Zanon.pdf\">DISPOSITIVOS DE MULTI-DEMULTIPLEXA\u00c7\u00c3O WDM E EMENDAS PARA FIBRAS \u00d3TICAS POLIM\u00c9RICAS DE PMMA VISANDO APLICA\u00c7\u00d5ES EM REDES RESIDENCIAIS<\/a><\/td><td class=\"column-2\">MICHELE DA COSTA ZANON<\/td><td class=\"column-3\">Prof\u00ba Dr.\u00a0RICARDO MARQUES RIBEIRO<\/td><td class=\"column-4\">2017<\/td><td class=\"column-5\">Disserta\u00e7\u00e3o<\/td>\n<\/tr>\n<tr class=\"row-203\">\n\t<td class=\"column-1\">M\u00c9TODO DE CLASSIFICA\u00c7\u00c3O PARA REDES COGNITIVAS<\/td><td class=\"column-2\">ERIKA GUIMAR\u00c3ES PEREIRA DA FONSECA<\/td><td class=\"column-3\">Prof\u00ba Dr.\u00a0RICARDO CARRANO CAMPANHA<\/td><td class=\"column-4\">2017<\/td><td class=\"column-5\">Disserta\u00e7\u00e3o<\/td>\n<\/tr>\n<tr class=\"row-204\">\n\t<td class=\"column-1\"><a href=\"https:\/\/ppgeet.uff.br\/wp-content\/uploads\/sites\/207\/2021\/01\/Fabio-Agricola-dissertao.pdf\">ALGORITMOS DE COMPRESS\u00c3O DE IMAGENS BASEADOS EM CASAMENTO DE PADR\u00d5ES COM MODELOS PROBABIL\u00cdSTICOS CONDICIONADOS, VISANDO A IMPLEMENTA\u00c7\u00c3O EM PLATAFORMAS DE PROCESSAMENTO PARALELO<\/a><\/td><td class=\"column-2\">FABIO AGRICOLA DE MIRANDA<\/td><td class=\"column-3\">Prof\u00ba Dr. MURILO BRESCIANI DE CARVALHO<\/td><td class=\"column-4\">2017<\/td><td class=\"column-5\">Disserta\u00e7\u00e3o<\/td>\n<\/tr>\n<tr class=\"row-205\">\n\t<td class=\"column-1\"><a href=\"https:\/\/ppgeet.uff.br\/wp-content\/uploads\/sites\/207\/2021\/01\/David_Anderson_Veiga_Goncalves.pdf\">SIMULADOR DE LEIL\u00d5ES DE ENERGIA EL\u00c9TRICA NO MERCADO BRASILEIRO<\/a><\/td><td class=\"column-2\">DAVID ANDERSON VEIGA GON\u00c7ALVES<\/td><td class=\"column-3\">Prof\u00ba Dr. BRUNO SOARES MOREIRA CESAR BORBA<\/td><td class=\"column-4\">2017<\/td><td class=\"column-5\">Disserta\u00e7\u00e3o<\/td>\n<\/tr>\n<tr class=\"row-206\">\n\t<td class=\"column-1\">ESTUDO SOBRE TECNOLOGIAS CANDIDATAS \u00c0 PR\u00d3XIMA GERA\u00c7\u00c3O DE REDES \u00d3PTICAS PASSIVAS E CEN\u00c1RIO DE COEXIST\u00caNCIA NA REDE DE ACESSO<\/td><td class=\"column-2\">ANA CAROLINA PEDREIRA CAPELLA VILELA<\/td><td class=\"column-3\">Prof\u00ba Dr.\u00a0ANDR\u00c9S PABLO L\u00d3PEZ BARBERO<\/td><td class=\"column-4\">2017<\/td><td class=\"column-5\">Disserta\u00e7\u00e3o<\/td>\n<\/tr>\n<tr class=\"row-207\">\n\t<td class=\"column-1\"><a href=\"https:\/\/ppgeet.uff.br\/wp-content\/uploads\/sites\/207\/2021\/01\/Vicente_Alves_de_Oliveira.pdf\">T\u00c9CNICA DE INTERROGA\u00c7\u00c3O DE LPGS AUTO-REFERENCI\u00c1VEL POR AN\u00c1LISE HARM\u00d4NICA<\/a><\/td><td class=\"column-2\">VICENTE ALVES DE OLIVEIRA\u00a0<\/td><td class=\"column-3\">Prof\u00ba Dr.\u00a0ANDR\u00c9S PABLO L\u00d3PEZ BARBERO<\/td><td class=\"column-4\">2017<\/td><td class=\"column-5\">Disserta\u00e7\u00e3o<\/td>\n<\/tr>\n<tr class=\"row-208\">\n\t<td class=\"column-1\"><a href=\"https:\/\/ppgeet.uff.br\/wp-content\/uploads\/sites\/207\/2021\/01\/Matheus_Bernardes_de_Moura.pdf\">MELHORIA NA PREDI\u00c7\u00c3O DE COBERTURA DE SINAL DE R\u00c1DIO M\u00d3VEL OUTDOOR-INDOOR NA FAIXA DE 700 MHz ATRAV\u00c9S DE REDES NEURAIS<\/a><\/td><td class=\"column-2\">MATHEUS BERNARDES DE MOURA<\/td><td class=\"column-3\">Prof\u00aa Dra. LENI JOAQUIM DE MATOS<\/td><td class=\"column-4\">2017<\/td><td class=\"column-5\">Disserta\u00e7\u00e3o<\/td>\n<\/tr>\n<tr class=\"row-209\">\n\t<td class=\"column-1\"><a href=\"https:\/\/ppgeet.uff.br\/wp-content\/uploads\/sites\/207\/2021\/01\/Roberto-Di-Brauer-dissertao.pdf\">ANTENAS SIWG IMPRESSAS COM FENDAS E ALIMENTA\u00c7\u00c3O DO TIPO STRIPLINE PARA APLICA\u00c7\u00d5ES INDOOR NO PADR\u00c3O 5G<\/a><\/td><td class=\"column-2\">ROBERTO BRAUER DI RENNA<\/td><td class=\"column-3\">Prof\u00aa Dr\u00aa VANESSA PRZYBYLSKI RIBEIRO MAGRI SOUZA<\/td><td class=\"column-4\">2017<\/td><td class=\"column-5\">Disserta\u00e7\u00e3o<\/td>\n<\/tr>\n<tr class=\"row-210\">\n\t<td class=\"column-1\"><a href=\"https:\/\/ppgeet.uff.br\/wp-content\/uploads\/sites\/207\/2021\/01\/Rodrigo-Agra-dissertao.pdf\">ANTENA LOG-PERI\u00d3DICA TRAPEZOIDAL DENTADA PLANR IMPRESSA SUBSTRATO FR4 PARA DTV<\/a><\/td><td class=\"column-2\">RODRIGO AGRA DE OLIVEIRA<\/td><td class=\"column-3\">Prof\u00aa Dr\u00aa VANESSA PRZYBYLSKI RIBEIRO MAGRI SOUZA<\/td><td class=\"column-4\">2017<\/td><td class=\"column-5\">Disserta\u00e7\u00e3o<\/td>\n<\/tr>\n<tr class=\"row-211\">\n\t<td class=\"column-1\"><a href=\"https:\/\/ppgeet.uff.br\/wp-content\/uploads\/sites\/207\/2021\/01\/Marco-Antonio-Abi-Ramia.pdf\">GERENCIADOR DE ATIVOS DE PROTE\u00c7\u00c3O EM SUBESTA\u00c7\u00d5ES BASEADO NA IEC 61850<\/a><\/td><td class=\"column-2\">MARCO ANTONIO ABI-RAMIA JUNIOR<\/td><td class=\"column-3\">Prof\u00aa Dr\u00aa NAT\u00c1LIA CASTRO FERNANDES<\/td><td class=\"column-4\">2017<\/td><td class=\"column-5\">Disserta\u00e7\u00e3o<\/td>\n<\/tr>\n<tr class=\"row-212\">\n\t<td class=\"column-1\">IMPLANTA\u00c7\u00c3O\u00a0DE UM SISTEMA DE TELEFONIA IP EM UMA REDE SEM FIO - VoIP M\u00d3VEL<\/td><td class=\"column-2\">MARCELO PEREIRA DE ABREU<\/td><td class=\"column-3\">Prof\u00ba. Dr. LUIZ CLAUDIO SCHARA MAGALH\u00c3ES<\/td><td class=\"column-4\">2016\u00a0<\/td><td class=\"column-5\">Disserta\u00e7\u00e3o<\/td>\n<\/tr>\n<tr class=\"row-213\">\n\t<td class=\"column-1\"><a href=\"https:\/\/ppgeet.uff.br\/wp-content\/uploads\/sites\/207\/2021\/01\/Rene_Cruz_Freire.pdf\">OTIMIZA\u00c7\u00c3O NATURAL MULTIOBJETIVO COMO FERRAMENTA PARA DESVIO MINIMO DE PONTOS DE OPERA\u00c7\u00c3O CONSIDERANDO RESTRI\u00c7\u00d5ES DE SEGURAN\u00c7A<\/a><\/td><td class=\"column-2\">RENE CRUZ FREIRE\u00a0<\/td><td class=\"column-3\">Prof\u00ba Dr.\u00a0VITOR HUGO FERREIRA\u00a0<\/td><td class=\"column-4\">2016\u00a0<\/td><td class=\"column-5\">Disserta\u00e7\u00e3o<\/td>\n<\/tr>\n<tr class=\"row-214\">\n\t<td class=\"column-1\"><a href=\"https:\/\/ppgeet.uff.br\/wp-content\/uploads\/sites\/207\/2021\/01\/Daniel_Almeida_de_Medeiros.pdf\">MEDIDA DE EVAPORA\u00c7\u00c3O POR MEIO DE TURBUL\u00caNCIA ATMOSF\u00c9RICA E DA T\u00c9CNICA DE TRIANGULA\u00c7\u00c3O DE POT\u00caNCIAS<\/a><\/td><td class=\"column-2\">DANIEL ALMEIDA DE MEDEIROS<\/td><td class=\"column-3\">Prof\u00ba Dr. VINICIUS NUNES HENRIQUE SILVA<\/td><td class=\"column-4\">2016\u00a0<\/td><td class=\"column-5\">Disserta\u00e7\u00e3o<\/td>\n<\/tr>\n<tr class=\"row-215\">\n\t<td class=\"column-1\"><a href=\"https:\/\/ppgeet.uff.br\/wp-content\/uploads\/sites\/207\/2021\/01\/Ivan_de_Souza_Machado.pdf\">AN\u00c1LISE T\u00c9CNICO-ECON\u00d4MICA DO IMPACTO DA PENETRA\u00c7\u00c3O DA GERA\u00c7\u00c3O DISTRIBU\u00cdDA EM REDES DE DISTRIBUI\u00c7\u00c3O<\/a><\/td><td class=\"column-2\">IVAN DE SOUZA MACHADO<\/td><td class=\"column-3\">Prof\u00ba Dr. BRUNO SOARES MOREIRA CESAR BORBA\u00a0<\/td><td class=\"column-4\">2016\u00a0<\/td><td class=\"column-5\">Disserta\u00e7\u00e3o<\/td>\n<\/tr>\n<tr class=\"row-216\">\n\t<td class=\"column-1\"><a href=\"https:\/\/ppgeet.uff.br\/wp-content\/uploads\/sites\/207\/2021\/01\/Luis_Micahel_Martins_Rocha.pdf\">PROJETO E CONSTRU\u00c7\u00c3O DE UM LIMITADOR DE CORRENTE SUPERCONDUTOR MODULAR<\/a><\/td><td class=\"column-2\">LU\u00cdS MICAHEL MARTINS ROCHA<\/td><td class=\"column-3\">Prof\u00ba. Dr. DANIEL HENRIQUE NOGUEIRA DIAS\u00a0<\/td><td class=\"column-4\">2016<\/td><td class=\"column-5\">Disserta\u00e7\u00e3o<\/td>\n<\/tr>\n<tr class=\"row-217\">\n\t<td class=\"column-1\">AN\u00c1LISE COMPARATIVA DE ALGORITIMOS ADAPTATIVOS QUE USAM ESTAT\u00cdSTICAS DE ALTA ORDEM PARA EQUALIZA\u00c7\u00c3O DE CANAIS \u00a0ESPARSOS<\/td><td class=\"column-2\">FELIPE FRASSON<\/td><td class=\"column-3\">Prof\u00ba Dr. TADEU NAGASHIMA FERREIRA<\/td><td class=\"column-4\">2016<\/td><td class=\"column-5\">Disserta\u00e7\u00e3o<\/td>\n<\/tr>\n<tr class=\"row-218\">\n\t<td class=\"column-1\"><a href=\"https:\/\/ppgeet.uff.br\/wp-content\/uploads\/sites\/207\/2021\/01\/Beatriz_Alencar_Ribeiro.pdf\">DESENVOLVIMENTO DE UM DISPOSITIVO BASEADO EM CONFIGURA\u00c7\u00c3O SLALOM COM FUN\u00c7\u00d5ES \u00a0DE AMPLIFICADOR AC E ANTENUADOR DC \u00d3PTICOS<\/a><\/td><td class=\"column-2\">BEATRIZ ALENCAR RIBEIRO<\/td><td class=\"column-3\">Prof\u00ba Dr. RICARDO MARQUES RIBEIRO<\/td><td class=\"column-4\">2016<\/td><td class=\"column-5\">Disserta\u00e7\u00e3o<\/td>\n<\/tr>\n<tr class=\"row-219\">\n\t<td class=\"column-1\"><a href=\"https:\/\/ppgeet.uff.br\/wp-content\/uploads\/sites\/207\/2021\/01\/Vinicius_Correia_Ferreira.pdf\">DETEC\u00c7\u00c3O E DIAGN\u00d3STICO DE FALHAS EM REDES EM MALHA SEM FIO ALIMENTADAS POR ENERGIA SOLAR UTILIZANDO APRENDIZADO DE M\u00c1QUINAS<\/a><\/td><td class=\"column-2\">VINICIUS CORR\u00caA FERREIRA<\/td><td class=\"column-3\">Prof\u00ba Dr. RICARDO CAMPANHA CARRANO<\/td><td class=\"column-4\">2016<\/td><td class=\"column-5\">Disserta\u00e7\u00e3o<\/td>\n<\/tr>\n<tr class=\"row-220\">\n\t<td class=\"column-1\"><a href=\"https:\/\/ppgeet.uff.br\/wp-content\/uploads\/sites\/207\/2021\/01\/Fernando_Otavio_Gomes_Da_Fonseca.pdf\">DETECTOR DE FACES UTILIZANDO FILTROS DE CARACTER\u00cdSTICAS<\/a><\/td><td class=\"column-2\">FERNANDO OT\u00c1VIO GOMES DA FONSECA<\/td><td class=\"column-3\">Prof\u00ba Dr. MURILO BRESCIANI DE CARVALHO<\/td><td class=\"column-4\">2016<\/td><td class=\"column-5\">Disserta\u00e7\u00e3o<\/td>\n<\/tr>\n<tr class=\"row-221\">\n\t<td class=\"column-1\"><a href=\"https:\/\/ppgeet.uff.br\/wp-content\/uploads\/sites\/207\/2021\/01\/Flavio-Camacho.pdf\">ESTUDO DE VIABILIDADE DO USO DA TECNOLOGIA 802.11 PARA CIDADES DIGITAIS<\/a><\/td><td class=\"column-2\">FL\u00c1VIO GOMES FIGUEIRA CAMACHO<\/td><td class=\"column-3\">Prof\u00ba Dr. LUIZ CLAUDIO SCHARA MAGALH\u00c3ES<\/td><td class=\"column-4\">2016<\/td><td class=\"column-5\">Disserta\u00e7\u00e3o<\/td>\n<\/tr>\n<tr class=\"row-222\">\n\t<td class=\"column-1\">ESTUDO SOBRE O DESEMPENHO DE ALGORITIMOS DE ESTIMA\u00c7\u00c3O DE FREQU\u00caNCIA VISANDO UNIDADES DE MEDI\u00c7\u00c3O FASORIAL<\/td><td class=\"column-2\">RENATO COZZOLINO RODRIGUES DE SOUZA<\/td><td class=\"column-3\">Prof\u00ba Dr. JOS\u00c9 ANDR\u00c9S SANTISTEBAN LARREA<\/td><td class=\"column-4\">2016<\/td><td class=\"column-5\">Disserta\u00e7\u00e3o<\/td>\n<\/tr>\n<tr class=\"row-223\">\n\t<td class=\"column-1\"><a href=\"https:\/\/ppgeet.uff.br\/wp-content\/uploads\/sites\/207\/2021\/01\/Dissertao_Vanessa-das-NevesPimentel-PARA-SUCUPIRA.pdf\">M\u00c9TODOS DE CRIPTOGRAFIA APLICADOS A SINAIS DA VOZ<\/a><\/td><td class=\"column-2\">VANESSA DAS NEVES PIMENTEL<\/td><td class=\"column-3\">Prof\u00ba Dr. EDSON LUIZ CATALDO FERREIRA<\/td><td class=\"column-4\">2016<\/td><td class=\"column-5\">Disserta\u00e7\u00e3o<\/td>\n<\/tr>\n<tr class=\"row-224\">\n\t<td class=\"column-1\"><a href=\"https:\/\/ppgeet.uff.br\/wp-content\/uploads\/sites\/207\/2021\/01\/Annelys_Machado_Schetinger.pdf\">AN\u00c1LISE DA VIABILIDADE ECON\u00d4MICA DA INSER\u00c7\u00c3O DE VE\u00cdCULOS EL\u00c9TRICOS INTEGRADOS A GERA\u00c7\u00c3O FOTOVOLTAICA E E\u00d3LICA: ESTUDO DE CASO<\/a><\/td><td class=\"column-2\">ANNELYS MACHADO SCHETINGER<\/td><td class=\"column-3\">Prof\u00ba Dr. DANIEL HENRIQUE NOGUEIRA DIAS<\/td><td class=\"column-4\">2016<\/td><td class=\"column-5\">Disserta\u00e7\u00e3o<\/td>\n<\/tr>\n<tr class=\"row-225\">\n\t<td class=\"column-1\">CAMFLOW: MECANISMO PARA GERENCIAMENTO DA COMPRESS\u00c3O DE CABE\u00c7ALHOS EM REDES OPENFLOW\u00a0<\/td><td class=\"column-2\">EDVAR AFONSO LUCIANO FILHO<\/td><td class=\"column-3\">Prof\u00aa Dr\u00aa NATALIA CASTRO FERNANDES\u00a0<\/td><td class=\"column-4\">2016<\/td><td class=\"column-5\">Disserta\u00e7\u00e3o<\/td>\n<\/tr>\n<tr class=\"row-226\">\n\t<td class=\"column-1\"><a href=\"https:\/\/ppgeet.uff.br\/wp-content\/uploads\/sites\/207\/2021\/01\/Tiago_Bornia_de_Castro.pdf\">DEFLEGER : DESLOCAMENTO E FLEXIBILIDADE DE CARGAS NO GERENCIAMENTO DE ENERGIA RESIDENCIAL<\/a><\/td><td class=\"column-2\">TIAGO BORNIA DE CASTRO<\/td><td class=\"column-3\">Prof\u00aa Dr\u00aa NATALIA CASTRO FERNANDES\u00a0<\/td><td class=\"column-4\">2016<\/td><td class=\"column-5\">Disserta\u00e7\u00e3o<\/td>\n<\/tr>\n<tr class=\"row-227\">\n\t<td class=\"column-1\"><a href=\"https:\/\/ppgeet.uff.br\/wp-content\/uploads\/sites\/207\/2021\/01\/Henrique_Santos_Fernandes.pdf\">PROVENDO SEGURAN\u00c7A EM REDES DEFINIDAS POR SOFTWARE ATRAV\u00c9S DA INTEGRA\u00c7\u00c3O COM SISTEMAS DE DETEC\u00c7\u00c3O E PREVEN\u00c7\u00c3O DE INTRUS\u00c3O<\/a><\/td><td class=\"column-2\">HENRIQUE SANTOS FERNANDES<\/td><td class=\"column-3\">Prof\u00aa Dr\u00aa NATALIA CASTRO FERNANDES<\/td><td class=\"column-4\">2016<\/td><td class=\"column-5\">Disserta\u00e7\u00e3o<\/td>\n<\/tr>\n<tr class=\"row-228\">\n\t<td class=\"column-1\"><a href=\"https:\/\/ppgeet.uff.br\/wp-content\/uploads\/sites\/207\/2021\/01\/Vitor_dos_Santos_Farias.pdf\">FIBREOSS \u2013 UM SISTEMA DE GER\u00caNCIA PARA O TESTBED FIBRE<\/a><\/td><td class=\"column-2\">VITOR DOS SANTOS FARIAS<\/td><td class=\"column-3\">Prof\u00aa Dr\u00aa NATALIA CASTRO FERNANDES<\/td><td class=\"column-4\">2016<\/td><td class=\"column-5\">Disserta\u00e7\u00e3o<\/td>\n<\/tr>\n<tr class=\"row-229\">\n\t<td class=\"column-1\"><a href=\"https:\/\/ppgeet.uff.br\/wp-content\/uploads\/sites\/207\/2021\/01\/Elidiane_Mirella_Farias_Fernandes.pdf\">APLICA\u00c7\u00c3O DE SUPERF\u00cdCIE SELETIVA EM FREQU\u00caNCIA PARA MELHORIA DE DESEMPENHO DE SISTEMAS DE ANTENAS TIPO BANDA DUPLA<\/a><\/td><td class=\"column-2\">ELIDIANE MIRELLA FARIAS FERNANDES\u00a0<\/td><td class=\"column-3\">Prof\u00aa Dr\u00aa LENI JOAQUIM DE MATOS\u00a0<\/td><td class=\"column-4\">2016<\/td><td class=\"column-5\">Disserta\u00e7\u00e3o<\/td>\n<\/tr>\n<tr class=\"row-230\">\n\t<td class=\"column-1\"><a href=\"https:\/\/ppgeet.uff.br\/wp-content\/uploads\/sites\/207\/2021\/01\/Gilbert_Ponciano_Ferreira.pdf\">\u00a0APLICA\u00c7\u00c3O DE REDES NEURAIS ARTIFICIAIS COMO AUX\u00cdLIO \u00c0 PREDI\u00c7\u00c3O DE COBERTURA DE SINAIS R\u00c1DIO M\u00d3VEIS NA FAIXA DE UHF<\/a><\/td><td class=\"column-2\">GILBERT PONCIANO FERREIRA<\/td><td class=\"column-3\">Prof\u00ba LENI JOAQUIM DE MATOS<\/td><td class=\"column-4\">2015<\/td><td class=\"column-5\">Disserta\u00e7\u00e3o<\/td>\n<\/tr>\n<tr class=\"row-231\">\n\t<td class=\"column-1\"><a href=\"https:\/\/ppgeet.uff.br\/wp-content\/uploads\/sites\/207\/2021\/01\/Vinicius_Puga_De_Almeida_Santos.pdf\">CARACTERIZA\u00c7\u00c3O E ESTUDO COMPARATIVO DE SISTEMAS MIMO EM AMBIENTES AC\u00daSTICOS SUBMARINOS<\/a><\/td><td class=\"column-2\">VINICIUS PUGA DE ALMEIDA SANTOS\u00a0<\/td><td class=\"column-3\">Prof\u00ba Dr. TADEU NAGASHIMA FERREIRA\u00a0<\/td><td class=\"column-4\">2015<\/td><td class=\"column-5\">Disserta\u00e7\u00e3o<\/td>\n<\/tr>\n<tr class=\"row-232\">\n\t<td class=\"column-1\"><a href=\"https:\/\/ppgeet.uff.br\/wp-content\/uploads\/sites\/207\/2021\/01\/Sebastiao_Sergio_De_Oliveira_Junior.pdf\">CARACTERIZA\u00c7\u00c3O DA N\u00c3O-LINEARIDADE DE LEDS VIS\u00cdVEIS E DE ENLACES COM FIBRA \u00d3PTICA PL\u00c1STICA<\/a><\/td><td class=\"column-2\">SEBASTI\u00c3O SERGIO DE OLIVEIRA J\u00daNIOR<\/td><td class=\"column-3\">Prof\u00ba Dr. RICARDO MARQUES RIBEIRO<\/td><td class=\"column-4\">2015<\/td><td class=\"column-5\">Disserta\u00e7\u00e3o<\/td>\n<\/tr>\n<tr class=\"row-233\">\n\t<td class=\"column-1\"><a href=\"https:\/\/ppgeet.uff.br\/wp-content\/uploads\/sites\/207\/2021\/01\/Taiane_Alvarenga_Menandro_Garcia_De_Freitas.pdf\">DESENVOLVIMENTO DE UM MONITOR DE POT\u00caNCIA \u00d3PTICA APERFEI\u00c7OANDO PARA 1 OU 2 CANAIS WDM COM IMUNIDADE \u00c0 DISTRIBUI\u00c7\u00c3O MODAL<\/a><\/td><td class=\"column-2\">TAIANE ALVARENGA MENANDRO GARCIA DE FREITAS<\/td><td class=\"column-3\">Prof\u00ba Dr. RICARDO MARQUES RIBEIRO<\/td><td class=\"column-4\">2015<\/td><td class=\"column-5\">Disserta\u00e7\u00e3o<\/td>\n<\/tr>\n<tr class=\"row-234\">\n\t<td class=\"column-1\"><a href=\"https:\/\/ppgeet.uff.br\/wp-content\/uploads\/sites\/207\/2021\/01\/Fernando_Jorge_Monteiro_Dias.pdf\">AVALIA\u00c7\u00c3O DAS CARACTER\u00cdSTICAS EL\u00c9TRICAS E MAGN\u00c9TICAS DE BOBINAS SUPERCONDUTORAS, LEVANDO EM CONSIDERA\u00c7\u00c3O ALGUMAS CONFIGURA\u00c7\u00d5ES DE ISOLAMENTO<\/a><\/td><td class=\"column-2\">FERNANDO JORGE MONTEIRO DIAS<\/td><td class=\"column-3\">Prof\u00ba Dr. GUILHERME GON\u00c7ALVES SOTELO<\/td><td class=\"column-4\">2015<\/td><td class=\"column-5\">Disserta\u00e7\u00e3o<\/td>\n<\/tr>\n<tr class=\"row-235\">\n\t<td class=\"column-1\"><a href=\"https:\/\/ppgeet.uff.br\/wp-content\/uploads\/sites\/207\/2021\/01\/Pressley_Xavier_Neto.pdf\">T\u00c9CNICA AUTO-REFERENCI\u00c1VEL DE INTERROGA\u00c7\u00c3O DE SENSORES \u00d3PTICOS BASEADOS EM LPGs ATRAV\u00c9S DE AN\u00c1LISE HARM\u00d4NICA<\/a><\/td><td class=\"column-2\">PRESSLEY XAVIER NETO<\/td><td class=\"column-3\">Prof\u00ba Dr.\u00a0ANDR\u00c9S PABLO L\u00d3PEZ BARBERO<\/td><td class=\"column-4\">2015<\/td><td class=\"column-5\">Disserta\u00e7\u00e3o<\/td>\n<\/tr>\n<tr class=\"row-236\">\n\t<td class=\"column-1\"><a href=\"https:\/\/ppgeet.uff.br\/wp-content\/uploads\/sites\/207\/2021\/01\/Sydney_Bragantine_Germano.pdf\">MEDI\u00c7\u00c3O DOS EFEITOS DA TURBUL\u00caNCIA NA COMUNICA\u00c7\u00c3O ULTRASS\u00d4NICA SUBAQU\u00c1TICA\u00a0<\/a><\/td><td class=\"column-2\">SYDNEY BRAGANTINE GERMANO\u00a0<\/td><td class=\"column-3\">Prof\u00ba Dr.\u00a0ANDR\u00c9S PABLO L\u00d3PEZ BARBER\u00a0<\/td><td class=\"column-4\">2015<\/td><td class=\"column-5\">Disserta\u00e7\u00e3o<\/td>\n<\/tr>\n<tr class=\"row-237\">\n\t<td class=\"column-1\"><a href=\"https:\/\/ppgeet.uff.br\/wp-content\/uploads\/sites\/207\/2021\/01\/Luiz_Fernando_Da_Silva.pdf\">\u00a0CARACTERIZA\u00c7\u00c3O DA DIN\u00c2MICA DO GANHO DE AMPLIFICADORES \u00d3PTICOS DE FIBRAS DOPADA COM \u00c9RBIO<\/a><\/td><td class=\"column-2\">LUIZ FERNANDO DA SILVA<\/td><td class=\"column-3\">Prof\u00ba Dr. ANDR\u00c9S PABLO LOPES BARBERO<\/td><td class=\"column-4\">2015<\/td><td class=\"column-5\">Disserta\u00e7\u00e3o<\/td>\n<\/tr>\n<tr class=\"row-238\">\n\t<td class=\"column-1\"><a href=\"https:\/\/ppgeet.uff.br\/wp-content\/uploads\/sites\/207\/2021\/01\/Riani_Da_Boa_Morte_Silva.pdf\">AVALIA\u00c7\u00c3O DE T\u00c9CNICAS PARA DETEC\u00c7\u00c3O DE EVENTOS EM SISTEMAS DE POT\u00caNCIA<\/a><\/td><td class=\"column-2\">RIANI DA BOA MORTE SILVA<\/td><td class=\"column-3\">Prof\u00ba Dr VITOR HUGO FERREIRA<\/td><td class=\"column-4\">2015<\/td><td class=\"column-5\">Disserta\u00e7\u00e3o<\/td>\n<\/tr>\n<tr class=\"row-239\">\n\t<td class=\"column-1\"><a href=\"https:\/\/ppgeet.uff.br\/wp-content\/uploads\/sites\/207\/2021\/01\/Igor_Antonio_Da_Costa_Silva.pdf\">PROJETO, PROTOTIPA\u00c7\u00c3O E CARACTERIZA\u00c7\u00c3O DE ANTENAS DE CONJUNTO DE FENDAS INTEGRADAS EM SUBSTRATO DE CIRCUITO IMPRESSO EM 10 GHZ<\/a><\/td><td class=\"column-2\">IGOR ANT\u00d4NIO DA COSTA SILVA<\/td><td class=\"column-3\">Prof\u00aa Dr\u00aa VANESSA PRZYBYLSKI RIBEIRO MAGRI SOUZA<\/td><td class=\"column-4\">2015<\/td><td class=\"column-5\">Disserta\u00e7\u00e3o<\/td>\n<\/tr>\n<tr class=\"row-240\">\n\t<td class=\"column-1\"><a href=\"https:\/\/ppgeet.uff.br\/wp-content\/uploads\/sites\/207\/2021\/01\/Paulo_David_Schvartz_Maribondo.pdf\">\u00a0CAOS: EVITANDO DEGRADA\u00c7\u00c3O DO TR\u00c1FEGO DE VOZ EM REDES CORPORATIVAS USANDO REDES DEFINIDAS POR SOFTWARE<\/a><\/td><td class=\"column-2\">PAULO DAVID SCHVARTZ MARIBONDO\u00a0<\/td><td class=\"column-3\">Prof\u00aa Dr\u00aa\u00a0NATALIA CASTRO FERNANDES\u00a0<\/td><td class=\"column-4\">2015<\/td><td class=\"column-5\">Disserta\u00e7\u00e3o<\/td>\n<\/tr>\n<tr class=\"row-241\">\n\t<td class=\"column-1\"><a href=\"https:\/\/ppgeet.uff.br\/wp-content\/uploads\/sites\/207\/2021\/01\/Alex_Joao_Barbosa_Da_Silva.pdf\">REDE AUTO-BALANCEADA DEFINIDA POR SOFTWARE<\/a><\/td><td class=\"column-2\">ALEX JO\u00c3O BARBOSA DA SILVA<\/td><td class=\"column-3\">Prof\u00aa Dr\u00aa NAT\u00c1LIA CASTRO FERNANDES<\/td><td class=\"column-4\">2015<\/td><td class=\"column-5\">Disserta\u00e7\u00e3o<\/td>\n<\/tr>\n<tr class=\"row-242\">\n\t<td class=\"column-1\"><a href=\"https:\/\/ppgeet.uff.br\/wp-content\/uploads\/sites\/207\/2021\/01\/Ricardo_Williams_Sanchez_Junior.pdf\">\u00a0ADAPTA\u00c7\u00c3O DE TAXA DE PACOTES DE INTERESSE PARA STREAMING DE V\u00cdDEO EM REDES CENTRADAS EM CONTE\u00daDO<\/a><\/td><td class=\"column-2\">RICARDO WILLIAMS SANCHEZ JUNIOR\u00a0<\/td><td class=\"column-3\">Prof\u00aa Dr\u00aa NATALIA CASTRO FERNANDES<\/td><td class=\"column-4\">2015<\/td><td class=\"column-5\">Disserta\u00e7\u00e3o<\/td>\n<\/tr>\n<tr class=\"row-243\">\n\t<td class=\"column-1\"><a href=\"https:\/\/ppgeet.uff.br\/wp-content\/uploads\/sites\/207\/2021\/01\/Fabiano_Carvalho_Dos_Santos_Assumpcao.pdf\">\u00a0AN\u00c1LISE DA DISPERS\u00c3O TEMPORAL E NA FREQU\u00caNCIA DOS SINAIS OFDM RECEBIDOS, EM ALTA MOBILIDADE, NAS FAIXAS DE 2,5 E 5,8 GHZ EM AMBIENTE URBANO<\/a><\/td><td class=\"column-2\">FABIANO CARVALHO DOS SANTOS ASSUMP\u00c7\u00c3O<\/td><td class=\"column-3\">Prof\u00aa Dr\u00aa\u00a0LENI JOAQUIM DE MATOS<\/td><td class=\"column-4\">2015<\/td><td class=\"column-5\">Disserta\u00e7\u00e3o<\/td>\n<\/tr>\n<tr class=\"row-244\">\n\t<td class=\"column-1\"><a href=\"https:\/\/ppgeet.uff.br\/wp-content\/uploads\/sites\/207\/2021\/01\/Mateus_Souza_Dias.pdf\">SONDAGEM, CARACTERIZA\u00c7\u00c3O E SIMULA\u00c7\u00c3O DO CANAL AC\u00daSTICO SUBMARINO EM \u00c1GUAS RASAS<\/a><\/td><td class=\"column-2\">MATEUS SOUZA DIAS<\/td><td class=\"column-3\">Prof\u00aa Dr\u00aa LENI JOAQUIM DE MATOS<\/td><td class=\"column-4\">2015<\/td><td class=\"column-5\">Disserta\u00e7\u00e3o<\/td>\n<\/tr>\n<tr class=\"row-245\">\n\t<td class=\"column-1\"><a href=\"https:\/\/ppgeet.uff.br\/wp-content\/uploads\/sites\/207\/2021\/01\/Paula_Alves_Pinna.pdf\">CARACTERIZA\u00c7\u00c3O FAIXA LARGA DO CANAL R\u00c1DIO M\u00d3VEL NA FAIXA DE 700 MHz COM RECEP\u00c7\u00c3O EM DIVERSIDADE<\/a><\/td><td class=\"column-2\">PAULA ALVES PINNA<\/td><td class=\"column-3\">Prof\u00aa Dr\u00aa LENI JOAQUIM DE MATOS<\/td><td class=\"column-4\">2015<\/td><td class=\"column-5\">Disserta\u00e7\u00e3o<\/td>\n<\/tr>\n<tr class=\"row-246\">\n\t<td class=\"column-1\"><a href=\"https:\/\/ppgeet.uff.br\/wp-content\/uploads\/sites\/207\/2021\/01\/Pedro_Eugenio_Martins_De_Magalhaes.pdf\">ESTUDO DE MODULA\u00c7\u00d5ES PARA CANAIS AC\u00daSTICOS SUBMARINOS<\/a><\/td><td class=\"column-2\">PEDRO EUG\u00caNIO MARTINS DE MAGALH\u00c3ES<\/td><td class=\"column-3\">Prof\u00aa Dr\u00aa\u00a0LENI JOAQUIM DE MATOS<\/td><td class=\"column-4\">2015<\/td><td class=\"column-5\">Disserta\u00e7\u00e3o<\/td>\n<\/tr>\n<tr class=\"row-247\">\n\t<td class=\"column-1\"><a href=\"https:\/\/ppgeet.uff.br\/wp-content\/uploads\/sites\/207\/2021\/01\/Rafael_Perrone_Muniz_Da_Silva.pdf\">CARACTERIZA\u00c7\u00c3O DO CANAL R\u00c1DIO M\u00d3VEL\u00a0INDOOR\u00a0EM 700MHZ COM TRANSMISS\u00c3O\u00a0OUTDOOR<\/a><\/td><td class=\"column-2\">RAFAEL PERRONE MUNIZ DA SILVA<\/td><td class=\"column-3\">Prof\u00aa Dr\u00aa LENI JOAQUIM DE MATOS<\/td><td class=\"column-4\">2015<\/td><td class=\"column-5\">Disserta\u00e7\u00e3o<\/td>\n<\/tr>\n<tr class=\"row-248\">\n\t<td class=\"column-1\"><a href=\"https:\/\/ppgeet.uff.br\/wp-content\/uploads\/sites\/207\/2021\/01\/Gubio_De_Oliveira.pdf\">\u00a0CARACTERIZA\u00c7\u00c3O DE CONSTANTE DE ESTRUTURA DO \u00cdNDICE DE REFRA\u00c7\u00c3O (CN2) ATRAV\u00c9S DE TRIANGULA\u00c7\u00c3O DE POT\u00caNCIAS<\/a><\/td><td class=\"column-2\">G\u00daBIO DE OLIVEIRA\u00a0<\/td><td class=\"column-3\">Prof\u00ba Dr. VIN\u00cdCIUS NUNES HENRIQUE SILVA<\/td><td class=\"column-4\">2014<\/td><td class=\"column-5\">Disserta\u00e7\u00e3o<\/td>\n<\/tr>\n<tr class=\"row-249\">\n\t<td class=\"column-1\"><a href=\"https:\/\/ppgeet.uff.br\/wp-content\/uploads\/sites\/207\/2021\/01\/Monica_Jazmin_Guerra_Carrillo.pdf\">\u00a0AN\u00c1LISE DE SENSIBILIDADE DE PAR\u00c2METROS EM MODELOS ESTOC\u00c1STICOS DE JITTER NA PRODU\u00c7\u00c3O DA VOZ<\/a><\/td><td class=\"column-2\">M\u00d4NICA JAZMIN GUERRA CARRILLO<\/td><td class=\"column-3\">Prof\u00ba Dr. EDSON LUIZ CATALDO FERREIRA<\/td><td class=\"column-4\">2014<\/td><td class=\"column-5\">Disserta\u00e7\u00e3o<\/td>\n<\/tr>\n<tr class=\"row-250\">\n\t<td class=\"column-1\"><a href=\"https:\/\/ppgeet.uff.br\/wp-content\/uploads\/sites\/207\/2021\/01\/David_Leonardo_Acosta_Molano.pdf\">\u00a0AVALIA\u00c7\u00c3O DE TOPOLOGIAS DE REDE NA AUTOMA\u00c7\u00c3O DE SUBESTA\u00c7\u00d5ES EL\u00c9TRICAS BASEADAS NO PADR\u00c3O IEC61850<\/a><\/td><td class=\"column-2\">DAVID LEONARDO ACOSTA MOLANO<\/td><td class=\"column-3\">Prof\u00ba Dr. CARLOS ALBERTO MALCHER BASTOS<\/td><td class=\"column-4\">2014<\/td><td class=\"column-5\">Disserta\u00e7\u00e3o<\/td>\n<\/tr>\n<tr class=\"row-251\">\n\t<td class=\"column-1\"><a href=\"https:\/\/ppgeet.uff.br\/wp-content\/uploads\/sites\/207\/2021\/01\/Alexander_Cascardo_Carneiro.pdf\">\u00a0T\u00c9CNICA AUTO-REFERENCI\u00c1VEL DE INTERROGA\u00c7\u00c3O DE GRADE DE BRAGG PARA MEDI\u00c7\u00c3O SIMULT\u00c2NEA DE TEMPERATURA E VIBRA\u00c7\u00d5ES<\/a><\/td><td class=\"column-2\">ALEXANDER CASCARDO CARNEIRO\u00a0<\/td><td class=\"column-3\">Prof\u00ba Dr. ANDR\u00c9S PABLO LOPES BARBERO<\/td><td class=\"column-4\">2014<\/td><td class=\"column-5\">Disserta\u00e7\u00e3o<\/td>\n<\/tr>\n<tr class=\"row-252\">\n\t<td class=\"column-1\"><a href=\"https:\/\/ppgeet.uff.br\/wp-content\/uploads\/sites\/207\/2021\/01\/Tito_Goncalves_De_Souza.pdf\">\u00a0DESENVOLVIMENTO DE SENSOR MMI PARA DETEC\u00c7\u00c3O DE DESCARGAS PARCIAIS EM EQUIPAMENTOS EL\u00c9TRICOS DE POT\u00caNCIA<\/a><\/td><td class=\"column-2\">TITO GON\u00c7ALVES DE SOUSA\u00a0<\/td><td class=\"column-3\">Prof\u00ba Dr. ANDR\u00c9S PABLO LOPES BARBERO<\/td><td class=\"column-4\">2014<\/td><td class=\"column-5\">Disserta\u00e7\u00e3o<\/td>\n<\/tr>\n<tr class=\"row-253\">\n\t<td class=\"column-1\">\u00a0<a href=\"https:\/\/ppgeet.uff.br\/wp-content\/uploads\/sites\/207\/2021\/01\/Margareth_Apostolo_Dos_Santos.pdf\">UTILIZANDO T\u00c9CNICAS DE CONFIAN\u00c7A PARA CONTROLE ADAPTATIVO DO INTERVALO DE POLLING NOS SISTEMAS DE SMART METERING<\/a><\/td><td class=\"column-2\">MARGARETH AP\u00d3STOLO DOS SANTOS<\/td><td class=\"column-3\">Prof\u00aa Dr\u00aa NAT\u00c1LIA CASTRO FERNANDES<\/td><td class=\"column-4\">2014<\/td><td class=\"column-5\">Disserta\u00e7\u00e3o<\/td>\n<\/tr>\n<tr class=\"row-254\">\n\t<td class=\"column-1\"><a href=\"https:\/\/ppgeet.uff.br\/wp-content\/uploads\/sites\/207\/2021\/01\/Jorge_Carlos_Santos_Pires.pdf\">\u00a0DISPERS\u00c3O TEMPORAL DO SINAL R\u00c1DIO M\u00d3VEL EM PARQUE URBANO NA FAIXA DE 2,5 GHZ<\/a><\/td><td class=\"column-2\">JORGE CARLOS SANTOS PIRES\u00a0<\/td><td class=\"column-3\">Prof\u00aa Dr\u00aa LENI JOAQUIM DE MATOS<\/td><td class=\"column-4\">2014<\/td><td class=\"column-5\">Disserta\u00e7\u00e3o<\/td>\n<\/tr>\n<tr class=\"row-255\">\n\t<td class=\"column-1\"><a href=\"https:\/\/ppgeet.uff.br\/wp-content\/uploads\/sites\/207\/2021\/01\/Dianne_Scherly_Varela_De_Medeiros.pdf\">\u00a0DESENVOLVIMENTO DE MULTIPLEXA\u00c7\u00c3O POR DIVIS\u00c3O EM COMPRIMENTO DE ONDA EM FIBRAS \u00d3PTICAS POLIM\u00c9RICAS PARA REDES \u00d3PTICAS RESIDENCIAIS<\/a><\/td><td class=\"column-2\">DIANNE SCHERLY VARELA DE MEDEIROS\u00a0<\/td><td class=\"column-3\">Prof\u00ba Dr. RICARDO MARQUES RIBEIRO<\/td><td class=\"column-4\">2013<\/td><td class=\"column-5\">Disserta\u00e7\u00e3o<\/td>\n<\/tr>\n<tr class=\"row-256\">\n\t<td class=\"column-1\"><a href=\"https:\/\/ppgeet.uff.br\/wp-content\/uploads\/sites\/207\/2021\/01\/Erica_Souza_Da_Costa.pdf\">\u00a0IMPLEMENTA\u00c7\u00c3O EM GPU DO ALGORITMO DE COMPRESS\u00c3O DE IMAGENS BASEADO EM RECORR\u00caNCIA DE PADR\u00d5ES MULTIESCALA, O MMP<\/a><\/td><td class=\"column-2\">\u00c9RICA SOUZA DA COSTA<\/td><td class=\"column-3\">Prof\u00ba Dr. MURILO BRESCIANI DE CARVALHO<\/td><td class=\"column-4\">2013<\/td><td class=\"column-5\">Disserta\u00e7\u00e3o<\/td>\n<\/tr>\n<tr class=\"row-257\">\n\t<td class=\"column-1\"><a href=\"https:\/\/ppgeet.uff.br\/wp-content\/uploads\/sites\/207\/2021\/01\/Cledson_Oliveira_De_Souza.pdf\">\u00a0STELE - UMA T\u00c9CNICA SIMPLESPARA ESTIMATIVA LOCAL DO ATRASO DE TRANSMISS\u00c3O EM RSSF<\/a><\/td><td class=\"column-2\">CLEDSON OLIVEIRA DE SOUSA\u00a0<\/td><td class=\"column-3\">Prof\u00ba Dr. LUIZ CLAUDIO SCHARA MAGALH\u00c3ES<\/td><td class=\"column-4\">2013<\/td><td class=\"column-5\">Disserta\u00e7\u00e3o<\/td>\n<\/tr>\n<tr class=\"row-258\">\n\t<td class=\"column-1\"><a href=\"https:\/\/ppgeet.uff.br\/wp-content\/uploads\/sites\/207\/2021\/01\/Diogo_Lino_Passos_Machado.pdf\">\u00a0AN\u00c1LISE DE EXTENS\u00d5ES DO PROTOCOLO OLSR EFICIENTES EM ENERGIA E PROPOSTA DE OTIMIZA\u00c7\u00c3O ENERG\u00c9TICA DO OLSR-ETX<\/a><\/td><td class=\"column-2\">DIOGO LINO PASSOS MACHADO<\/td><td class=\"column-3\">Prof\u00ba Dr. LUIZ CLAUDIO SCHARA MAGALH\u00c3ES<\/td><td class=\"column-4\">2013<\/td><td class=\"column-5\">Disserta\u00e7\u00e3o<\/td>\n<\/tr>\n<tr class=\"row-259\">\n\t<td class=\"column-1\"><a href=\"https:\/\/ppgeet.uff.br\/wp-content\/uploads\/sites\/207\/2021\/01\/Antonio_Joao_Cavalcanti_Ribeiro_Coutinho.pdf\">\u00a0IDENTIFICA\u00c7\u00c3O DE MODULA\u00c7\u00c3O UTILIZANDO REDES NEURAIS DO TIPO MAPAS AUTO-ORGANIZADOS<\/a><\/td><td class=\"column-2\">ANTONIO JO\u00c3O CAVALCANTI RIBEIRO COUTINHO<\/td><td class=\"column-3\">Prof\u00ba Dr.\u00a0JULIO CESAR RODRIGUES DAL BELLO<\/td><td class=\"column-4\">2013<\/td><td class=\"column-5\">Disserta\u00e7\u00e3o<\/td>\n<\/tr>\n<tr class=\"row-260\">\n\t<td class=\"column-1\"><a href=\"https:\/\/ppgeet.uff.br\/wp-content\/uploads\/sites\/207\/2021\/01\/Fabio_Rogerio_Born_Lopes.pdf\">\u00a0M\u00c9TODO DE SUPRESS\u00c3O ESPECTRAL DO SINAL OFDM EMPREGANDO BANDA DE GUARDA COM PORTADORAS DE CANCELAMENTO<\/a><\/td><td class=\"column-2\">F\u00c1BIO ROG\u00c9RIO BORN LOPES\u00a0<\/td><td class=\"column-3\">Prof\u00ba Dr. JOS\u00c9 SANTO GUISCAFR\u00c9 PANARO<\/td><td class=\"column-4\">2013<\/td><td class=\"column-5\">Disserta\u00e7\u00e3o<\/td>\n<\/tr>\n<tr class=\"row-261\">\n\t<td class=\"column-1\"><a href=\"https:\/\/ppgeet.uff.br\/wp-content\/uploads\/sites\/207\/2021\/01\/Adriana_Felix_De_Andrade_Oliveira.pdf\">SISTEMAS UTILIZANDO OFDM EM COMUNICA\u00c7\u00d5ES SUBMARINAS<\/a><\/td><td class=\"column-2\">ADRIANA F\u00c9LIX DE ANDRADE OLIVEIRA<\/td><td class=\"column-3\">Prof\u00ba Dr. EDUARDO RODRIGUES VALE<\/td><td class=\"column-4\">2013<\/td><td class=\"column-5\">Disserta\u00e7\u00e3o<\/td>\n<\/tr>\n<tr class=\"row-262\">\n\t<td class=\"column-1\"><a href=\"https:\/\/ppgeet.uff.br\/wp-content\/uploads\/sites\/207\/2021\/01\/Fidel_Edson_De_Souza.pdf\">ESTUDO DE DIAGRAMAS DE IRRADIA\u00c7\u00c3O DE CONJUNTOS DE PROJETORES TOMPILZ<\/a><\/td><td class=\"column-2\">FIDEL EDSON DE SOUZA<\/td><td class=\"column-3\">Prof\u00ba Dr. EDUARDO RODRIGUES VALE<\/td><td class=\"column-4\">2013<\/td><td class=\"column-5\">Disserta\u00e7\u00e3o<\/td>\n<\/tr>\n<tr class=\"row-263\">\n\t<td class=\"column-1\"><a href=\"https:\/\/ppgeet.uff.br\/wp-content\/uploads\/sites\/207\/2021\/01\/Yona_Lopes.pdf\">SMARTFLOW SISTEMA AUTOCONFIGUR\u00c1VEL PAR REDES DE TELECOMUNICA\u00c7\u00d5ES IEC 61850 COM ARCABOU\u00c7O OPENFLOW<\/a><\/td><td class=\"column-2\">YONA LOPES<\/td><td class=\"column-3\">Prof\u00ba Dr. CARLOS ALBERTO MALCHER BASTOS<\/td><td class=\"column-4\">2013<\/td><td class=\"column-5\">Disserta\u00e7\u00e3o<\/td>\n<\/tr>\n<tr class=\"row-264\">\n\t<td class=\"column-1\"><a href=\"https:\/\/ppgeet.uff.br\/wp-content\/uploads\/sites\/207\/2021\/01\/Wagner_Da_Silva_Zanco.pdf\">\u00a0MODELAGEM E DESENVOLVIMENTO DE UM SISTEMA INTELIGENTE DE GER\u00caNCIA DE VAGAS DE ESTACIONAMENTO EM VIAS P\u00daBLICAS DA NOVA GERA\u00c7\u00c3O UTILIZANDO REDES MODERNAS DE TELECOMUNICA\u00c7\u00d5ES<\/a><\/td><td class=\"column-2\">WAGNER DA SILVA ZANCO<\/td><td class=\"column-3\">Prof\u00ba Dr. ANDR\u00c9S PABLO LOPES BARBERO<\/td><td class=\"column-4\">2013<\/td><td class=\"column-5\">Disserta\u00e7\u00e3o<\/td>\n<\/tr>\n<tr class=\"row-265\">\n\t<td class=\"column-1\"><a href=\"https:\/\/ppgeet.uff.br\/wp-content\/uploads\/sites\/207\/2021\/01\/Leandro_Codeco_De_Alvarenga_Prazeres.pdf\">\u00a0ESTUDO SOBRE FORMATOS AVAN\u00c7ADOS DE MODUL\u00c7\u00c3O \u00d3PTICA<\/a><\/td><td class=\"column-2\">LEANDRO CODE\u00c7O DE ALVARENGA PRAZERES<\/td><td class=\"column-3\">Prof\u00aa Dr\u00aa PAULA BRAND\u00c3O HARBOE\u00a0<\/td><td class=\"column-4\">2013<\/td><td class=\"column-5\">Disserta\u00e7\u00e3o<\/td>\n<\/tr>\n<tr class=\"row-266\">\n\t<td class=\"column-1\"><a href=\"https:\/\/ppgeet.uff.br\/wp-content\/uploads\/sites\/207\/2021\/01\/Marcos_Augusto_Gomes_Dos_Santos.pdf\">\u00a0COBERTURA E ESTAT\u00cdSTICA DA VARIABILIDADE DO SINAL R\u00c1DIO M\u00d3VEL NA FAIXA DE 5,8 GHZ<\/a><\/td><td class=\"column-2\">MARCOS AUGUSTO GOMES DOS SANTOS<\/td><td class=\"column-3\">Prof\u00aa Dr\u00aa LENI JOAQUIM DE MATOS<\/td><td class=\"column-4\">2013<\/td><td class=\"column-5\">Disserta\u00e7\u00e3o<\/td>\n<\/tr>\n<tr class=\"row-267\">\n\t<td class=\"column-1\">AN\u00c1LISE DE ALGORITMOS DE CONTRLE E SELE\u00c7\u00c3O (LEAST MEAN SQUARE E MULTIPLE SIGNAL CLASSIFICATION) EM REDE M\u00d3VEL DE ALTA CAPACIDADE LONG TERM EVOLUTION\u00a0<\/td><td class=\"column-2\">LEANDRO VIEIRA DOS SANTOS\u00a0<\/td><td class=\"column-3\">Prof\u00aa Dr\u00aa JACQUELINE SILVA PEREIRA<\/td><td class=\"column-4\">2013<\/td><td class=\"column-5\">Disserta\u00e7\u00e3o<\/td>\n<\/tr>\n<tr class=\"row-268\">\n\t<td class=\"column-1\"><a href=\"https:\/\/ppgeet.uff.br\/wp-content\/uploads\/sites\/207\/2021\/01\/Helga_Dolorico_Balbi.pdf\">\u00a0ESTUDO E IMPLEMENTA\u00c7\u00c3O DO CONTROLADOR CENTRAL PARA PONTOS DE ACESSO IEEE 802.11 DE BAIXO CUSTO<\/a><\/td><td class=\"column-2\">HELGA DOLORICO BALBI\u00a0<\/td><td class=\"column-3\">Prof\u00ba Dr. LUIZ CLAUDIO SCHARA MAGALH\u00c3ES<\/td><td class=\"column-4\">2012<\/td><td class=\"column-5\">Disserta\u00e7\u00e3o<\/td>\n<\/tr>\n<tr class=\"row-269\">\n\t<td class=\"column-1\">\u00a0<a href=\"https:\/\/ppgeet.uff.br\/wp-content\/uploads\/sites\/207\/2021\/01\/Joacir_De_Oliveira_Silva.pdf\">CONTROLADOR DE CARGA MICROCONTROLADO PARA REDES EM MALHA<\/a><\/td><td class=\"column-2\">JOACIR DE OLIVEIRA SILVA<\/td><td class=\"column-3\">Prof\u00ba Dr. LUIZ CLAUDIO SCHARA MAGALH\u00c3ES<\/td><td class=\"column-4\">2012<\/td><td class=\"column-5\">Disserta\u00e7\u00e3o<\/td>\n<\/tr>\n<tr class=\"row-270\">\n\t<td class=\"column-1\"><a href=\"https:\/\/ppgeet.uff.br\/wp-content\/uploads\/sites\/207\/2021\/01\/Marcos_Vinicius_Salgado_Monteiro.pdf\">\u00a0UM ESTUDO DO PROTOCOLO HCC\/UDT SOBRE REDES COM ALTO PRODUTO LARGURA DE BANDA-ATRASO<\/a><\/td><td class=\"column-2\">MARCOS VINICIUS SALGADO MONTEIRO\u00a0<\/td><td class=\"column-3\">Prof\u00ba Dr. LUIZ CLAUDIO SCHARA MAGALH\u00c3ES<\/td><td class=\"column-4\">2012<\/td><td class=\"column-5\">Disserta\u00e7\u00e3o<\/td>\n<\/tr>\n<tr class=\"row-271\">\n\t<td class=\"column-1\"><a href=\"https:\/\/ppgeet.uff.br\/wp-content\/uploads\/sites\/207\/2021\/01\/Adriana_Mariano.pdf\">\u00a0AN\u00c1LISE E PLANEJAMENTO DE SISTEMAS UMTS<\/a><\/td><td class=\"column-2\">ADRIANA MARIANO<\/td><td class=\"column-3\">Prof\u00ba Dr.\u00a0JULIO CESAR RODRIGUES DAL BELLO<\/td><td class=\"column-4\">2012<\/td><td class=\"column-5\">Disserta\u00e7\u00e3o<\/td>\n<\/tr>\n<tr class=\"row-272\">\n\t<td class=\"column-1\"><a href=\"https:\/\/ppgeet.uff.br\/wp-content\/uploads\/sites\/207\/2021\/01\/Franz_Pinheiro_Schueler.pdf\">\u00a0INVENT\u00c1RIO DE REDES DE TRANSPORTE<\/a><\/td><td class=\"column-2\">FRANZ PINHEIRO SCHUELER\u00a0<\/td><td class=\"column-3\">Prof\u00ba Dr.\u00a0EDUARDO RODRIGUES VALE\u00a0<\/td><td class=\"column-4\">2012<\/td><td class=\"column-5\">Disserta\u00e7\u00e3o<\/td>\n<\/tr>\n<tr class=\"row-273\">\n\t<td class=\"column-1\"><a href=\"https:\/\/ppgeet.uff.br\/wp-content\/uploads\/sites\/207\/2021\/01\/Eunice_Da_Conceicao_Vieira_Pinto_Aguiar.pdf\">\u00a0PROPOSTA DE SERVI\u00c7OS EM REDES H\u00cdBRIDAS<\/a><\/td><td class=\"column-2\">EUNICE DA CONCEI\u00c7\u00c3O VIEIRA PINTO AGUIAR\u00a0<\/td><td class=\"column-3\">Prof\u00ba Dr. CARLOS ALBERTO MALCHER BASTOS<\/td><td class=\"column-4\">2012<\/td><td class=\"column-5\">Disserta\u00e7\u00e3o<\/td>\n<\/tr>\n<tr class=\"row-274\">\n\t<td class=\"column-1\"><a href=\"https:\/\/ppgeet.uff.br\/wp-content\/uploads\/sites\/207\/2021\/01\/Helio_Coelho_Junior.pdf\">COMUNICA\u00c7\u00c3O DE DADOS UTILIZANDO LUZ VIS\u00cdVEL<\/a><\/td><td class=\"column-2\">H\u00c9LIO COELHO JUNIOR\u00a0<\/td><td class=\"column-3\">Prof\u00ba Dr. ANDR\u00c9S PABLO LOPES BARBERO<\/td><td class=\"column-4\">2012<\/td><td class=\"column-5\">Disserta\u00e7\u00e3o<\/td>\n<\/tr>\n<tr class=\"row-275\">\n\t<td class=\"column-1\"><a href=\"https:\/\/ppgeet.uff.br\/wp-content\/uploads\/sites\/207\/2021\/01\/Luiz_Henrique_Ramos_Da_Silva.pdf\">\u00a0REDE SEM FIO SOBRE FIBRA (WOF)<\/a><\/td><td class=\"column-2\">LUIZ HENRIQUE RAMOS DA SILVA<\/td><td class=\"column-3\">Prof\u00ba Dr. ANDR\u00c9S PABLO LOPES BARBERO<\/td><td class=\"column-4\">2012<\/td><td class=\"column-5\">Disserta\u00e7\u00e3o<\/td>\n<\/tr>\n<tr class=\"row-276\">\n\t<td class=\"column-1\"><a href=\"https:\/\/ppgeet.uff.br\/wp-content\/uploads\/sites\/207\/2021\/01\/Nelson_Cevidanes_Nascimento_De_Assis.pdf\">\u00a0MEDI\u00c7\u00c3O DA CONSTANTE DE ESTRUTURA DO \u00cdNDICE DE REFRA\u00c7\u00c3O PARA ENLACES \u00d3PTICOS EM ESPA\u00c7O LIVRE BASEADO EM TRIAGULA\u00c7\u00c3O POR AMPLITUDE<\/a><\/td><td class=\"column-2\">NELSON CEVIDANES NASCIMENTO DE ASSIS\u00a0<\/td><td class=\"column-3\">Prof\u00ba Dr. ANDR\u00c9S PABLO LOPES BARBERO<\/td><td class=\"column-4\">2012<\/td><td class=\"column-5\">Disserta\u00e7\u00e3o<\/td>\n<\/tr>\n<tr class=\"row-277\">\n\t<td class=\"column-1\"><a href=\"https:\/\/ppgeet.uff.br\/wp-content\/uploads\/sites\/207\/2021\/01\/Wagner_Marini_De_Oliveira.pdf\">\u00a0ESTABILIZA\u00c7\u00c3O DE V\u00cdDEO DIGITAL GERADO A PARTIR DE C\u00c2MERAS M\u00d3VEIS UTILIZANDO PARTICLE FILTER<\/a><\/td><td class=\"column-2\">WAGNER MARINI DE OLIVEIRA<\/td><td class=\"column-3\">Prof\u00ba Dr. ALEXANDRE SANTOS DE LA VEJA\u00a0<\/td><td class=\"column-4\">2012<\/td><td class=\"column-5\">Disserta\u00e7\u00e3o<\/td>\n<\/tr>\n<tr class=\"row-278\">\n\t<td class=\"column-1\"><a href=\"https:\/\/ppgeet.uff.br\/wp-content\/uploads\/sites\/207\/2021\/01\/Antonio_Carlos_Ferreira_Do_Valle.pdf\">\u00a0AVALIA\u00c7\u00c3O DAS ALTERNATIVAS DE SOLU\u00c7\u00c3O NO DOM\u00cdNIO \u00d3PTICO PARA TRANSMISS\u00c3O NA \u00daLTIMA MILHA DE SINAIS MULTIM\u00cdDIA DE BANDA LARGA<\/a><\/td><td class=\"column-2\">ANTONIO CARLOS FERREIRA DO VALLE<\/td><td class=\"column-3\">Prof\u00aa Dr\u00aa PAULA BRAND\u00c3O HARBOE\u00a0<\/td><td class=\"column-4\">2012<\/td><td class=\"column-5\">Disserta\u00e7\u00e3o<\/td>\n<\/tr>\n<tr class=\"row-279\">\n\t<td class=\"column-1\"><a href=\"https:\/\/ppgeet.uff.br\/wp-content\/uploads\/sites\/207\/2021\/01\/Bruno_Ricardo_Santana_Mello.pdf\">\u00a0MODELO DE PROPAGA\u00c7\u00c3O PARA AMBIENTE DE PARQUE URBANO<\/a><\/td><td class=\"column-2\">BRUNO RICARDO SANTANA DE MELLO<\/td><td class=\"column-3\">Prof\u00aa Dr\u00aa LENI JOAQUIM DE MATOS<\/td><td class=\"column-4\">2012<\/td><td class=\"column-5\">Disserta\u00e7\u00e3o<\/td>\n<\/tr>\n<tr class=\"row-280\">\n\t<td class=\"column-1\">\u00a0<a href=\"https:\/\/ppgeet.uff.br\/wp-content\/uploads\/sites\/207\/2021\/01\/Eduardo_Da_Silva_Leao.pdf\">AN\u00c1LISE ESTAT\u00cdSTICA DA VARIABILIDADE DO SINAL DE R\u00c1DIO M\u00d3VEL EM AMBIENTE DE VEGETA\u00c7\u00c3O<\/a><\/td><td class=\"column-2\">EDUARDO DA SILVA LE\u00c3O\u00a0<\/td><td class=\"column-3\">Prof\u00aa Dr\u00aa LENI JOAQUIM DE MATOS<\/td><td class=\"column-4\">2012<\/td><td class=\"column-5\">Disserta\u00e7\u00e3o<\/td>\n<\/tr>\n<tr class=\"row-281\">\n\t<td class=\"column-1\"><a href=\"https:\/\/ppgeet.uff.br\/wp-content\/uploads\/sites\/207\/2021\/01\/Leonardo_Da_Silva_Paiva.pdf\">\u00a0ANALISE ESTATISTICA DA VARIABILIDADE DO SINAL DE R\u00c1DIO M\u00d3VEL NA FAIXA DE FREQU\u00caNCIA DOS SISTEMAS DE VIGIL\u00c2NCIA DEPENDENTE AUTOM\u00c1TICA POR RADIODIFUS\u00c3O<\/a><\/td><td class=\"column-2\">LEONARDO DA SILVA PAIVA\u00a0<\/td><td class=\"column-3\">Prof\u00aa Dr\u00aa LENI JOAQUIM DE MATOS<\/td><td class=\"column-4\">2012<\/td><td class=\"column-5\">Disserta\u00e7\u00e3o<\/td>\n<\/tr>\n<tr class=\"row-282\">\n\t<td class=\"column-1\"><a href=\"https:\/\/ppgeet.uff.br\/wp-content\/uploads\/sites\/207\/2021\/01\/Vitor_Siqueira_Pacheco.pdf\">\u00a0EMPREGO DA FILTRAGEM DE M\u00c9DIA M\u00d3VEL NA AN\u00c1LISE ESTAT\u00cdSTICA DO SINAL R\u00c1DIO M\u00d3VEL, NA FAIXA DE 430 MHZ, EM AMBIENTE INTERNO<\/a><\/td><td class=\"column-2\">VITOR SIQUEIRA PACHECO<\/td><td class=\"column-3\">Prof\u00aa Dr\u00aa LENI JOAQUIM DE MATOS<\/td><td class=\"column-4\">2012<\/td><td class=\"column-5\">Disserta\u00e7\u00e3o<\/td>\n<\/tr>\n<tr class=\"row-283\">\n\t<td class=\"column-1\"><a href=\"https:\/\/ppgeet.uff.br\/wp-content\/uploads\/sites\/207\/2021\/01\/Julio_Cesar_Souza_Do_Rosario.pdf\">\u00a0APLICA\u00c7\u00c3O DAS T\u00c9CNICAS DE PROCESSAMENTO DIGITAL DE SINAIS PARA S\u00cdNTESE DE ANTENAS COM MENOR N\u00daMERO DE ELEMENTOS<\/a><\/td><td class=\"column-2\">JULIO CESAR SOUZA DO ROSARIO<\/td><td class=\"column-3\">Prof\u00aa Dr\u00aa JACQUELINE SILVA PEREIRA<\/td><td class=\"column-4\">2012<\/td><td class=\"column-5\">Disserta\u00e7\u00e3o<\/td>\n<\/tr>\n<tr class=\"row-284\">\n\t<td class=\"column-1\"><a href=\"https:\/\/ppgeet.uff.br\/wp-content\/uploads\/sites\/207\/2021\/01\/Andre_Vinicius_Pinho_Luiz.pdf\">\u00a0DIFRA\u00c7\u00c3O POR IRREGULARIDADES DO RELEVO<\/a><\/td><td class=\"column-2\">ANDR\u00c9 VIN\u00cdCIUS PINHO LUIZ<\/td><td class=\"column-3\">Prof. Dr. EDUARDO RODRIGUES VALE\u00a0<\/td><td class=\"column-4\">2012<\/td><td class=\"column-5\">Disserta\u00e7\u00e3o<\/td>\n<\/tr>\n<tr class=\"row-285\">\n\t<td class=\"column-1\"><a href=\"https:\/\/ppgeet.uff.br\/wp-content\/uploads\/sites\/207\/2021\/01\/Luiz_Alfredo_Da_Silva_De_Campos.pdf\">\u00a0AN\u00c1LISE COMPARATIVA DE MODULA\u00c7\u00d5ES EM SISTEMAS OFDM<\/a><\/td><td class=\"column-2\">LUIZ ALFREDO DA SILVA CAMPOS<\/td><td class=\"column-3\">Prof. Dr. EDUARDO RODRIGUES VALE\u00a0<\/td><td class=\"column-4\">2012<\/td><td class=\"column-5\">Disserta\u00e7\u00e3o<\/td>\n<\/tr>\n<tr class=\"row-286\">\n\t<td class=\"column-1\"><a href=\"https:\/\/ppgeet.uff.br\/wp-content\/uploads\/sites\/207\/2021\/01\/Jorge_Angelo_Mitrione_Souza.pdf\">\u00a0DESENVOLVIMENTO DE UMA SONDA OPTOELETR\u00d4NICA DE RF EM VHF COM ENLACE DE FIBRA \u00d3PTICA POLIM\u00c9RICA<\/a><\/td><td class=\"column-2\">JORGE ANGELO MITRIONE SOUZA\u00a0<\/td><td class=\"column-3\">Prof\u00ba Dr. RICARDO MARQUES RIBEIRO<\/td><td class=\"column-4\">2011<\/td><td class=\"column-5\">Disserta\u00e7\u00e3o<\/td>\n<\/tr>\n<tr class=\"row-287\">\n\t<td class=\"column-1\"><a href=\"https:\/\/ppgeet.uff.br\/wp-content\/uploads\/sites\/207\/2021\/01\/Yanes_Checcacci_Balod.pdf\">\u00a0DISPOSITIVOS \u00c0 FIBRA \u00d3PTICA BASEADOS EM INTERFER\u00caNCIA MULTIMODAL (MM) PARA TELECOMUNICA\u00c7\u00d5ES E SENSORIAMENTO<\/a><\/td><td class=\"column-2\">YANES CHECCACCI BALOD<\/td><td class=\"column-3\">Prof\u00ba Dr. RICARDO MARQUES RIBEIRO<\/td><td class=\"column-4\">2011<\/td><td class=\"column-5\">Disserta\u00e7\u00e3o<\/td>\n<\/tr>\n<tr class=\"row-288\">\n\t<td class=\"column-1\"><a href=\"https:\/\/ppgeet.uff.br\/wp-content\/uploads\/sites\/207\/2021\/01\/Elaine_Flavio_Rangel_Seixas.pdf\">BANCO DE DADOS PARA PESQUISA SOBRE EFEITOS BIOL\u00d3GICOS CAUSADOS PELA RADIA\u00c7\u00c3O ELETROMAGN\u00c9TICA NA FAIXA DA TELEFONIA CELULAR<\/a><\/td><td class=\"column-2\">ELAINE FL\u00c1VIO RANGEL SEIXAS\u00a0<\/td><td class=\"column-3\">Prof\u00ba Dr. MAURO SOARES ASSIS<\/td><td class=\"column-4\">2011<\/td><td class=\"column-5\">Disserta\u00e7\u00e3o<\/td>\n<\/tr>\n<tr class=\"row-289\">\n\t<td class=\"column-1\">\u00a0AN\u00c1LISE DA QoS DE UM CANAL R\u00c1DIO M\u00d3VEL MAR\u00cdTIMO EM BANDA ESTREITA NA FAIXA DE 2,4 GHz PARA APLICA\u00c7\u00c3O EM TELERRADIOLOGIA<\/td><td class=\"column-2\">LEONARDO SEVERO ALVES DE MELO\u00a0<\/td><td class=\"column-3\">Prof\u00ba Dr.\u00a0JULIO CESAR RODRIGUES DAL BELLO<\/td><td class=\"column-4\">2011<\/td><td class=\"column-5\">Disserta\u00e7\u00e3o<\/td>\n<\/tr>\n<tr class=\"row-290\">\n\t<td class=\"column-1\"><a href=\"https:\/\/ppgeet.uff.br\/wp-content\/uploads\/sites\/207\/2021\/01\/Valerio_Pereira_Etcharte.pdf\">\u00a0INTEGRA\u00c7\u00c3O DAS COMUNICA\u00c7\u00d5ES VIA SAT\u00c9LITE COM A REDE M\u00d3VEL CELULAR TERRESTRE - UMTS<\/a><\/td><td class=\"column-2\">VAL\u00c9RIO PEREIRA ETCHARTE\u00a0<\/td><td class=\"column-3\">Prof\u00ba Dr.\u00a0EDUARDO RODRIGUES VALE\u00a0<\/td><td class=\"column-4\">2011<\/td><td class=\"column-5\">Disserta\u00e7\u00e3o<\/td>\n<\/tr>\n<tr class=\"row-291\">\n\t<td class=\"column-1\"><a href=\"https:\/\/ppgeet.uff.br\/wp-content\/uploads\/sites\/207\/2021\/01\/Daniel_Barroso_Monteiro.pdf\">PROPOSI\u00c7\u00c3O DE SUPORTE E SERVI\u00c7OS ATENDIDOS POR DCN, COM BASE NA AN\u00c1LISE DE T\u00c9CNICAS DO TE COM QOS<\/a><\/td><td class=\"column-2\">DANIEL BARROSO MONTEIRO<\/td><td class=\"column-3\">Prof\u00ba Dr. CARLOS ALBERTO MALCHER BASTOS<\/td><td class=\"column-4\">2011<\/td><td class=\"column-5\">Disserta\u00e7\u00e3o<\/td>\n<\/tr>\n<tr class=\"row-292\">\n\t<td class=\"column-1\">\u00a0AVALIA\u00c7\u00c3O DOS SERVI\u00c7OS VOIP EM LINKS DE BAIXA CAPACIDADE COM TR\u00c1FEGO COMPARTILHADO DE DADOS<\/td><td class=\"column-2\">ELOY TAVARES MENDES<\/td><td class=\"column-3\">Prof\u00ba Dr. CARLOS ALBERTO MALCHER BASTOS<\/td><td class=\"column-4\">2011<\/td><td class=\"column-5\">Disserta\u00e7\u00e3o<\/td>\n<\/tr>\n<tr class=\"row-293\">\n\t<td class=\"column-1\"><a href=\"https:\/\/ppgeet.uff.br\/wp-content\/uploads\/sites\/207\/2021\/01\/Claudio_Marcio_De_Freitas_Da_Silva.pdf\">\u00a0AN\u00c1LISE DO ACOPLAMENTO MODAL EM FIBRAS \u00d3PTICAS MULT\u00cdMODO PELA SOLU\u00c7\u00c3O DA EQUA\u00c7\u00c3O FLUXO DE POT\u00caNCIA<\/a><\/td><td class=\"column-2\">CLA\u00daDIO M\u00c1RCIO DE FREITAS DA SILVA<\/td><td class=\"column-3\">Prof\u00ba Dr. ANDR\u00c9S PABLO LOPES BARBERO\u00a0<\/td><td class=\"column-4\">2011<\/td><td class=\"column-5\">Disserta\u00e7\u00e3o<\/td>\n<\/tr>\n<tr class=\"row-294\">\n\t<td class=\"column-1\">\u00a0<a href=\"https:\/\/ppgeet.uff.br\/wp-content\/uploads\/sites\/207\/2021\/01\/Eric_Chiesse_De_Souza.pdf\">MODELAGEM NUM\u00c9RICA DE MISTURA DE QUATRO ONDAS EM AMPLIFICADORES RAMAN DISTRIBU\u00cdDOS<\/a><\/td><td class=\"column-2\">ERIC CHIESSE DE SOUZA<\/td><td class=\"column-3\">Prof\u00ba Dr. ANDR\u00c9S PABLO LOPES BARBERO<\/td><td class=\"column-4\">2011<\/td><td class=\"column-5\">Disserta\u00e7\u00e3o<\/td>\n<\/tr>\n<tr class=\"row-295\">\n\t<td class=\"column-1\"><a href=\"https:\/\/ppgeet.uff.br\/wp-content\/uploads\/sites\/207\/2021\/01\/Fabiano_Vargas_Da_Silva_Coelho.pdf\">ESTIMATIVA DA DISPERS\u00c3O TEMPORAL DO CANAL R\u00c1DIO FAIXA LARGA INDOOR. SEGUNDO A T\u00c9CNICA DE AGRUPAMENTO DE MULTIPERCURSOS<\/a><\/td><td class=\"column-2\">FABIANO VARGAS DA SILVA COELHO<\/td><td class=\"column-3\">Prof\u00aa Dr\u00aa LENI JOAQUIM DE MATOS<\/td><td class=\"column-4\">2011<\/td><td class=\"column-5\">Disserta\u00e7\u00e3o<\/td>\n<\/tr>\n<tr class=\"row-296\">\n\t<td class=\"column-1\"><a href=\"https:\/\/ppgeet.uff.br\/wp-content\/uploads\/sites\/207\/2021\/01\/Fabio_Jose_Barroso_Da_Fonseca.pdf\">AN\u00c1LISE DO COMPORTAMENTO FAIXA ESTREITA DO CANAL R\u00c1DIO M\u00d3VEL EM 3,5 GHz<\/a><\/td><td class=\"column-2\">F\u00c1BIO JOS\u00c9 BARROSO DA FONSECA<\/td><td class=\"column-3\">Prof\u00aa Dr\u00aa LENI JOAQUIM DE MATOS<\/td><td class=\"column-4\">2011<\/td><td class=\"column-5\">Disserta\u00e7\u00e3o<\/td>\n<\/tr>\n<tr class=\"row-297\">\n\t<td class=\"column-1\"><a href=\"https:\/\/ppgeet.uff.br\/wp-content\/uploads\/sites\/207\/2021\/01\/Rodrigo_Vieitas_Sarruf_De_Almeida.pdf\">SIMULA\u00c7\u00c3O DE CANAL R\u00c1DIO FAIXA LARGA INDOOR EMPREGANDO O MODELO DE GERA\u00c7\u00c3O E DESAPARECIMENTO DE RAIOS<\/a><\/td><td class=\"column-2\">RODRIGO VIEITAS SARRUF DE ALMEIDA<\/td><td class=\"column-3\">Prof\u00aa Dr\u00aa LENI JOAQUIM DE MATOS<\/td><td class=\"column-4\">2011<\/td><td class=\"column-5\">Disserta\u00e7\u00e3o<\/td>\n<\/tr>\n<tr class=\"row-298\">\n\t<td class=\"column-1\"><a href=\"https:\/\/ppgeet.uff.br\/wp-content\/uploads\/sites\/207\/2021\/01\/Eduardo_Pompeo_Da_Silva_Mineiro.pdf\">\u00a0CONTROLE DE ADMISS\u00c3O PARA PROVIS\u00c3O DE QOS EM REDES DE MALHA SEM FIO<\/a><\/td><td class=\"column-2\">EDUARDO POMPEO DA SILVA MINEIRO<\/td><td class=\"column-3\">Prof\u00aa Dr\u00aa D\u00c9BORA CHRISTINA MUCHALUAT SAADE<\/td><td class=\"column-4\">2011<\/td><td class=\"column-5\">Disserta\u00e7\u00e3o<\/td>\n<\/tr>\n<tr class=\"row-299\">\n\t<td class=\"column-1\"><a href=\"https:\/\/ppgeet.uff.br\/wp-content\/uploads\/sites\/207\/2021\/01\/Rafael_De_Tommaso_Do_Vale.pdf\">\u00a0MESHADMIN: UMA PLATAFORMA INTEGRADA PARA GER\u00caNCIA DE REDES EM MALHAS SEM FIO<\/a><\/td><td class=\"column-2\">RAFAEL TOMMASO DO VALLE\u00a0<\/td><td class=\"column-3\">Prof\u00aa Dr\u00aa D\u00c9BORA CHRISTINA MUCHALUAT SAADE<\/td><td class=\"column-4\">2011<\/td><td class=\"column-5\">Disserta\u00e7\u00e3o<\/td>\n<\/tr>\n<tr class=\"row-300\">\n\t<td class=\"column-1\"><a href=\"https:\/\/ppgeet.uff.br\/wp-content\/uploads\/sites\/207\/2021\/01\/Andre_Vinicius_Pereira_de_Rezende.pdf\">IMPLEMENTA\u00c7\u00c3O DE ALGORITMO DE COMPRESS\u00c3O DE IMAGENS BASEADO EM RECORR\u00caNCIA DE PADR\u00d5ES MULTIESCALAS EM CPU MULTIN\u00daCLEO E GPU MASSIVAMENTE PARALELAS<\/a><\/td><td class=\"column-2\">ANDR\u00c9 VIN\u00cdCIUS PEREIRA DE REZENDE<\/td><td class=\"column-3\">Prof\u00ba Dr. MURILO BRESCIANI DE CARVALHO\u00a0<\/td><td class=\"column-4\">2010<\/td><td class=\"column-5\">Disserta\u00e7\u00e3o<\/td>\n<\/tr>\n<tr class=\"row-301\">\n\t<td class=\"column-1\"><a href=\"https:\/\/ppgeet.uff.br\/wp-content\/uploads\/sites\/207\/2021\/01\/Carla_Matheus_Moreira_Vieira.pdf\">INTERFER\u00caNCIA NO SISTEMA WCDMA<\/a><\/td><td class=\"column-2\">CARLA MATHEUS MOREIRA VIEIRA<\/td><td class=\"column-3\">Prof\u00ba Dr. MAURO SOARES ASSIS\u00a0<\/td><td class=\"column-4\">2010<\/td><td class=\"column-5\">Disserta\u00e7\u00e3o<\/td>\n<\/tr>\n<tr class=\"row-302\">\n\t<td class=\"column-1\"><a href=\"https:\/\/ppgeet.uff.br\/wp-content\/uploads\/sites\/207\/2021\/01\/Gilberto_Castro_Lima.pdf\">ESTUDO PARA TRANSMISS\u00c3O DE DADOS EM FAIXA LARGA SOBRE REDES DE ENERGIA EL\u00c9TRICA<\/a><\/td><td class=\"column-2\">GILBERTO CASTRO LIMA\u00a0<\/td><td class=\"column-3\">Prof\u00ba Dr.\u00a0MAURO SOARES ASSIS\u00a0<\/td><td class=\"column-4\">2010<\/td><td class=\"column-5\">Disserta\u00e7\u00e3o<\/td>\n<\/tr>\n<tr class=\"row-303\">\n\t<td class=\"column-1\"><a href=\"https:\/\/ppgeet.uff.br\/wp-content\/uploads\/sites\/207\/2021\/01\/Raphael_Ruiz_Martins.pdf\">UMA ESTRAT\u00c9GIA DE MONITORAMENTO DO TR\u00c1FEGO DE REDES BASEADA EM NETFLOW\/PFIX<\/a><\/td><td class=\"column-2\">RAPHAEL RUIZ MARTINS\u00a0<\/td><td class=\"column-3\">Prof\u00ba Dr. LUIZ CLAUDIO SCHARA MAGALH\u00c3ES\u00a0<\/td><td class=\"column-4\">2010<\/td><td class=\"column-5\">Disserta\u00e7\u00e3o<\/td>\n<\/tr>\n<tr class=\"row-304\">\n\t<td class=\"column-1\"><a href=\"https:\/\/ppgeet.uff.br\/wp-content\/uploads\/sites\/207\/2021\/01\/Arthur_Cabral_Fernandes_Guerrante_Gomes.pdf\">CONECTIVIDADE PARA UTILIZA\u00c7\u00c3O DE LAPTOPS EDUCACIONAIS<\/a><\/td><td class=\"column-2\">ARTHUR CABRAL FERNANDES GUERRANTE GOMES<\/td><td class=\"column-3\">Prof\u00ba Dr. LUIZ CLAUDIO SCHARA MAGALH\u00c3ES<\/td><td class=\"column-4\">2010<\/td><td class=\"column-5\">Disserta\u00e7\u00e3o<\/td>\n<\/tr>\n<tr class=\"row-305\">\n\t<td class=\"column-1\"><a href=\"https:\/\/ppgeet.uff.br\/wp-content\/uploads\/sites\/207\/2021\/01\/William_David_Mercado_Echenique.pdf\">BEST PLACE: UMA FERRAMENTA LIVRE PARA DESENVOLVIMENTO DE SITE SURVEY<\/a><\/td><td class=\"column-2\">WILLIAM DAVID MERCADO ECHENIQUE<\/td><td class=\"column-3\">Prof\u00ba Dr. LUIZ CLAUDIO SCHARA MAGALH\u00c3ES<\/td><td class=\"column-4\">2010<\/td><td class=\"column-5\">Disserta\u00e7\u00e3o<\/td>\n<\/tr>\n<tr class=\"row-306\">\n\t<td class=\"column-1\">\u00a0AN\u00c1LISE COMPARATIVA DE MODELOS DE PREVIS\u00c3O DE COBERTURA NA FAIXA DE 3,5 GHz PARA SISTEMAS CELULARES<\/td><td class=\"column-2\">PAULA PEREIRA DIAS<\/td><td class=\"column-3\">Prof\u00ba Dr.\u00a0JULIO CESAR RODRIGUES DAL BELLO\u00a0<\/td><td class=\"column-4\">2010<\/td><td class=\"column-5\">Disserta\u00e7\u00e3o<\/td>\n<\/tr>\n<tr class=\"row-307\">\n\t<td class=\"column-1\">APLICA\u00c7\u00c3O DE M\u00c9TODOS PARA AN\u00c1LISE DE DADOS EM SISTEMAS DE COMUNICA\u00c7\u00d5ES M\u00d3VEIS<\/td><td class=\"column-2\">ORLANDO GEA<\/td><td class=\"column-3\">Prof\u00ba Dr.\u00a0JULIO CESAR RODRIGUES DAL BELLO<\/td><td class=\"column-4\">2010<\/td><td class=\"column-5\">Disserta\u00e7\u00e3o<\/td>\n<\/tr>\n<tr class=\"row-308\">\n\t<td class=\"column-1\"><a href=\"https:\/\/ppgeet.uff.br\/wp-content\/uploads\/sites\/207\/2021\/01\/Pedro_Armando_Vieira.pdf\">AN\u00c1LISE DA RESPOSTA EM BANDA ESTREITA DE UM CANAL MAR\u00cdTIMO NA FAIXA DE 3,5 GHz<\/a><\/td><td class=\"column-2\">PEDRO ARMANDO VIEIRA<\/td><td class=\"column-3\">Prof\u00ba Dr.\u00a0JULIO CESAR RODRIGUES DAL BELLO<\/td><td class=\"column-4\">2010<\/td><td class=\"column-5\">Disserta\u00e7\u00e3o<\/td>\n<\/tr>\n<tr class=\"row-309\">\n\t<td class=\"column-1\"><a href=\"https:\/\/ppgeet.uff.br\/wp-content\/uploads\/sites\/207\/2021\/01\/Onesimo_Ferreira.pdf\">AN\u00c1LISE DO DESEMPENHO DA TECNOLOGIA OFDM PARA OS SISTEMAS M\u00d3VEIS DE QUARTA GERA\u00c7\u00c3O - INFLU\u00caNCIA DA DENSIDADE DE PILOTOS NO DESEMPENHO DO SISTEMA OFDM<\/a><\/td><td class=\"column-2\">ON\u00c9SIMO FERREIRA<\/td><td class=\"column-3\">Prof\u00ba Dr.\u00a0EDUARDO RODRIGUES VALE\u00a0<\/td><td class=\"column-4\">2010<\/td><td class=\"column-5\">Disserta\u00e7\u00e3o<\/td>\n<\/tr>\n<tr class=\"row-310\">\n\t<td class=\"column-1\"><a href=\"https:\/\/ppgeet.uff.br\/wp-content\/uploads\/sites\/207\/2021\/01\/Tiago_Francisco_Barros_Cavalcante.pdf\">UM ESTUDO COMPARATIVO ENTRE BPSK E QAM, UTILIZANDO OFDM, COM APLICA\u00c7\u00c3O AOS SISTEMAS M\u00d3VEIS DE QUARTA GERA\u00c7\u00c3O<\/a><\/td><td class=\"column-2\">TIAGO FRANCISCO BARROS CAVALCANTE<\/td><td class=\"column-3\">Prof\u00ba Dr.\u00a0EDUARDO RODRIGUES VALE\u00a0<\/td><td class=\"column-4\">2010<\/td><td class=\"column-5\">Disserta\u00e7\u00e3o<\/td>\n<\/tr>\n<tr class=\"row-311\">\n\t<td class=\"column-1\">UMA CONTRIBUI\u00c7\u00c3O PARA A CARACTERIZA\u00c7\u00c3O DO SINAL DE VOZ ENVELHECIDA<\/td><td class=\"column-2\">MARCO AUR\u00c9LIO BOTELHO DA SILVA<\/td><td class=\"column-3\">Prof\u00ba Dr. EDSON LUIZ CATALDO FERREIRA<\/td><td class=\"column-4\">2010<\/td><td class=\"column-5\">Disserta\u00e7\u00e3o<\/td>\n<\/tr>\n<tr class=\"row-312\">\n\t<td class=\"column-1\">\u00a0CIDADE DIGITAIS: UMA METODOLOGIA PARA IMPLANTA\u00c7\u00c3O<\/td><td class=\"column-2\">LUIZ EDUARDO FONTES MELLO DE ALMEIDA\u00a0<\/td><td class=\"column-3\">Prof\u00ba Dr. CARLOS ALBERTO MALCHER BASTOS\u00a0<\/td><td class=\"column-4\">2010<\/td><td class=\"column-5\">Disserta\u00e7\u00e3o<\/td>\n<\/tr>\n<tr class=\"row-313\">\n\t<td class=\"column-1\"><a href=\"https:\/\/ppgeet.uff.br\/wp-content\/uploads\/sites\/207\/2021\/01\/Alex_Galhano_Robertson.pdf\">\u00a0IMPLANTANDO UM SERVI\u00c7O DE TELEFONIA IP EM EMPRESAS DE M\u00c9DIO E GRANDE PORTE<\/a><\/td><td class=\"column-2\">ALEX GALHANO ROBERTSON<\/td><td class=\"column-3\">Prof\u00ba Dr. CARLOS ALBERTO MALCHER BASTOS<\/td><td class=\"column-4\">2010<\/td><td class=\"column-5\">Disserta\u00e7\u00e3o<\/td>\n<\/tr>\n<tr class=\"row-314\">\n\t<td class=\"column-1\">ESTUDO, CARACTERIZA\u00c7\u00c3O, CONTROLE E MEDIDAS DA PMD PARA REDES DE ALTA CAPACIDADE\u00a0\u00a0<\/td><td class=\"column-2\">RAFAEL AUAD CARDOSO<\/td><td class=\"column-3\">Prof\u00ba Dr. ANDR\u00c9S PABLO LOPES BARBERO\u00a0<\/td><td class=\"column-4\">2010<\/td><td class=\"column-5\">Disserta\u00e7\u00e3o<\/td>\n<\/tr>\n<tr class=\"row-315\">\n\t<td class=\"column-1\"><a href=\"https:\/\/ppgeet.uff.br\/wp-content\/uploads\/sites\/207\/2021\/01\/Joao_Alfredo_Cal_Braz.pdf\">\u00a0M\u00c1QUINA DE VETOR DE RELEV\u00c2NCIA APLICADA \u00c0 ESTIMA\u00c7\u00c3O DO CANAL MULTIPERCURSO FAIXA-LARGA<\/a><\/td><td class=\"column-2\">JO\u00c3O ALFREDO CAL BRAZ<\/td><td class=\"column-3\">Prof\u00aa Dr\u00aa LENI JOAQUIM DE MATOS<\/td><td class=\"column-4\">2010<\/td><td class=\"column-5\">Disserta\u00e7\u00e3o<\/td>\n<\/tr>\n<tr class=\"row-316\">\n\t<td class=\"column-1\"><a href=\"https:\/\/ppgeet.uff.br\/wp-content\/uploads\/sites\/207\/2021\/01\/Jean_Ribeiro_Damasceno.pdf\">EDITEC: EDITOR GR\u00c1FICO DE TEMPLATES DE COMPOSI\u00c7\u00c3O PARA FACILITAR A AUTORIA DE APLICA\u00c7\u00d5ES NCL PARA TV DIGITAL INTERATIVA<\/a><\/td><td class=\"column-2\">JEAN RIBEIRO DAMASCENO\u00a0<\/td><td class=\"column-3\">Prof\u00aa Dr\u00aa D\u00c9BORA CHRISTINA MUCHALUAT SAADE\u00a0<\/td><td class=\"column-4\">2010<\/td><td class=\"column-5\">Disserta\u00e7\u00e3o<\/td>\n<\/tr>\n<tr class=\"row-317\">\n\t<td class=\"column-1\"><a href=\"https:\/\/ppgeet.uff.br\/wp-content\/uploads\/sites\/207\/2021\/01\/Livia_Ferreira_Gerk.pdf\">PROVIS\u00c3O DE QOS EM RDES DE MALHAS SEM FIO BASEADA NO PADR\u00c3O IEEE 802.E<\/a><\/td><td class=\"column-2\">LIVIA FERREIRA GERK<\/td><td class=\"column-3\">Prof\u00aa Dr\u00aa D\u00c9BORA CHRISTINA MUCHALUAT SAADE<\/td><td class=\"column-4\">2010<\/td><td class=\"column-5\">Disserta\u00e7\u00e3o<\/td>\n<\/tr>\n<tr class=\"row-318\">\n\t<td class=\"column-1\">\u00a0REDU\u00c7\u00c3O DO DESCASAMENTO DE POLARIZA\u00c7\u00c3O EM SISTEMAS COM DESVANECIMENTO MULTIPERCURSO<\/td><td class=\"column-2\">PEDRO LEPSCH MALLET LIMA\u00a0<\/td><td class=\"column-3\">Prof. Dr. EDUARDO RODRIGUES VALE\u00a0\u00a0<\/td><td class=\"column-4\">2010<\/td><td class=\"column-5\">Disserta\u00e7\u00e3o<\/td>\n<\/tr>\n<tr class=\"row-319\">\n\t<td class=\"column-1\"><a href=\"https:\/\/ppgeet.uff.br\/wp-content\/uploads\/sites\/207\/2021\/01\/Luiz_Anet_Neto.pdf\">\u00a0TRANSMISS\u00c3O DE SINAIS COM OFDM ATRAV\u00c9S DE FIBRAS \u00d3PTICAS POLIM\u00c9RICAS (POFs) UTILIZANDO LEDs DE ILUMINA\u00c7\u00c3O<\/a><\/td><td class=\"column-2\">LUIZ ANET NETO\u00a0<\/td><td class=\"column-3\">Prof\u00ba Dr. RICARDO MARQUES RIBEIRO<\/td><td class=\"column-4\">2009<\/td><td class=\"column-5\">Disserta\u00e7\u00e3o<\/td>\n<\/tr>\n<tr class=\"row-320\">\n\t<td class=\"column-1\"><a href=\"https:\/\/ppgeet.uff.br\/wp-content\/uploads\/sites\/207\/2021\/01\/Odair_Da_Silva_Chavier.pdf\">DESENVOLVIMENTO DE UMA SONDA OPTOELETR\u00d4NICA PARA HF-VHF COM COMPENSA\u00c7\u00c3O DA VARIA\u00c7\u00c3O DA ATENUA\u00c7\u00c3O NO ENLACE DE FIBRA \u00d3PTICA PL\u00c1STICA<\/a><\/td><td class=\"column-2\">ODAIR DA SILVA XAVIER\u00a0<\/td><td class=\"column-3\">Prof\u00ba Dr. RICARDO MARQUES RIBEIRO<\/td><td class=\"column-4\">2009<\/td><td class=\"column-5\">Disserta\u00e7\u00e3o<\/td>\n<\/tr>\n<tr class=\"row-321\">\n\t<td class=\"column-1\"><a href=\"https:\/\/ppgeet.uff.br\/wp-content\/uploads\/sites\/207\/2021\/01\/Elaine_Da_Cunha_Cury.pdf\">\u00a0A TECNOLOGIA WIMAX NO BRASIL E SEUS ASPECTOS REGULAT\u00d3RIOS<\/a><\/td><td class=\"column-2\">ELAINE DA CUNHA CURY<\/td><td class=\"column-3\">Prof\u00ba Dr. MAURO SOARES ASSIS<\/td><td class=\"column-4\">2009<\/td><td class=\"column-5\">Disserta\u00e7\u00e3o<\/td>\n<\/tr>\n<tr class=\"row-322\">\n\t<td class=\"column-1\"><a href=\"https:\/\/ppgeet.uff.br\/wp-content\/uploads\/sites\/207\/2021\/01\/Domenico_Savio_Gomes_De_Araujo.pdf\">\u00a0AN\u00c1LISE DA EFICI\u00caNCIA DOS M\u00c9TODOS DE R\u00c1DIO-LOCALIZA\u00c7\u00c3O IMPLEMENTADOS EM SISTEMAS CELULARES<\/a><\/td><td class=\"column-2\">DOM\u00caNICO S\u00c1VIO GOMES DE ARA\u00daJO\u00a0<\/td><td class=\"column-3\">Prof\u00ba Dr. LUIZ CLAUDIO SCHARA MAGALH\u00c3ES<\/td><td class=\"column-4\">2009<\/td><td class=\"column-5\">Disserta\u00e7\u00e3o<\/td>\n<\/tr>\n<tr class=\"row-323\">\n\t<td class=\"column-1\"><a href=\"https:\/\/ppgeet.uff.br\/wp-content\/uploads\/sites\/207\/2021\/01\/Raphael_Ramos_Galvao.pdf\">\u00a0DESENVOLVIMENTO TE\u00d3RICO E SIMULA\u00c7\u00c3O COMPUTACIONAL DE UM MODELO DIRETIVO PARA PREDI\u00c7\u00c3O DOS N\u00cdVEIS DE RADIA\u00c7\u00c3O N\u00c3O IONIZANTE GERADA POR SISTEMAS CELULARES EM LOCAIS\u00a0<\/a><\/td><td class=\"column-2\">RAPHAEL RAMOS GALV\u00c3O<\/td><td class=\"column-3\">Prof\u00ba Dr.\u00a0JULIO CESAR RODRIGUES DAL BELLO\u00a0<\/td><td class=\"column-4\">2009<\/td><td class=\"column-5\">Disserta\u00e7\u00e3o<\/td>\n<\/tr>\n<tr class=\"row-324\">\n\t<td class=\"column-1\"><a href=\"https:\/\/ppgeet.uff.br\/wp-content\/uploads\/sites\/207\/2021\/01\/Jose_Roberto_Paula_Siqueira.pdf\">\u00a0AN\u00c1LISE DOS MODELOS DE PREVIS\u00c3O DE COBERTURA NA FAIXA DE 3,5 GHz UTILIZADOS NOS SISTEMAS WIMAX<\/a><\/td><td class=\"column-2\">JOS\u00c9 ROBERTO PAULA SIQUEIRA<\/td><td class=\"column-3\">Prof\u00ba Dr.\u00a0JULIO CESAR RODRIGUES DAL BELLO<\/td><td class=\"column-4\">2009<\/td><td class=\"column-5\">Disserta\u00e7\u00e3o<\/td>\n<\/tr>\n<tr class=\"row-325\">\n\t<td class=\"column-1\">\u00a0<a href=\"https:\/\/ppgeet.uff.br\/wp-content\/uploads\/sites\/207\/2021\/01\/Leonardo_Alfredo_Forero_Mendonza.pdf\">REDES NEURAIS E M\u00c1QUINAS DE VETORES DE SUPORTE NO RECONHECIMENTO DE LOCUTOR USANDO COEFICIENTES MFC E CARACTER\u00cdSTICAS DO SINAL GLOBAL\u00a0<\/a><\/td><td class=\"column-2\">LEONARDO ALFREDO FORERO MENDOZA<\/td><td class=\"column-3\">Prof\u00ba Dr. EDSON LUIZ CATALDO FERREIRA<\/td><td class=\"column-4\">2009<\/td><td class=\"column-5\">Disserta\u00e7\u00e3o<\/td>\n<\/tr>\n<tr class=\"row-326\">\n\t<td class=\"column-1\"><a href=\"https:\/\/ppgeet.uff.br\/wp-content\/uploads\/sites\/207\/2021\/01\/Marcelo_De_Souza_Freitas.pdf\">\u00a0A QUALIDADE DA VOZ EM SISTEMAS DE TELECOMUNICA\u00c7\u00d5ES<\/a><\/td><td class=\"column-2\">MARCELO DE SOUZA FREITAS<\/td><td class=\"column-3\">Prof\u00ba Dr. EDSON LUIZ CATALDO FERREIRA<\/td><td class=\"column-4\">2009<\/td><td class=\"column-5\">Disserta\u00e7\u00e3o<\/td>\n<\/tr>\n<tr class=\"row-327\">\n\t<td class=\"column-1\"><a href=\"https:\/\/ppgeet.uff.br\/wp-content\/uploads\/sites\/207\/2021\/01\/Renato_Hofmeister_Antoniazzi.pdf\">\u00a0UMA PROPOSTA PARA DEFINI\u00c7\u00c3O DE UMA RELA\u00c7\u00c3O PRIORIZADA DE PROJETOS PARA SEREM IMPLANTADOS POR UMA OPERADORA DE TELECOMUNICA\u00c7\u00d5ES<\/a><\/td><td class=\"column-2\">RENATO HOFMEISTER ANTONIAZZI<\/td><td class=\"column-3\">Prof\u00ba Dr. CARLOS ALBERTO MALCHER BASTOS<\/td><td class=\"column-4\">2009<\/td><td class=\"column-5\">Disserta\u00e7\u00e3o<\/td>\n<\/tr>\n<tr class=\"row-328\">\n\t<td class=\"column-1\"><a href=\"https:\/\/ppgeet.uff.br\/wp-content\/uploads\/sites\/207\/2021\/01\/Vinicius_Nunes_Henrique_Silva.pdf\">\u00a0DESENVOLVIMENTO EXPERIMENTAL DE UMA NOVA T\u00c9CNICA PARA A MEDI\u00c7\u00c3O DA TURBUL\u00caNCIA ATMOSF\u00c9RICA, EM ENLACES \u00d3PTICOS HORIZONTAIS NO ESPA\u00c7O LIVRE<\/a><\/td><td class=\"column-2\">VINICIUS NUNES HENRIQUE SILVA<\/td><td class=\"column-3\">Prof\u00ba Dr. ANDR\u00c9S PABLO LOPES BARBERO\u00a0<\/td><td class=\"column-4\">2009<\/td><td class=\"column-5\">Disserta\u00e7\u00e3o<\/td>\n<\/tr>\n<tr class=\"row-329\">\n\t<td class=\"column-1\"><a href=\"https:\/\/ppgeet.uff.br\/wp-content\/uploads\/sites\/207\/2021\/01\/Fabio_Alexandre_Leal_Da_Silva.pdf\">\u00a0MODELO AUTO-REGRESSIVO APLICADO NA SIMULA\u00c7\u00c3O DE UM CANAL R\u00c1DIO PARA SINAIS UWB<\/a><\/td><td class=\"column-2\">F\u00c1BIO ALEXANDRE LEAL DA SILVA\u00a0<\/td><td class=\"column-3\">Prof\u00aa Dr\u00aa LENI JOAQUIM DE MATOS<\/td><td class=\"column-4\">2009<\/td><td class=\"column-5\">Disserta\u00e7\u00e3o<\/td>\n<\/tr>\n<tr class=\"row-330\">\n\t<td class=\"column-1\"><a href=\"https:\/\/ppgeet.uff.br\/wp-content\/uploads\/sites\/207\/2021\/01\/Frederico_Fernandes_Neves.pdf\">\u00a0CARACTERIZA\u00c7\u00c3O DO CANAL RADIOM\u00d3VEL EM UM AMBIENTE DE VEGETA\u00c7\u00c3O<\/a><\/td><td class=\"column-2\">FREDERICO FERNANDES NEVES<\/td><td class=\"column-3\">Prof\u00aa Dr\u00aa LENI JOAQUIM DE MATOS<\/td><td class=\"column-4\">2009<\/td><td class=\"column-5\">Disserta\u00e7\u00e3o<\/td>\n<\/tr>\n<tr class=\"row-331\">\n\t<td class=\"column-1\">\u00a0TC MESH: UMA FERRAMENTA DE GER\u00caNCIA DE QUALIDADE DE SERVI\u00c7O PARA REDES EM MALHA SEM FIO<\/td><td class=\"column-2\">BRUNO LIMA WANDERLEY<\/td><td class=\"column-3\">Prof\u00aa Dr\u00aa D\u00c9BORA CHRISTINA MUCHALUAT SAADE\u00a0<\/td><td class=\"column-4\">2009<\/td><td class=\"column-5\">Disserta\u00e7\u00e3o<\/td>\n<\/tr>\n<tr class=\"row-332\">\n\t<td class=\"column-1\"><a href=\"https:\/\/ppgeet.uff.br\/wp-content\/uploads\/sites\/207\/2021\/01\/Cesar_Henrique_Pereira_Ribeiro.pdf\">ADPTA\u00c7\u00c3O DO MECANISMO DE CONTROLE DE CONGESTIONAMENTO TRFC DO PROTOCOLO DE TRANSPORTE DCCP<\/a><\/td><td class=\"column-2\">CESAR HENRIQUE PEREIRA RIBEIRO<\/td><td class=\"column-3\">Prof\u00aa Dr\u00aa D\u00c9BORA CHRISTINA MUCHALUAT SAADE\u00a0<\/td><td class=\"column-4\">2009<\/td><td class=\"column-5\">Disserta\u00e7\u00e3o<\/td>\n<\/tr>\n<tr class=\"row-333\">\n\t<td class=\"column-1\">\u00a0<a href=\"https:\/\/ppgeet.uff.br\/wp-content\/uploads\/sites\/207\/2021\/01\/Marcus_Vinicius_De_Almeida_Ferreira.pdf\">CLASSIFICA\u00c7\u00c3O DE FLUXOS DE VOZ BASEADA NA IMPORT\u00c2NCIA DA CHAMADA<\/a><\/td><td class=\"column-2\">MARCUS VIN\u00cdCIUS DE ALMEIDA FERREIRA\u00a0<\/td><td class=\"column-3\">Prof\u00aa Dr\u00aa D\u00c9BORA CHRISTINA MUCHALUAT SAADE<\/td><td class=\"column-4\">2009<\/td><td class=\"column-5\">Disserta\u00e7\u00e3o<\/td>\n<\/tr>\n<tr class=\"row-334\">\n\t<td class=\"column-1\"><a href=\"https:\/\/ppgeet.uff.br\/wp-content\/uploads\/sites\/207\/2021\/01\/Athayde_Licerio_Viera_Frauche.pdf\">\u00a0COMPRESS\u00c3O DE SINAIS DE RADARES METEOROL\u00d3GICOS USANDO O ALGORITMO MMP (MULTIDIMENSIONAL MULTISCALE PARSER)<\/a><\/td><td class=\"column-2\">ATHAYDE LIC\u00c9RIO VIEIRA FRAUCHE<\/td><td class=\"column-3\">Prof\u00ba Dr. MURILO BRESCIANI DE CARVALHO<\/td><td class=\"column-4\">2008<\/td><td class=\"column-5\">Disserta\u00e7\u00e3o<\/td>\n<\/tr>\n<tr class=\"row-335\">\n\t<td class=\"column-1\"><a href=\"https:\/\/ppgeet.uff.br\/wp-content\/uploads\/sites\/207\/2021\/01\/Valdileide_Freire_De_Araujo.pdf\">\u00a0TRANSMISS\u00c3O DIGITAL EM HF<\/a><\/td><td class=\"column-2\">VALDILEIDE FREIRE DE ARAUJO<\/td><td class=\"column-3\">Prof\u00ba Dr. MAURO SOARES ASSIS<\/td><td class=\"column-4\">2008<\/td><td class=\"column-5\">Disserta\u00e7\u00e3o<\/td>\n<\/tr>\n<tr class=\"row-336\">\n\t<td class=\"column-1\"><a href=\"https:\/\/ppgeet.uff.br\/wp-content\/uploads\/sites\/207\/2021\/01\/Wilyam_David_Torres_Meza.pdf\">\u00a0AN\u00c1LISE POR SIMULA\u00c7\u00c3O DO PADR\u00c3O CDMA IS - 95<\/a><\/td><td class=\"column-2\">WILYAM DAVID TORRES MEZA<\/td><td class=\"column-3\">Prof\u00ba Dr. MAURO SOARES ASSIS<\/td><td class=\"column-4\">2008<\/td><td class=\"column-5\">Disserta\u00e7\u00e3o<\/td>\n<\/tr>\n<tr class=\"row-337\">\n\t<td class=\"column-1\"><a href=\"https:\/\/ppgeet.uff.br\/wp-content\/uploads\/sites\/207\/2021\/01\/Ricardo_Campanha_Carrano.pdf\">\u00a0IMPROVING THE SCALABILITY AND RELAIBILITY OF THE XO MESH NETWORK<\/a><\/td><td class=\"column-2\">RICARDO CAMPANHA CARRANO<\/td><td class=\"column-3\">Prof\u00ba Dr. LUIZ CLAUDIO SCHARA MAGALH\u00c3ES\u00a0<\/td><td class=\"column-4\">2008<\/td><td class=\"column-5\">Disserta\u00e7\u00e3o<\/td>\n<\/tr>\n<tr class=\"row-338\">\n\t<td class=\"column-1\"><a href=\"https:\/\/ppgeet.uff.br\/wp-content\/uploads\/sites\/207\/2021\/01\/Antonio_Abilio_Da_Costa_Coutinho.pdf\">\u00a0M\u00d3DULO DE SOBREVIV\u00caNCIA PARA N\u00d3S DE REDES MESH SEM FIO COM M\u00daLTIPLOS SALTOS<\/a><\/td><td class=\"column-2\">ANTONIO AB\u00cdLIO DA COSTA COUTINHO\u00a0<\/td><td class=\"column-3\">Prof\u00ba Dr. LUIZ CLAUDIO SCHARA MAGALH\u00c3ES<\/td><td class=\"column-4\">2008<\/td><td class=\"column-5\">Disserta\u00e7\u00e3o<\/td>\n<\/tr>\n<tr class=\"row-339\">\n\t<td class=\"column-1\"><a href=\"https:\/\/ppgeet.uff.br\/wp-content\/uploads\/sites\/207\/2021\/01\/Eduardo_Mendes_Tavares.pdf\">\u00a0UM ESTUDO DE VOZ SOBRE IP EM REDES EM MALHA 802.11<\/a><\/td><td class=\"column-2\">EDUARDO MENDES TAVARES<\/td><td class=\"column-3\">Prof\u00ba Dr. LUIZ CLAUDIO SCHARA MAGALH\u00c3ES<\/td><td class=\"column-4\">2008<\/td><td class=\"column-5\">Disserta\u00e7\u00e3o<\/td>\n<\/tr>\n<tr class=\"row-340\">\n\t<td class=\"column-1\"><a href=\"https:\/\/ppgeet.uff.br\/wp-content\/uploads\/sites\/207\/2021\/01\/Luiz_Carlos_Figueira_Nogueira.pdf\">\u00a0AN\u00c1LISE DE MEDIDAS DE SISTEMAS MIMO NA FREQU\u00caNCIA DE 2,4 GHz EM AMBIENTES INTERNOS E EXTERNOS<\/a><\/td><td class=\"column-2\">LUIZ CARLOS FIGUEIRA NOGUEIRA\u00a0<\/td><td class=\"column-3\">Prof\u00ba Dr. JULIO CESAR RODRIGUES DAL BELLO<\/td><td class=\"column-4\">2008<\/td><td class=\"column-5\">Disserta\u00e7\u00e3o<\/td>\n<\/tr>\n<tr class=\"row-341\">\n\t<td class=\"column-1\"><a href=\"https:\/\/ppgeet.uff.br\/wp-content\/uploads\/sites\/207\/2021\/01\/Juliano_Santiago_De_Mattos.pdf\">\u00a0UM ESTUDO COMPARATIVO ENTRE O SINAL ELETROGLOTOGRAFICO E O SINAL DE VOZ<\/a><\/td><td class=\"column-2\">JULIANO SANTIAGO DE MATTOS<\/td><td class=\"column-3\">Prof\u00ba Dr. EDSON LUIIZ CATALDO FERREIRA<\/td><td class=\"column-4\">2008<\/td><td class=\"column-5\">Disserta\u00e7\u00e3o<\/td>\n<\/tr>\n<tr class=\"row-342\">\n\t<td class=\"column-1\"><a href=\"https:\/\/ppgeet.uff.br\/wp-content\/uploads\/sites\/207\/2021\/01\/Alexsandro_Barbosa_Paes.pdf\">\u00a0UMA ABORDAGEM PRAGM\u00c1TICA PARA AN\u00c1LISE E PROJETO DE REDES WAN<\/a><\/td><td class=\"column-2\">ALEXSANDRO BARBOSA PAES\u00a0<\/td><td class=\"column-3\">Prof\u00ba Dr. CARLOS ALBERTO MALCHER BASTOS<\/td><td class=\"column-4\">2008<\/td><td class=\"column-5\">Disserta\u00e7\u00e3o<\/td>\n<\/tr>\n<tr class=\"row-343\">\n\t<td class=\"column-1\"><a href=\"https:\/\/ppgeet.uff.br\/wp-content\/uploads\/sites\/207\/2021\/01\/Michele_Perpetuo_Chequetto_Hemerly_Bastos.pdf\">\u00a0SCGT- UM CONCEITO DE GERA\u00c7\u00c3O DE TR\u00c1FEGO DISTRIBU\u00cdDO<\/a><\/td><td class=\"column-2\">MICHELE PERPETUO CHEQUETTO HEMERLY BASTOS<\/td><td class=\"column-3\">Prof\u00ba Dr. CARLOS ALBERTO MALCHER BASTOS<\/td><td class=\"column-4\">2008<\/td><td class=\"column-5\">Disserta\u00e7\u00e3o<\/td>\n<\/tr>\n<tr class=\"row-344\">\n\t<td class=\"column-1\"><a href=\"https:\/\/ppgeet.uff.br\/wp-content\/uploads\/sites\/207\/2021\/01\/Edilson_Da_Silva.pdf\">\u00a0SIMULADOR WDM PARA AN\u00c1LISE DAS PENALIDADES IMPOSTAS POR MISTURA DE QUATRO ONDAS (FWM) EM FIBRAS \u00d3PTICAS MONOMODO SMF, DSF E NZDSF<\/a><\/td><td class=\"column-2\">EDILSON DA SILVA<\/td><td class=\"column-3\">Prof\u00aa Dr\u00aa PAULA BRAND\u00c3O HARBOE<\/td><td class=\"column-4\">2008<\/td><td class=\"column-5\">Disserta\u00e7\u00e3o<\/td>\n<\/tr>\n<tr class=\"row-345\">\n\t<td class=\"column-1\"><a href=\"https:\/\/ppgeet.uff.br\/wp-content\/uploads\/sites\/207\/2021\/01\/Carlos_Eduardo_Sales_Ferreira.pdf\">\u00a0ESTIMA\u00c7\u00c3O DE CANAIS R\u00c1DIO M\u00d3VEIS POR INTERM\u00c9DIO DE SONDAS EMPREGANDO EQUALIZADORES ADAPTATIVOS<\/a><\/td><td class=\"column-2\">CARLOS EDUARDO SALLES FERREIRA\u00a0<\/td><td class=\"column-3\">Prof\u00aa Dr\u00aa LENI JOAQUIM DE MATOS\u00a0<\/td><td class=\"column-4\">2008<\/td><td class=\"column-5\">Disserta\u00e7\u00e3o<\/td>\n<\/tr>\n<tr class=\"row-346\">\n\t<td class=\"column-1\"><a href=\"https:\/\/ppgeet.uff.br\/wp-content\/uploads\/sites\/207\/2021\/01\/Carolina_Medeiros_Carvalho.pdf\">UM ESTUDO SOBRE R\u00c1DIOS DE SOFTWARE<\/a><\/td><td class=\"column-2\">CAROLINA MEDEIROS CARVALHO<\/td><td class=\"column-3\">Prof\u00ba Dr. LUIZ PINTO DE CARVALHO<\/td><td class=\"column-4\">2007<\/td><td class=\"column-5\">Disserta\u00e7\u00e3o<\/td>\n<\/tr>\n<tr class=\"row-347\">\n\t<td class=\"column-1\"><a href=\"https:\/\/ppgeet.uff.br\/wp-content\/uploads\/sites\/207\/2021\/01\/Rogerio_Baptista_Convergentes.pdf\">PROTOCOLOS VoIP PARA REDES CONVERGENTES<\/a><\/td><td class=\"column-2\">ROG\u00c9RIO BAPTISTA LOUREN\u00c7O<\/td><td class=\"column-3\">Prof\u00ba Dr. LUIZ PINTO DE CARVALHO<\/td><td class=\"column-4\">2007<\/td><td class=\"column-5\">Disserta\u00e7\u00e3o<\/td>\n<\/tr>\n<tr class=\"row-348\">\n\t<td class=\"column-1\"><a href=\"https:\/\/ppgeet.uff.br\/wp-content\/uploads\/sites\/207\/2021\/01\/Antonio_Caminada.pdf\">PULL: UM NOVO MODELO PARA O TRANSPORTE DE CORREIO ELETR\u00d4NICO<\/a><\/td><td class=\"column-2\">ANTONIO CAMINADA F. DE OLIVEIRA E SILVA<\/td><td class=\"column-3\">Prof\u00ba Dr. LUIZ CLAUDIO SCHARA MAGALH\u00c3ES<\/td><td class=\"column-4\">2007<\/td><td class=\"column-5\">Disserta\u00e7\u00e3o<\/td>\n<\/tr>\n<tr class=\"row-349\">\n\t<td class=\"column-1\">APERFEI\u00c7OANDO A OPERA\u00c7\u00c3O DE REDES EM MALHA SEM FIO<\/td><td class=\"column-2\">DOUGLAS VIDAL TEIXEIRA<\/td><td class=\"column-3\">Prof\u00ba Dr. LUIZ CLAUDIO SCHARA MAGALH\u00c3ES<\/td><td class=\"column-4\">2007<\/td><td class=\"column-5\">Disserta\u00e7\u00e3o<\/td>\n<\/tr>\n<tr class=\"row-350\">\n\t<td class=\"column-1\"><a href=\"https:\/\/ppgeet.uff.br\/wp-content\/uploads\/sites\/207\/2021\/01\/Nestor_Felipe_Maya_Quintero.pdf\">MECANISMO DO KERNEL PARA O CONTROLE DE TR\u00c1FEGO E VARIA\u00c7\u00c3O DA TAXA FIMA FIM - E2E<\/a><\/td><td class=\"column-2\">NESTOR FELIPE MAYA QUINTERO<\/td><td class=\"column-3\">Prof\u00ba Dr. LUIZ CLAUDIO SCHARA MAGALH\u00c3ES<\/td><td class=\"column-4\">2007<\/td><td class=\"column-5\">Disserta\u00e7\u00e3o<\/td>\n<\/tr>\n<tr class=\"row-351\">\n\t<td class=\"column-1\"><a href=\"https:\/\/ppgeet.uff.br\/wp-content\/uploads\/sites\/207\/2021\/01\/Betania_Bussinger.pdf\">AN\u00c1LISE COMPARATIVA DOS EFEITOS BIOL\u00d3GICOS CAUSADOS POR RADIA\u00c7\u00d5ES N\u00c3O IONIZANTES NA FAIXA DE TELEFONIA CELULAR<\/a><\/td><td class=\"column-2\">BET\u00c2NIA ELISA ROCHA BUSSINGER<\/td><td class=\"column-3\">Prof\u00ba Dr.\u00a0JULIO CESAR RODRIGUES DAL BELLO<\/td><td class=\"column-4\">2007<\/td><td class=\"column-5\">Disserta\u00e7\u00e3o<\/td>\n<\/tr>\n<tr class=\"row-352\">\n\t<td class=\"column-1\"><a href=\"https:\/\/ppgeet.uff.br\/wp-content\/uploads\/sites\/207\/2021\/01\/Carlos_Daniel_Riquelme_Cuadros.pdf\">RECONHECIMENTO DE VOZ E DE LOCUTOR EM AMBIENTES RUIDOSOS: COMPARA\u00c7\u00c3O DAS T\u00c9CNICAS MFCC E ZCPA<\/a><\/td><td class=\"column-2\">CARLOS DANIEL RIQUELME CUADROS<\/td><td class=\"column-3\">Prof\u00ba Dr. EDSON LUIZ CATALDO FERREIRA<\/td><td class=\"column-4\">2007<\/td><td class=\"column-5\">Disserta\u00e7\u00e3o<\/td>\n<\/tr>\n<tr class=\"row-353\">\n\t<td class=\"column-1\"><a href=\"https:\/\/ppgeet.uff.br\/wp-content\/uploads\/sites\/207\/2021\/01\/Cesar_Augusto_De_Souza_Procopio.pdf\">MODELAGEM E PROJETOS DE AMPLIFICADORES RAMAN DISTRIBU\u00cdDOS<\/a><\/td><td class=\"column-2\">CESAR AUGUSTO DE SOUZA PROCOPIO<\/td><td class=\"column-3\">Prof\u00ba Dr. ANDR\u00c9S PABLO LOPES BARBERO<\/td><td class=\"column-4\">2007<\/td><td class=\"column-5\">Disserta\u00e7\u00e3o<\/td>\n<\/tr>\n<tr class=\"row-354\">\n\t<td class=\"column-1\">USO DE REDES MESH COMO SOLU\u00c7\u00c3O PARA O CANAL DE RETORNO DA TV DIGITAL INTERATIVA<\/td><td class=\"column-2\">ANNA VER\u00d4NICA FERNANDES RIBEIRO<\/td><td class=\"column-3\">Prof\u00aa Dr\u00aa D\u00c9BORA CHRISTINA MUCHALUAT SAADE<\/td><td class=\"column-4\">2007<\/td><td class=\"column-5\">Disserta\u00e7\u00e3o<\/td>\n<\/tr>\n<tr class=\"row-355\">\n\t<td class=\"column-1\"><a href=\"https:\/\/ppgeet.uff.br\/wp-content\/uploads\/sites\/207\/2021\/01\/Flavio_Luiz_Seixas.pdf\">SEGMENTA\u00c7\u00c3O AUTOM\u00c1TICA DE ESTRUTURAS DO ENC\u00c9FALO EM IMAGENS DE RESSON\u00c2NCIA MAGN\u00c9TICA<\/a><\/td><td class=\"column-2\">FL\u00c1VIO LUIZ SEIXAS<\/td><td class=\"column-3\">Prof\u00aa Dr\u00aa D\u00c9BORA CHRISTINA MUCHALUAT SAADE<\/td><td class=\"column-4\">2007<\/td><td class=\"column-5\">Disserta\u00e7\u00e3o<\/td>\n<\/tr>\n<tr class=\"row-356\">\n\t<td class=\"column-1\"><a href=\"https:\/\/ppgeet.uff.br\/wp-content\/uploads\/sites\/207\/2021\/01\/Fabio_Teixeira_Guerra.pdf\">PROTOCOLOS DE TRANSPORTE PARA REDES DE ALTA VELOCIDADE: UM ESTUDO COMPARATIVO<\/a><\/td><td class=\"column-2\">FABIO TEIXEIRA GUERRA<\/td><td class=\"column-3\">Prof\u00ba Dr. LUIZ CLAUDIO SCHARA MAGALH\u00c3ES<\/td><td class=\"column-4\">2006<\/td><td class=\"column-5\">Disserta\u00e7\u00e3o<\/td>\n<\/tr>\n<tr class=\"row-357\">\n\t<td class=\"column-1\"><a href=\"https:\/\/ppgeet.uff.br\/wp-content\/uploads\/sites\/207\/2021\/01\/Christiano_Freitas_De_Souza.pdf\">AN\u00c1LISE DA DISPERS\u00c3O TEMPORAL DE CANAIS DE BANDA ULTRALARGA (UWB) ATRAV\u00c9S DE MEDIDAS REALIZADAS EM AMBIENTES INTERNOS E EXTERNOS<\/a><\/td><td class=\"column-2\">CHRISTIANO FREITAS DE SOUZA<\/td><td class=\"column-3\">Prof\u00ba Dr. JULIO CESAR RODRIGUES DAL BELLO<\/td><td class=\"column-4\">2006<\/td><td class=\"column-5\">Disserta\u00e7\u00e3o<\/td>\n<\/tr>\n<tr class=\"row-358\">\n\t<td class=\"column-1\"><a href=\"https:\/\/ppgeet.uff.br\/wp-content\/uploads\/sites\/207\/2021\/01\/David_Santos_Godoy.pdf\">SIMULADOR WDM EM FIBRA \u00d3PTICA DISPERSIVA, N\u00c3O-LINEAR E COM PERDAS<\/a><\/td><td class=\"column-2\">DAVID SANTOS GODOY<\/td><td class=\"column-3\">Prof\u00aa Dr\u00aa PAULA BRAND\u00c3O HARBOE<\/td><td class=\"column-4\">2006<\/td><td class=\"column-5\">Disserta\u00e7\u00e3o<\/td>\n<\/tr>\n<\/tbody>\n<\/table>\n<\/div>\n<\/p><\/div>\n<\/p><\/div>\n<\/p><\/div>\n<\/p><\/div>\n<\/p><\/div>\n<\/p><\/div>\n<\/p><\/div>\n<\/p><\/div>\n<\/div>\n","protected":false},"excerpt":{"rendered":"<p>Thesis repository<\/p>\n","protected":false},"author":123500,"featured_media":0,"parent":0,"menu_order":0,"comment_status":"closed","ping_status":"closed","template":"","meta":{"_et_pb_use_builder":"","_et_pb_old_content":"","_et_gb_content_width":"","_exactmetrics_skip_tracking":false,"_exactmetrics_sitenote_active":false,"_exactmetrics_sitenote_note":"","_exactmetrics_sitenote_category":0,"footnotes":""},"categories":[],"tags":[],"class_list":["post-3322","page","type-page","status-publish","hentry"],"_links":{"self":[{"href":"https:\/\/ppgeet.uff.br\/index.php\/wp-json\/wp\/v2\/pages\/3322","targetHints":{"allow":["GET"]}}],"collection":[{"href":"https:\/\/ppgeet.uff.br\/index.php\/wp-json\/wp\/v2\/pages"}],"about":[{"href":"https:\/\/ppgeet.uff.br\/index.php\/wp-json\/wp\/v2\/types\/page"}],"author":[{"embeddable":true,"href":"https:\/\/ppgeet.uff.br\/index.php\/wp-json\/wp\/v2\/users\/123500"}],"replies":[{"embeddable":true,"href":"https:\/\/ppgeet.uff.br\/index.php\/wp-json\/wp\/v2\/comments?post=3322"}],"version-history":[{"count":4,"href":"https:\/\/ppgeet.uff.br\/index.php\/wp-json\/wp\/v2\/pages\/3322\/revisions"}],"predecessor-version":[{"id":9839,"href":"https:\/\/ppgeet.uff.br\/index.php\/wp-json\/wp\/v2\/pages\/3322\/revisions\/9839"}],"wp:attachment":[{"href":"https:\/\/ppgeet.uff.br\/index.php\/wp-json\/wp\/v2\/media?parent=3322"}],"wp:term":[{"taxonomy":"category","embeddable":true,"href":"https:\/\/ppgeet.uff.br\/index.php\/wp-json\/wp\/v2\/categories?post=3322"},{"taxonomy":"post_tag","embeddable":true,"href":"https:\/\/ppgeet.uff.br\/index.php\/wp-json\/wp\/v2\/tags?post=3322"}],"curies":[{"name":"wp","href":"https:\/\/api.w.org\/{rel}","templated":true}]}}